{"id":8779,"date":"2022-06-09T13:21:21","date_gmt":"2022-06-09T12:21:21","guid":{"rendered":"https:\/\/www.auditionsolidarite.org\/mission-humanitaire-republique-dominicaine-2019-copy\/"},"modified":"2022-06-09T13:22:29","modified_gmt":"2022-06-09T12:22:29","slug":"mission-humanitaire-republique-dominicaine-2019-copy","status":"publish","type":"page","link":"https:\/\/www.auditionsolidarite.org\/fr\/mission-humanitaire-republique-dominicaine-2019-copy\/","title":{"rendered":"Mission Humanitaire en R\u00e9publique dominicaine &#8211; Hato Mayor 2021"},"content":{"rendered":"<b>Apr\u00e8s un 1er passage en avril-mai 2019 et une pause forc\u00e9e de plus de deux ans, AuditionSolidarit\u00e9 \u00e9tait de retour pour son plus grand bonheur en R\u00e9publique dominicaine du 11 au 20 novembre 2021. <\/b><b><b><b><br \/>\n<\/b><\/b><b><br \/>\n<\/b><\/b><\/p>\n<p>Format particulier pour cette mission en R\u00e9publique dominicaine o\u00f9 AuditionSolidarit\u00e9 travaille conjointement avec l&#8217;association dominicaine Oir Para Vivir pour accueillir et appareiller \u00e0 Hato Mayor les enfants sourds et malentendants de 8 \u00e9coles diff\u00e9rentes. <b><br \/>\n<\/b><b><br \/>\n<\/b>Outre l&#8217;appareillage de 108 nouveaux \u00e9l\u00e8ves et le suivi de 89 enfants d\u00e9j\u00e0 appareill\u00e9s en 2019, AuditionSolidarit\u00e9 a continu\u00e9 son travail de formation aupr\u00e8s de l&#8217;\u00e9quipe d&#8217;Oir Para Vivir afin que cette derni\u00e8re assure le suivi des enfants appareill\u00e9s tout au long de l&#8217;ann\u00e9e. Deux apprenties orthophonistes ont \u00e9t\u00e9 accueillies cette ann\u00e9e pour gonfler les rangs de l&#8217;\u00e9quipe locale qui est maintenant constitu\u00e9e de 6 personnes : 1 personne form\u00e9e \u00e0 la logistique, 1 personne form\u00e9e \u00e0 l&#8217;audiom\u00e9trie et l&#8217;appareillage, 2 personnes form\u00e9es \u00e0 la prise d&#8217;empreinte et la fabrication des embouts et 2 personnes form\u00e9es \u00e0 l&#8217;orthophonie.<\/p>\n<p>Un travail franco-dominicain extr\u00eamement gratifiant au service des enfants sourds et malentendants.<\/p>\n<p><strong>Les chiffres cl\u00e9s :<\/strong><\/p>\n<blockquote><p><strong>197 enfants appareill\u00e9s<\/strong><\/p>\n<p><strong>367 appareils auditifs adapt\u00e9s<\/strong><\/p>\n<p><strong>351 embouts fabriqu\u00e9s <\/strong><br \/>\n<strong>6 dominicains d&#8217;Oir Para Vivir form\u00e9s<br \/>\n<\/strong><\/p><\/blockquote>\n<p>Un grand MERCI \u00e0 notre formidable \u00e9quipe fran\u00e7aise et \u00e0 l&#8217;\u00e9quipe de notre partenaire Oir Para Vivir !<b><b><br \/>\n<\/b><b><br \/>\n<\/b><\/b><\/p>\n<p><strong>Merci aux audioproth\u00e9sistes <span class=\"d2edcug0 hpfvmrgz qv66sw1b c1et5uql lr9zc1uh a8c37x1j keod5gw0 nxhoafnm aigsh9s9 d3f4x2em fe6kdd0r mau55g9w c8b282yb iv3no6db jq4qci2q a3bd9o3v b1v8xokw oo9gr5id hzawbc8m\" dir=\"auto\">Xavier Rousset, Thierry Chanteur, Lucile Faivre, Catherine Stum, Cyril Cornu <\/span>et Christine Bourger<\/strong><\/p>\n<p><strong>Merci \u00e0 L&#8217;ORL Luc Moulonguet<\/strong><br \/>\n<strong> Merci aux orthophonistes <span class=\"d2edcug0 hpfvmrgz qv66sw1b c1et5uql lr9zc1uh a8c37x1j keod5gw0 nxhoafnm aigsh9s9 d3f4x2em fe6kdd0r mau55g9w c8b282yb iv3no6db jq4qci2q a3bd9o3v b1v8xokw oo9gr5id hzawbc8m\" dir=\"auto\">Clotilde Faure, H\u00e9l\u00e8ne Feuilllie et Ana\u00efs Andrieu<\/span><\/strong><br \/>\n<strong> Merci au fabricant d&#8217;embouts <b><span class=\"d2edcug0 hpfvmrgz qv66sw1b c1et5uql lr9zc1uh a8c37x1j keod5gw0 nxhoafnm aigsh9s9 d3f4x2em fe6kdd0r mau55g9w c8b282yb iv3no6db jq4qci2q a3bd9o3v b1v8xokw oo9gr5id hzawbc8m\" dir=\"auto\">R\u00e9my Garrel<\/span> <b><br \/>\n<\/b><\/b><\/strong><strong>Merci \u00e0 <span class=\"d2edcug0 hpfvmrgz qv66sw1b c1et5uql lr9zc1uh a8c37x1j keod5gw0 nxhoafnm aigsh9s9 d3f4x2em fe6kdd0r mau55g9w c8b282yb iv3no6db jq4qci2q a3bd9o3v b1v8xokw oo9gr5id hzawbc8m\" dir=\"auto\">\u00c9milie Chavigner <\/span> pour les ateliers musicaux<\/strong><strong> <b><br \/>\n<\/b>Merci \u00e0 Aline Srey pour le secr\u00e9tariat<\/strong><\/p>\n<p><b><br \/>\n<\/b>Merci \u00e0 l&#8217;Agence fran\u00e7aise de d\u00e9veloppement (AFD), \u00e0 la Fondation Air France, au M\u00e9c\u00e9nat Humanitaire Air France, \u00e0 l&#8217;association TFWA Care et \u00e0 la Fondation La France s&#8217;engage pour leur pr\u00e9cieux soutien !<b><b><b><b><br \/>\n<\/b><b><br \/>\n<\/b><\/b><b><\/b><\/b><\/b><\/p>\n<table style=\"height: 1045px;\" width=\"713\">\n<tbody>\n<tr>\n<td colspan=\"3\">\n<p style=\"text-align: center;\"><strong>Mission Humanitaire R\u00e9publique dominicaine &#8211; Novembre 2021<\/strong><\/p>\n<p style=\"text-align: center;\"><iframe loading=\"lazy\" title=\"YouTube video player\" src=\"https:\/\/www.youtube-nocookie.com\/embed\/-DjkD1aPKhI\" width=\"500\" height=\"315\" frameborder=\"0\" allowfullscreen=\"allowfullscreen\"><span style=\"display: inline-block; width: 0px; overflow: hidden; line-height: 0;\" data-mce-type=\"bookmark\" class=\"mce_SELRES_start\">\ufeff<\/span><\/iframe><br \/>\n<b><br \/>\n<\/b><\/p>\n<\/td>\n<\/tr>\n<tr>\n<td style=\"width: 699px; text-align: center;\" colspan=\"3\"><strong>Interviews de l&#8217;\u00e9quipe<b><br \/>\n<\/b><\/strong><\/td>\n<\/tr>\n<tr>\n<td style=\"text-align: center; width: 227px;\"><strong>Xavier Rousset, audioproth\u00e9siste<\/strong><br \/>\n<iframe loading=\"lazy\" title=\"YouTube video player\" src=\"https:\/\/www.youtube-nocookie.com\/embed\/kgCzVHqLJ-s\" width=\"270\" height=\"170\" frameborder=\"0\" allowfullscreen=\"allowfullscreen\"><\/iframe><\/td>\n<td style=\"text-align: center; width: 235px;\"><strong>Catherine Stum, audioproth\u00e9siste<\/strong><br \/>\n<iframe loading=\"lazy\" title=\"YouTube video player\" src=\"https:\/\/www.youtube-nocookie.com\/embed\/lhRWhHcPbok\" width=\"270\" height=\"170\" frameborder=\"0\" allowfullscreen=\"allowfullscreen\"><\/iframe><\/td>\n<td style=\"text-align: center; width: 237px;\"><strong>Thierry Chanteur, audioproth\u00e9siste<\/strong><br \/>\n<iframe loading=\"lazy\" title=\"YouTube video player\" src=\"https:\/\/www.youtube-nocookie.com\/embed\/Rdm7Q_aFn7w\" width=\"270\" height=\"170\" frameborder=\"0\" allowfullscreen=\"allowfullscreen\"><\/iframe><\/td>\n<\/tr>\n<tr>\n<td style=\"text-align: center; width: 227px;\"><strong>Cyril Cornu, audioproth\u00e9siste<\/strong><br \/>\n<iframe loading=\"lazy\" title=\"YouTube video player\" src=\"https:\/\/www.youtube-nocookie.com\/embed\/mlrIy5kYhBs\" width=\"270\" height=\"170\" frameborder=\"0\" allowfullscreen=\"allowfullscreen\"><\/iframe><\/td>\n<td style=\"text-align: center; width: 235px;\"><strong>Ana\u00efs Andrieu, <\/strong><strong>orthophoniste<\/strong><br \/>\n<iframe loading=\"lazy\" title=\"YouTube video player\" src=\"https:\/\/www.youtube-nocookie.com\/embed\/pXFoXCe055s\" width=\"270\" height=\"170\" frameborder=\"0\" allowfullscreen=\"allowfullscreen\"><\/iframe><\/td>\n<td style=\"width: 237px;\">\n<p style=\"text-align: center;\"><strong>\u00c9milie Chavigner, musicienne<\/strong><\/p>\n<p><iframe loading=\"lazy\" title=\"YouTube video player\" src=\"https:\/\/www.youtube-nocookie.com\/embed\/KtyFJBFXUio\" width=\"270\" height=\"170\" frameborder=\"0\" allowfullscreen=\"allowfullscreen\"><\/iframe><\/td>\n<\/tr>\n<tr>\n<td style=\"text-align: center; width: 227px;\"><strong>Nathana\u00ebl Le H\u00e9riss\u00e9, Oir Para Vivir<iframe loading=\"lazy\" title=\"YouTube video player\" src=\"https:\/\/www.youtube-nocookie.com\/embed\/vMmamHnB1Es\" width=\"270\" height=\"170\" frameborder=\"0\" allowfullscreen=\"allowfullscreen\"><\/iframe><\/strong><\/td>\n<td style=\"text-align: center; width: 235px;\"><strong><strong><strong>Sonia Patrisia Medrano, Oir Para Vivir<iframe loading=\"lazy\" title=\"YouTube video player\" src=\"https:\/\/www.youtube-nocookie.com\/embed\/-6bRAWyJ-qk\" width=\"270\" height=\"170\" frameborder=\"0\" allowfullscreen=\"allowfullscreen\"><span style=\"display: inline-block; width: 0px; overflow: hidden; line-height: 0;\" data-mce-type=\"bookmark\" class=\"mce_SELRES_start\">\ufeff<\/span><\/iframe><\/strong><\/strong><\/strong><\/td>\n<td><\/td>\n<\/tr>\n<\/tbody>\n<\/table>\n<p><b><br \/>\n<\/b><b><br \/>\n<\/b><img loading=\"lazy\" decoding=\"async\" class=\"aligncenter wp-image-8439\" src=\"\/\/www.auditionsolidarite.org\/wp-content\/uploads\/2021\/11\/Rep_dom_2021-5.jpg\" alt=\"\" width=\"600\" height=\"450\" srcset=\"https:\/\/www.auditionsolidarite.org\/wp-content\/uploads\/2021\/11\/Rep_dom_2021-5.jpg 1601w, https:\/\/www.auditionsolidarite.org\/wp-content\/uploads\/2021\/11\/Rep_dom_2021-5-300x225.jpg 300w, https:\/\/www.auditionsolidarite.org\/wp-content\/uploads\/2021\/11\/Rep_dom_2021-5-1024x768.jpg 1024w, https:\/\/www.auditionsolidarite.org\/wp-content\/uploads\/2021\/11\/Rep_dom_2021-5-768x576.jpg 768w, https:\/\/www.auditionsolidarite.org\/wp-content\/uploads\/2021\/11\/Rep_dom_2021-5-1536x1151.jpg 1536w\" sizes=\"(max-width: 600px) 100vw, 600px\" \/> <img loading=\"lazy\" decoding=\"async\" class=\"aligncenter wp-image-8437\" src=\"\/\/www.auditionsolidarite.org\/wp-content\/uploads\/2021\/11\/Rep_dom_2021-3.jpg\" alt=\"\" width=\"600\" height=\"450\" srcset=\"https:\/\/www.auditionsolidarite.org\/wp-content\/uploads\/2021\/11\/Rep_dom_2021-3.jpg 1601w, https:\/\/www.auditionsolidarite.org\/wp-content\/uploads\/2021\/11\/Rep_dom_2021-3-300x225.jpg 300w, https:\/\/www.auditionsolidarite.org\/wp-content\/uploads\/2021\/11\/Rep_dom_2021-3-1024x768.jpg 1024w, https:\/\/www.auditionsolidarite.org\/wp-content\/uploads\/2021\/11\/Rep_dom_2021-3-768x576.jpg 768w, https:\/\/www.auditionsolidarite.org\/wp-content\/uploads\/2021\/11\/Rep_dom_2021-3-1536x1151.jpg 1536w\" sizes=\"(max-width: 600px) 100vw, 600px\" \/><\/p>\n<p style=\"text-align: center;\"><strong><b><br \/>\n<\/b> <\/strong><\/p>","protected":false},"excerpt":{"rendered":"<p>Apr\u00e8s un 1er passage en avril-mai 2019 et une pause forc\u00e9e de plus de deux ans, AuditionSolidarit\u00e9 \u00e9tait de retour pour son plus grand bonheur en R\u00e9publique dominicaine du 11 au 20 novembre 2021. Format particulier pour cette mission en R\u00e9publique dominicaine o\u00f9 AuditionSolidarit\u00e9 travaille conjointement avec l&#8217;association dominicaine Oir Para Vivir pour accueillir et appareiller \u00e0 Hato Mayor les<\/p>\n","protected":false},"author":2,"featured_media":0,"parent":0,"menu_order":0,"comment_status":"closed","ping_status":"closed","template":"","meta":{"footnotes":""},"acf":[],"yoast_head":"<!-- This site is optimized with the Yoast SEO plugin v21.9.1 - https:\/\/yoast.com\/wordpress\/plugins\/seo\/ -->\n<title>Mission Humanitaire en R\u00e9publique dominicaine - Hato Mayor 2021 - AuditionSolidarit\u00e9<\/title>\n<meta name=\"robots\" content=\"index, follow, max-snippet:-1, max-image-preview:large, max-video-preview:-1\" \/>\n<link rel=\"canonical\" href=\"https:\/\/www.auditionsolidarite.org\/fr\/mission-humanitaire-republique-dominicaine-2019-copy\/\" \/>\n<meta property=\"og:locale\" content=\"fr_FR\" \/>\n<meta property=\"og:type\" content=\"article\" \/>\n<meta property=\"og:title\" content=\"Mission Humanitaire en R\u00e9publique dominicaine - Hato Mayor 2021 - AuditionSolidarit\u00e9\" \/>\n<meta property=\"og:description\" content=\"Apr\u00e8s un 1er passage en avril-mai 2019 et une pause forc\u00e9e de plus de deux ans, AuditionSolidarit\u00e9 \u00e9tait de retour pour son plus grand bonheur en R\u00e9publique dominicaine du 11 au 20 novembre 2021. Format particulier pour cette mission en R\u00e9publique dominicaine o\u00f9 AuditionSolidarit\u00e9 travaille conjointement avec l&#8217;association dominicaine Oir Para Vivir pour accueillir et appareiller \u00e0 Hato Mayor les\" \/>\n<meta property=\"og:url\" content=\"https:\/\/www.auditionsolidarite.org\/fr\/mission-humanitaire-republique-dominicaine-2019-copy\/\" \/>\n<meta property=\"og:site_name\" content=\"AuditionSolidarit\u00e9\" \/>\n<meta property=\"article:modified_time\" content=\"2022-06-09T12:22:29+00:00\" \/>\n<meta property=\"og:image\" content=\"https:\/\/www.auditionsolidarite.org\/wp-content\/uploads\/2015\/07\/logo-audition-solidarite-e1446132259721.png\" \/>\n\t<meta property=\"og:image:width\" content=\"600\" \/>\n\t<meta property=\"og:image:height\" content=\"593\" \/>\n\t<meta property=\"og:image:type\" content=\"image\/png\" \/>\n<meta name=\"twitter:card\" content=\"summary_large_image\" \/>\n<meta name=\"twitter:label1\" content=\"Dur\u00e9e de lecture estim\u00e9e\" \/>\n\t<meta name=\"twitter:data1\" content=\"2 minutes\" \/>\n<script type=\"application\/ld+json\" class=\"yoast-schema-graph\">{\"@context\":\"https:\/\/schema.org\",\"@graph\":[{\"@type\":\"WebPage\",\"@id\":\"https:\/\/www.auditionsolidarite.org\/fr\/mission-humanitaire-republique-dominicaine-2019-copy\/\",\"url\":\"https:\/\/www.auditionsolidarite.org\/fr\/mission-humanitaire-republique-dominicaine-2019-copy\/\",\"name\":\"Mission Humanitaire en R\u00e9publique dominicaine - Hato Mayor 2021 - AuditionSolidarit\u00e9\",\"isPartOf\":{\"@id\":\"https:\/\/www.auditionsolidarite.org\/fr\/#website\"},\"datePublished\":\"2022-06-09T12:21:21+00:00\",\"dateModified\":\"2022-06-09T12:22:29+00:00\",\"breadcrumb\":{\"@id\":\"https:\/\/www.auditionsolidarite.org\/fr\/mission-humanitaire-republique-dominicaine-2019-copy\/#breadcrumb\"},\"inLanguage\":\"fr-FR\",\"potentialAction\":[{\"@type\":\"ReadAction\",\"target\":[[\"https:\/\/www.auditionsolidarite.org\/fr\/mission-humanitaire-republique-dominicaine-2019-copy\/\"]]}]},{\"@type\":\"BreadcrumbList\",\"@id\":\"https:\/\/www.auditionsolidarite.org\/fr\/mission-humanitaire-republique-dominicaine-2019-copy\/#breadcrumb\",\"itemListElement\":[{\"@type\":\"ListItem\",\"position\":1,\"name\":\"Accueil\",\"item\":\"https:\/\/www.auditionsolidarite.org\/fr\/\"},{\"@type\":\"ListItem\",\"position\":2,\"name\":\"Mission Humanitaire en R\u00e9publique dominicaine &#8211; Hato Mayor 2021\"}]},{\"@type\":\"WebSite\",\"@id\":\"https:\/\/www.auditionsolidarite.org\/fr\/#website\",\"url\":\"https:\/\/www.auditionsolidarite.org\/fr\/\",\"name\":\"AuditionSolidarit\u00e9\",\"description\":\"Le hasard n&#039;existe pas ! Si vous \u00eates l\u00e0 aujourd&#039;hui, c&#039;est que le monde de l&#039;audition vous touche... Alors merci d&#039;\u00eatre l\u00e0 !\",\"publisher\":{\"@id\":\"https:\/\/www.auditionsolidarite.org\/fr\/#organization\"},\"potentialAction\":[{\"@type\":\"SearchAction\",\"target\":{\"@type\":\"EntryPoint\",\"urlTemplate\":\"https:\/\/www.auditionsolidarite.org\/fr\/?s={search_term_string}\"},\"query-input\":\"required name=search_term_string\"}],\"inLanguage\":\"fr-FR\"},{\"@type\":\"Organization\",\"@id\":\"https:\/\/www.auditionsolidarite.org\/fr\/#organization\",\"name\":\"AuditionSolidarit\u00e9\",\"url\":\"https:\/\/www.auditionsolidarite.org\/fr\/\",\"logo\":{\"@type\":\"ImageObject\",\"inLanguage\":\"fr-FR\",\"@id\":\"https:\/\/www.auditionsolidarite.org\/fr\/#\/schema\/logo\/image\/\",\"url\":\"https:\/\/www.auditionsolidarite.org\/wp-content\/uploads\/2015\/07\/logo-audition-solidarite-e1446132259721.png\",\"contentUrl\":\"https:\/\/www.auditionsolidarite.org\/wp-content\/uploads\/2015\/07\/logo-audition-solidarite-e1446132259721.png\",\"width\":600,\"height\":593,\"caption\":\"AuditionSolidarit\u00e9\"},\"image\":{\"@id\":\"https:\/\/www.auditionsolidarite.org\/fr\/#\/schema\/logo\/image\/\"}}]}<\/script>\n<!-- \/ Yoast SEO plugin. -->","yoast_head_json":{"title":"Mission Humanitaire en R\u00e9publique dominicaine - Hato Mayor 2021 - AuditionSolidarit\u00e9","robots":{"index":"index","follow":"follow","max-snippet":"max-snippet:-1","max-image-preview":"max-image-preview:large","max-video-preview":"max-video-preview:-1"},"canonical":"https:\/\/www.auditionsolidarite.org\/fr\/mission-humanitaire-republique-dominicaine-2019-copy\/","og_locale":"fr_FR","og_type":"article","og_title":"Mission Humanitaire en R\u00e9publique dominicaine - Hato Mayor 2021 - AuditionSolidarit\u00e9","og_description":"Apr\u00e8s un 1er passage en avril-mai 2019 et une pause forc\u00e9e de plus de deux ans, AuditionSolidarit\u00e9 \u00e9tait de retour pour son plus grand bonheur en R\u00e9publique dominicaine du 11 au 20 novembre 2021. Format particulier pour cette mission en R\u00e9publique dominicaine o\u00f9 AuditionSolidarit\u00e9 travaille conjointement avec l&#8217;association dominicaine Oir Para Vivir pour accueillir et appareiller \u00e0 Hato Mayor les","og_url":"https:\/\/www.auditionsolidarite.org\/fr\/mission-humanitaire-republique-dominicaine-2019-copy\/","og_site_name":"AuditionSolidarit\u00e9","article_modified_time":"2022-06-09T12:22:29+00:00","og_image":[{"width":600,"height":593,"url":"https:\/\/www.auditionsolidarite.org\/wp-content\/uploads\/2015\/07\/logo-audition-solidarite-e1446132259721.png","type":"image\/png"}],"twitter_card":"summary_large_image","twitter_misc":{"Dur\u00e9e de lecture estim\u00e9e":"2 minutes"},"schema":{"@context":"https:\/\/schema.org","@graph":[{"@type":"WebPage","@id":"https:\/\/www.auditionsolidarite.org\/fr\/mission-humanitaire-republique-dominicaine-2019-copy\/","url":"https:\/\/www.auditionsolidarite.org\/fr\/mission-humanitaire-republique-dominicaine-2019-copy\/","name":"Mission Humanitaire en R\u00e9publique dominicaine - Hato Mayor 2021 - AuditionSolidarit\u00e9","isPartOf":{"@id":"https:\/\/www.auditionsolidarite.org\/fr\/#website"},"datePublished":"2022-06-09T12:21:21+00:00","dateModified":"2022-06-09T12:22:29+00:00","breadcrumb":{"@id":"https:\/\/www.auditionsolidarite.org\/fr\/mission-humanitaire-republique-dominicaine-2019-copy\/#breadcrumb"},"inLanguage":"fr-FR","potentialAction":[{"@type":"ReadAction","target":[["https:\/\/www.auditionsolidarite.org\/fr\/mission-humanitaire-republique-dominicaine-2019-copy\/"]]}]},{"@type":"BreadcrumbList","@id":"https:\/\/www.auditionsolidarite.org\/fr\/mission-humanitaire-republique-dominicaine-2019-copy\/#breadcrumb","itemListElement":[{"@type":"ListItem","position":1,"name":"Accueil","item":"https:\/\/www.auditionsolidarite.org\/fr\/"},{"@type":"ListItem","position":2,"name":"Mission Humanitaire en R\u00e9publique dominicaine &#8211; Hato Mayor 2021"}]},{"@type":"WebSite","@id":"https:\/\/www.auditionsolidarite.org\/fr\/#website","url":"https:\/\/www.auditionsolidarite.org\/fr\/","name":"AuditionSolidarit\u00e9","description":"Le hasard n&#039;existe pas ! Si vous \u00eates l\u00e0 aujourd&#039;hui, c&#039;est que le monde de l&#039;audition vous touche... Alors merci d&#039;\u00eatre l\u00e0 !","publisher":{"@id":"https:\/\/www.auditionsolidarite.org\/fr\/#organization"},"potentialAction":[{"@type":"SearchAction","target":{"@type":"EntryPoint","urlTemplate":"https:\/\/www.auditionsolidarite.org\/fr\/?s={search_term_string}"},"query-input":"required name=search_term_string"}],"inLanguage":"fr-FR"},{"@type":"Organization","@id":"https:\/\/www.auditionsolidarite.org\/fr\/#organization","name":"AuditionSolidarit\u00e9","url":"https:\/\/www.auditionsolidarite.org\/fr\/","logo":{"@type":"ImageObject","inLanguage":"fr-FR","@id":"https:\/\/www.auditionsolidarite.org\/fr\/#\/schema\/logo\/image\/","url":"https:\/\/www.auditionsolidarite.org\/wp-content\/uploads\/2015\/07\/logo-audition-solidarite-e1446132259721.png","contentUrl":"https:\/\/www.auditionsolidarite.org\/wp-content\/uploads\/2015\/07\/logo-audition-solidarite-e1446132259721.png","width":600,"height":593,"caption":"AuditionSolidarit\u00e9"},"image":{"@id":"https:\/\/www.auditionsolidarite.org\/fr\/#\/schema\/logo\/image\/"}}]}},"_links":{"self":[{"href":"https:\/\/www.auditionsolidarite.org\/fr\/wp-json\/wp\/v2\/pages\/8779"}],"collection":[{"href":"https:\/\/www.auditionsolidarite.org\/fr\/wp-json\/wp\/v2\/pages"}],"about":[{"href":"https:\/\/www.auditionsolidarite.org\/fr\/wp-json\/wp\/v2\/types\/page"}],"author":[{"embeddable":true,"href":"https:\/\/www.auditionsolidarite.org\/fr\/wp-json\/wp\/v2\/users\/2"}],"replies":[{"embeddable":true,"href":"https:\/\/www.auditionsolidarite.org\/fr\/wp-json\/wp\/v2\/comments?post=8779"}],"version-history":[{"count":1,"href":"https:\/\/www.auditionsolidarite.org\/fr\/wp-json\/wp\/v2\/pages\/8779\/revisions"}],"predecessor-version":[{"id":8780,"href":"https:\/\/www.auditionsolidarite.org\/fr\/wp-json\/wp\/v2\/pages\/8779\/revisions\/8780"}],"wp:attachment":[{"href":"https:\/\/www.auditionsolidarite.org\/fr\/wp-json\/wp\/v2\/media?parent=8779"}],"curies":[{"name":"wp","href":"https:\/\/api.w.org\/{rel}","templated":true}]}}