{"id":7124,"date":"2019-11-15T15:02:53","date_gmt":"2019-11-15T14:02:53","guid":{"rendered":"https:\/\/www.auditionsolidarite.org\/?page_id=7124"},"modified":"2021-07-22T13:02:09","modified_gmt":"2021-07-22T12:02:09","slug":"mission-humanitaire-republique-dominicaine-2019","status":"publish","type":"page","link":"https:\/\/www.auditionsolidarite.org\/fr\/mission-humanitaire-republique-dominicaine-2019\/","title":{"rendered":"Mission Humanitaire en R\u00e9publique dominicaine &#8211; Hato Mayor 2019"},"content":{"rendered":"<strong>C&#8217;\u00e9tait la 1<sup>\u00e8re <\/sup>mission d\u2019AuditionSolidarit\u00e9 sur le continent Am\u00e9ricain et donc la premi\u00e8re en R\u00e9publique Dominicaine. Cette mission a \u00e9t\u00e9 r\u00e9alis\u00e9e en partenariat avec l\u2019association dominicaine Oir Para Vivir entre le 25 avril et le 3 mai 2019. <\/strong><b><br \/>\n<\/b><b><br \/>\n<\/b><\/p>\n<p>Pendant 7 jours, une \u00e9quipe de 13 professionnels de l\u2019audition (m\u00e9decin ORL, audioproth\u00e9sistes, fabricant d\u2019embouts, orthophonistes \u2026) s&#8217;est rendu \u00e0 Hato Mayor dans le sud de l&#8217;\u00eele et a appareill\u00e9 166 enfants dominicains de 2 \u00e0 18 ans scolaris\u00e9s dans 7 \u00e9coles sp\u00e9cialis\u00e9es pour sourds et malentendants.<b><br \/>\n<\/b><b> <\/b><\/p>\n<p>AuditionSolidarit\u00e9 s\u2019est engag\u00e9e \u00e0 venir en R\u00e9publique Dominicaine pendant 4 ann\u00e9es cons\u00e9cutives. Afin de rendre cette mission p\u00e9renne, AuditionSolidarit\u00e9 a assur\u00e9 la formation en audioproth\u00e8se et en orthophonie d\u2019une \u00e9quipe dominicaine travaillant pour Oir Para Vivir (association partenaire sur ce projet). Les formations ont d\u00e9j\u00e0 \u00e9t\u00e9 amorc\u00e9es sur cette mission et des bases solides ont \u00e9t\u00e9 pos\u00e9es pour \u00e0 terme atteindre une pleine autonomie.<b><br \/>\n<\/b><b><br \/>\n<\/b><b><\/b><\/p>\n<p><strong>Les chiffres cl\u00e9s :<\/strong><\/p>\n<blockquote><p><strong>7 jours de mission<\/strong><\/p>\n<p>&nbsp;<\/p>\n<p><strong>7 \u00e9coles d\u2019enfants sourds et malentendants accueillies <\/strong><\/p>\n<p>&nbsp;<\/p>\n<p><strong>166 enfants appareill\u00e9s<\/strong><\/p>\n<p>&nbsp;<\/p>\n<p><strong>283 appareils auditifs adapt\u00e9s<\/strong><\/p>\n<p>&nbsp;<\/p>\n<p><strong>Projet lanc\u00e9 sur 4 ans cons\u00e9cutifs<\/strong><\/p><\/blockquote>\n<p><b><br \/>\n<\/b> AuditionSolidarit\u00e9 pr\u00e9voit de revenir en R\u00e9publique Dominicaine en mai 2020 !<b><br \/>\n<\/b><\/p>\n<p>Un grand MERCI \u00e0 notre formidable \u00e9quipe fran\u00e7aise, \u00e0 notre partenaire l&#8217;association Oir Para Vivir et \u00e0 l&#8217;accueil chaleureux des dominicains !<b><br \/>\n<\/b><b><br \/>\n<\/b><\/p>\n<p><strong>Merci aux audioproth\u00e9sistes Laurence Raux-Victor, Jean-Pierre Izard, Yannick Durand, Fabienne Hery et Christine Bourger<\/strong><\/p>\n<p><strong>Merci \u00e0 L&#8217;ORL Sylvie Claudin<\/strong><br \/>\n<strong> Merci aux orthophonistes Claire Barilly et Ana\u00efs Andrieu<\/strong><br \/>\n<strong> Merci aux fabricants d&#8217;embouts Georges Ormancey et C\u00e9line Peissak<\/strong><br \/>\n<strong> Merci \u00e0 Aline Srey pour le secr\u00e9tariat<\/strong><\/p>\n<p><b><br \/>\n<\/b>Merci \u00e0 la Fondation Air France, au M\u00e9c\u00e9nat Humanitaire Air France, \u00e0 la Fondation Dominique &amp; Tom Alberici, \u00e0 la Fondation La France s&#8217;engage et \u00e0 l&#8217;association TFWA Care pour leur pr\u00e9cieux soutien sur cette mission !<b><br \/>\n<\/b><b><\/b><b><\/b><\/p>\n<table style=\"height: 1045px;\" width=\"713\">\n<tbody>\n<tr>\n<td colspan=\"3\">\n<p style=\"text-align: center;\"><strong>Mission Humanitaire R\u00e9publique Dominicaine, Hato Mayor &#8211; Avril 2019<\/strong><\/p>\n<p style=\"text-align: center;\"><iframe loading=\"lazy\" title=\"YouTube video player\" src=\"https:\/\/www.youtube-nocookie.com\/embed\/e1EOzxh98r8\" width=\"560\" height=\"315\" frameborder=\"0\" allowfullscreen=\"allowfullscreen\"><\/iframe><br \/>\n<b><br \/>\n<\/b><\/p>\n<\/td>\n<\/tr>\n<tr>\n<td style=\"text-align: center;\"><strong><b>Laurence Raux-Victor<\/b>, audioproth\u00e9siste<\/strong><br \/>\n<iframe loading=\"lazy\" title=\"YouTube video player\" src=\"https:\/\/www.youtube-nocookie.com\/embed\/LIaz_PMtQK4\" width=\"270\" height=\"170\" frameborder=\"0\" allowfullscreen=\"allowfullscreen\"><\/iframe><\/td>\n<td style=\"text-align: center;\"><strong> <b>Jean-Pierre Izard<\/b>, audioproth\u00e9siste<\/strong><br \/>\n<iframe loading=\"lazy\" title=\"YouTube video player\" src=\"https:\/\/www.youtube-nocookie.com\/embed\/ZjIuQrcnaiI\" width=\"270\" height=\"170\" frameborder=\"0\" allowfullscreen=\"allowfullscreen\"><\/iframe><\/td>\n<td style=\"text-align: center;\"><strong><b>Fabienne H\u00e9ry<\/b>, audioproth\u00e9siste<\/strong><br \/>\n<iframe loading=\"lazy\" title=\"YouTube video player\" src=\"https:\/\/www.youtube-nocookie.com\/embed\/YwDyJLR6pCY\" width=\"270\" height=\"170\" frameborder=\"0\" allowfullscreen=\"allowfullscreen\"><\/iframe><\/td>\n<\/tr>\n<tr>\n<td style=\"text-align: center;\"><strong> <b>Yannick Durand<\/b>, audioproth\u00e9siste<\/strong><br \/>\n<iframe loading=\"lazy\" title=\"YouTube video player\" src=\"https:\/\/www.youtube-nocookie.com\/embed\/3rSkSutEv6s\" width=\"270\" height=\"170\" frameborder=\"0\" allowfullscreen=\"allowfullscreen\"><\/iframe><\/td>\n<td style=\"text-align: center;\"><strong>Georges Ormancey, fabrication d&#8217;embouts<\/strong><br \/>\n<iframe loading=\"lazy\" title=\"YouTube video player\" src=\"https:\/\/www.youtube-nocookie.com\/embed\/dORU2UYF7ts\" width=\"270\" height=\"170\" frameborder=\"0\" allowfullscreen=\"allowfullscreen\"><\/iframe><\/td>\n<td>\n<p style=\"text-align: center;\"><strong><b>C\u00e9line Peissak<\/b>, fabrication d&#8217;embouts<\/strong><\/p>\n<p><iframe loading=\"lazy\" title=\"YouTube video player\" src=\"https:\/\/www.youtube-nocookie.com\/embed\/kan5fehjGT0\" width=\"270\" height=\"170\" frameborder=\"0\" allowfullscreen=\"allowfullscreen\"><\/iframe><\/td>\n<\/tr>\n<tr>\n<td style=\"text-align: center;\"><strong><strong><strong><b>Sylvie Claudin<\/b>, ORL<br \/>\n<iframe loading=\"lazy\" title=\"YouTube video player\" src=\"https:\/\/www.youtube-nocookie.com\/embed\/IiGjNHzXxVc\" width=\"270\" height=\"170\" frameborder=\"0\" allowfullscreen=\"allowfullscreen\"><\/iframe><\/strong><\/strong><\/strong><\/td>\n<td style=\"text-align: center;\"><strong><strong><strong><b>Ana\u00efs Andrieu<\/b>, Orthophoniste<br \/>\n<iframe loading=\"lazy\" title=\"YouTube video player\" src=\"https:\/\/www.youtube-nocookie.com\/embed\/ae1jF-sv2Ew\" width=\"270\" height=\"170\" frameborder=\"0\" allowfullscreen=\"allowfullscreen\"><\/iframe><\/strong><\/strong><\/strong><\/td>\n<td style=\"text-align: center;\"><strong><b>Claire Barilly<\/b>, Orthophoniste<br \/>\n<iframe loading=\"lazy\" title=\"YouTube video player\" src=\"https:\/\/www.youtube-nocookie.com\/embed\/PgfukHk342o\" width=\"270\" height=\"170\" frameborder=\"0\" allowfullscreen=\"allowfullscreen\"><span style=\"display: inline-block; width: 0px; overflow: hidden; line-height: 0;\" data-mce-type=\"bookmark\" class=\"mce_SELRES_start\">\ufeff<\/span><\/iframe><br \/>\n<\/strong><\/td>\n<\/tr>\n<tr>\n<td style=\"text-align: center;\"><strong><strong><strong><strong><b>Nathana\u00ebl Le H\u00e9riss\u00e9, Oir Para Vivir<br \/>\n<iframe loading=\"lazy\" title=\"YouTube video player\" src=\"https:\/\/www.youtube-nocookie.com\/embed\/twGb8Ju3dVI\" width=\"270\" height=\"170\" frameborder=\"0\" allowfullscreen=\"allowfullscreen\"><span style=\"display: inline-block; width: 0px; overflow: hidden; line-height: 0;\" data-mce-type=\"bookmark\" class=\"mce_SELRES_start\">\ufeff<\/span><\/iframe><\/b><\/strong><\/strong><\/strong><\/strong><\/td>\n<td style=\"text-align: center;\"><\/td>\n<td style=\"text-align: center;\"><\/td>\n<\/tr>\n<\/tbody>\n<\/table>\n<p><b> <\/b><b> <\/b><b> <\/b><b> <\/b><img loading=\"lazy\" decoding=\"async\" class=\"aligncenter wp-image-6699\" src=\"\/\/www.auditionsolidarite.org\/wp-content\/uploads\/2019\/05\/Rep-Dom-2019-61-Copier.jpg\" alt=\"\" width=\"535\" height=\"401\" srcset=\"https:\/\/www.auditionsolidarite.org\/wp-content\/uploads\/2019\/05\/Rep-Dom-2019-61-Copier.jpg 800w, https:\/\/www.auditionsolidarite.org\/wp-content\/uploads\/2019\/05\/Rep-Dom-2019-61-Copier-300x225.jpg 300w, https:\/\/www.auditionsolidarite.org\/wp-content\/uploads\/2019\/05\/Rep-Dom-2019-61-Copier-768x576.jpg 768w\" sizes=\"(max-width: 535px) 100vw, 535px\" \/> <img loading=\"lazy\" decoding=\"async\" class=\"aligncenter wp-image-6702\" src=\"\/\/www.auditionsolidarite.org\/wp-content\/uploads\/2019\/05\/Rep-Dom-2019-159-Copier.jpg\" alt=\"\" width=\"535\" height=\"401\" srcset=\"https:\/\/www.auditionsolidarite.org\/wp-content\/uploads\/2019\/05\/Rep-Dom-2019-159-Copier.jpg 800w, https:\/\/www.auditionsolidarite.org\/wp-content\/uploads\/2019\/05\/Rep-Dom-2019-159-Copier-300x225.jpg 300w, https:\/\/www.auditionsolidarite.org\/wp-content\/uploads\/2019\/05\/Rep-Dom-2019-159-Copier-768x576.jpg 768w\" sizes=\"(max-width: 535px) 100vw, 535px\" \/><img loading=\"lazy\" decoding=\"async\" class=\"aligncenter wp-image-6698\" src=\"\/\/www.auditionsolidarite.org\/wp-content\/uploads\/2019\/05\/Rep-Dom-2019-58-Copier.jpg\" alt=\"\" width=\"535\" height=\"402\" srcset=\"https:\/\/www.auditionsolidarite.org\/wp-content\/uploads\/2019\/05\/Rep-Dom-2019-58-Copier.jpg 800w, https:\/\/www.auditionsolidarite.org\/wp-content\/uploads\/2019\/05\/Rep-Dom-2019-58-Copier-300x225.jpg 300w, https:\/\/www.auditionsolidarite.org\/wp-content\/uploads\/2019\/05\/Rep-Dom-2019-58-Copier-768x576.jpg 768w\" sizes=\"(max-width: 535px) 100vw, 535px\" \/> <img loading=\"lazy\" decoding=\"async\" class=\"aligncenter wp-image-6700\" src=\"\/\/www.auditionsolidarite.org\/wp-content\/uploads\/2019\/05\/Rep-Dom-2019-86-Copier.jpg\" alt=\"\" width=\"535\" height=\"401\" srcset=\"https:\/\/www.auditionsolidarite.org\/wp-content\/uploads\/2019\/05\/Rep-Dom-2019-86-Copier.jpg 800w, https:\/\/www.auditionsolidarite.org\/wp-content\/uploads\/2019\/05\/Rep-Dom-2019-86-Copier-300x225.jpg 300w, https:\/\/www.auditionsolidarite.org\/wp-content\/uploads\/2019\/05\/Rep-Dom-2019-86-Copier-768x576.jpg 768w\" sizes=\"(max-width: 535px) 100vw, 535px\" \/> <img loading=\"lazy\" decoding=\"async\" class=\"aligncenter wp-image-6701\" src=\"\/\/www.auditionsolidarite.org\/wp-content\/uploads\/2019\/05\/Rep-Dom-2019-113-Copier.jpg\" alt=\"\" width=\"535\" height=\"401\" srcset=\"https:\/\/www.auditionsolidarite.org\/wp-content\/uploads\/2019\/05\/Rep-Dom-2019-113-Copier.jpg 800w, https:\/\/www.auditionsolidarite.org\/wp-content\/uploads\/2019\/05\/Rep-Dom-2019-113-Copier-300x225.jpg 300w, https:\/\/www.auditionsolidarite.org\/wp-content\/uploads\/2019\/05\/Rep-Dom-2019-113-Copier-768x576.jpg 768w\" sizes=\"(max-width: 535px) 100vw, 535px\" \/> <img loading=\"lazy\" decoding=\"async\" class=\"aligncenter wp-image-6704\" src=\"\/\/www.auditionsolidarite.org\/wp-content\/uploads\/2019\/05\/Rep-Dom-2019-177-Copier.jpg\" alt=\"\" width=\"535\" height=\"401\" srcset=\"https:\/\/www.auditionsolidarite.org\/wp-content\/uploads\/2019\/05\/Rep-Dom-2019-177-Copier.jpg 800w, https:\/\/www.auditionsolidarite.org\/wp-content\/uploads\/2019\/05\/Rep-Dom-2019-177-Copier-300x225.jpg 300w, https:\/\/www.auditionsolidarite.org\/wp-content\/uploads\/2019\/05\/Rep-Dom-2019-177-Copier-768x576.jpg 768w\" sizes=\"(max-width: 535px) 100vw, 535px\" \/><\/p>\n<p>&nbsp;<\/p>\n<p>&nbsp;","protected":false},"excerpt":{"rendered":"<p>C&#8217;\u00e9tait la 1\u00e8re mission d\u2019AuditionSolidarit\u00e9 sur le continent Am\u00e9ricain et donc la premi\u00e8re en R\u00e9publique Dominicaine. Cette mission a \u00e9t\u00e9 r\u00e9alis\u00e9e en partenariat avec l\u2019association dominicaine Oir Para Vivir entre le 25 avril et le 3 mai 2019. Pendant 7 jours, une \u00e9quipe de 13 professionnels de l\u2019audition (m\u00e9decin ORL, audioproth\u00e9sistes, fabricant d\u2019embouts, orthophonistes \u2026) s&#8217;est rendu \u00e0 Hato Mayor<\/p>\n","protected":false},"author":2,"featured_media":0,"parent":0,"menu_order":0,"comment_status":"closed","ping_status":"closed","template":"","meta":{"footnotes":""},"acf":[],"yoast_head":"<!-- This site is optimized with the Yoast SEO plugin v21.9.1 - https:\/\/yoast.com\/wordpress\/plugins\/seo\/ -->\n<title>Mission Humanitaire en R\u00e9publique dominicaine - Hato Mayor 2019 - AuditionSolidarit\u00e9<\/title>\n<meta name=\"robots\" content=\"index, follow, max-snippet:-1, max-image-preview:large, max-video-preview:-1\" \/>\n<link rel=\"canonical\" href=\"https:\/\/www.auditionsolidarite.org\/fr\/mission-humanitaire-republique-dominicaine-2019\/\" \/>\n<meta property=\"og:locale\" content=\"fr_FR\" \/>\n<meta property=\"og:type\" content=\"article\" \/>\n<meta property=\"og:title\" content=\"Mission Humanitaire en R\u00e9publique dominicaine - Hato Mayor 2019 - AuditionSolidarit\u00e9\" \/>\n<meta property=\"og:description\" content=\"C&#8217;\u00e9tait la 1\u00e8re mission d\u2019AuditionSolidarit\u00e9 sur le continent Am\u00e9ricain et donc la premi\u00e8re en R\u00e9publique Dominicaine. Cette mission a \u00e9t\u00e9 r\u00e9alis\u00e9e en partenariat avec l\u2019association dominicaine Oir Para Vivir entre le 25 avril et le 3 mai 2019. Pendant 7 jours, une \u00e9quipe de 13 professionnels de l\u2019audition (m\u00e9decin ORL, audioproth\u00e9sistes, fabricant d\u2019embouts, orthophonistes \u2026) s&#8217;est rendu \u00e0 Hato Mayor\" \/>\n<meta property=\"og:url\" content=\"https:\/\/www.auditionsolidarite.org\/fr\/mission-humanitaire-republique-dominicaine-2019\/\" \/>\n<meta property=\"og:site_name\" content=\"AuditionSolidarit\u00e9\" \/>\n<meta property=\"article:modified_time\" content=\"2021-07-22T12:02:09+00:00\" \/>\n<meta property=\"og:image\" content=\"https:\/\/www.auditionsolidarite.org\/wp-content\/uploads\/2015\/07\/logo-audition-solidarite-e1446132259721.png\" \/>\n\t<meta property=\"og:image:width\" content=\"600\" \/>\n\t<meta property=\"og:image:height\" content=\"593\" \/>\n\t<meta property=\"og:image:type\" content=\"image\/png\" \/>\n<meta name=\"twitter:card\" content=\"summary_large_image\" \/>\n<meta name=\"twitter:label1\" content=\"Dur\u00e9e de lecture estim\u00e9e\" \/>\n\t<meta name=\"twitter:data1\" content=\"3 minutes\" \/>\n<script type=\"application\/ld+json\" class=\"yoast-schema-graph\">{\"@context\":\"https:\/\/schema.org\",\"@graph\":[{\"@type\":\"WebPage\",\"@id\":\"https:\/\/www.auditionsolidarite.org\/fr\/mission-humanitaire-republique-dominicaine-2019\/\",\"url\":\"https:\/\/www.auditionsolidarite.org\/fr\/mission-humanitaire-republique-dominicaine-2019\/\",\"name\":\"Mission Humanitaire en R\u00e9publique dominicaine - Hato Mayor 2019 - AuditionSolidarit\u00e9\",\"isPartOf\":{\"@id\":\"https:\/\/www.auditionsolidarite.org\/fr\/#website\"},\"datePublished\":\"2019-11-15T14:02:53+00:00\",\"dateModified\":\"2021-07-22T12:02:09+00:00\",\"breadcrumb\":{\"@id\":\"https:\/\/www.auditionsolidarite.org\/fr\/mission-humanitaire-republique-dominicaine-2019\/#breadcrumb\"},\"inLanguage\":\"fr-FR\",\"potentialAction\":[{\"@type\":\"ReadAction\",\"target\":[[\"https:\/\/www.auditionsolidarite.org\/fr\/mission-humanitaire-republique-dominicaine-2019\/\"]]}]},{\"@type\":\"BreadcrumbList\",\"@id\":\"https:\/\/www.auditionsolidarite.org\/fr\/mission-humanitaire-republique-dominicaine-2019\/#breadcrumb\",\"itemListElement\":[{\"@type\":\"ListItem\",\"position\":1,\"name\":\"Accueil\",\"item\":\"https:\/\/www.auditionsolidarite.org\/fr\/\"},{\"@type\":\"ListItem\",\"position\":2,\"name\":\"Mission Humanitaire en R\u00e9publique dominicaine &#8211; Hato Mayor 2019\"}]},{\"@type\":\"WebSite\",\"@id\":\"https:\/\/www.auditionsolidarite.org\/fr\/#website\",\"url\":\"https:\/\/www.auditionsolidarite.org\/fr\/\",\"name\":\"AuditionSolidarit\u00e9\",\"description\":\"Le hasard n&#039;existe pas ! Si vous \u00eates l\u00e0 aujourd&#039;hui, c&#039;est que le monde de l&#039;audition vous touche... Alors merci d&#039;\u00eatre l\u00e0 !\",\"publisher\":{\"@id\":\"https:\/\/www.auditionsolidarite.org\/fr\/#organization\"},\"potentialAction\":[{\"@type\":\"SearchAction\",\"target\":{\"@type\":\"EntryPoint\",\"urlTemplate\":\"https:\/\/www.auditionsolidarite.org\/fr\/?s={search_term_string}\"},\"query-input\":\"required name=search_term_string\"}],\"inLanguage\":\"fr-FR\"},{\"@type\":\"Organization\",\"@id\":\"https:\/\/www.auditionsolidarite.org\/fr\/#organization\",\"name\":\"AuditionSolidarit\u00e9\",\"url\":\"https:\/\/www.auditionsolidarite.org\/fr\/\",\"logo\":{\"@type\":\"ImageObject\",\"inLanguage\":\"fr-FR\",\"@id\":\"https:\/\/www.auditionsolidarite.org\/fr\/#\/schema\/logo\/image\/\",\"url\":\"https:\/\/www.auditionsolidarite.org\/wp-content\/uploads\/2015\/07\/logo-audition-solidarite-e1446132259721.png\",\"contentUrl\":\"https:\/\/www.auditionsolidarite.org\/wp-content\/uploads\/2015\/07\/logo-audition-solidarite-e1446132259721.png\",\"width\":600,\"height\":593,\"caption\":\"AuditionSolidarit\u00e9\"},\"image\":{\"@id\":\"https:\/\/www.auditionsolidarite.org\/fr\/#\/schema\/logo\/image\/\"}}]}<\/script>\n<!-- \/ Yoast SEO plugin. -->","yoast_head_json":{"title":"Mission Humanitaire en R\u00e9publique dominicaine - Hato Mayor 2019 - AuditionSolidarit\u00e9","robots":{"index":"index","follow":"follow","max-snippet":"max-snippet:-1","max-image-preview":"max-image-preview:large","max-video-preview":"max-video-preview:-1"},"canonical":"https:\/\/www.auditionsolidarite.org\/fr\/mission-humanitaire-republique-dominicaine-2019\/","og_locale":"fr_FR","og_type":"article","og_title":"Mission Humanitaire en R\u00e9publique dominicaine - Hato Mayor 2019 - AuditionSolidarit\u00e9","og_description":"C&#8217;\u00e9tait la 1\u00e8re mission d\u2019AuditionSolidarit\u00e9 sur le continent Am\u00e9ricain et donc la premi\u00e8re en R\u00e9publique Dominicaine. Cette mission a \u00e9t\u00e9 r\u00e9alis\u00e9e en partenariat avec l\u2019association dominicaine Oir Para Vivir entre le 25 avril et le 3 mai 2019. Pendant 7 jours, une \u00e9quipe de 13 professionnels de l\u2019audition (m\u00e9decin ORL, audioproth\u00e9sistes, fabricant d\u2019embouts, orthophonistes \u2026) s&#8217;est rendu \u00e0 Hato Mayor","og_url":"https:\/\/www.auditionsolidarite.org\/fr\/mission-humanitaire-republique-dominicaine-2019\/","og_site_name":"AuditionSolidarit\u00e9","article_modified_time":"2021-07-22T12:02:09+00:00","og_image":[{"width":600,"height":593,"url":"https:\/\/www.auditionsolidarite.org\/wp-content\/uploads\/2015\/07\/logo-audition-solidarite-e1446132259721.png","type":"image\/png"}],"twitter_card":"summary_large_image","twitter_misc":{"Dur\u00e9e de lecture estim\u00e9e":"3 minutes"},"schema":{"@context":"https:\/\/schema.org","@graph":[{"@type":"WebPage","@id":"https:\/\/www.auditionsolidarite.org\/fr\/mission-humanitaire-republique-dominicaine-2019\/","url":"https:\/\/www.auditionsolidarite.org\/fr\/mission-humanitaire-republique-dominicaine-2019\/","name":"Mission Humanitaire en R\u00e9publique dominicaine - Hato Mayor 2019 - AuditionSolidarit\u00e9","isPartOf":{"@id":"https:\/\/www.auditionsolidarite.org\/fr\/#website"},"datePublished":"2019-11-15T14:02:53+00:00","dateModified":"2021-07-22T12:02:09+00:00","breadcrumb":{"@id":"https:\/\/www.auditionsolidarite.org\/fr\/mission-humanitaire-republique-dominicaine-2019\/#breadcrumb"},"inLanguage":"fr-FR","potentialAction":[{"@type":"ReadAction","target":[["https:\/\/www.auditionsolidarite.org\/fr\/mission-humanitaire-republique-dominicaine-2019\/"]]}]},{"@type":"BreadcrumbList","@id":"https:\/\/www.auditionsolidarite.org\/fr\/mission-humanitaire-republique-dominicaine-2019\/#breadcrumb","itemListElement":[{"@type":"ListItem","position":1,"name":"Accueil","item":"https:\/\/www.auditionsolidarite.org\/fr\/"},{"@type":"ListItem","position":2,"name":"Mission Humanitaire en R\u00e9publique dominicaine &#8211; Hato Mayor 2019"}]},{"@type":"WebSite","@id":"https:\/\/www.auditionsolidarite.org\/fr\/#website","url":"https:\/\/www.auditionsolidarite.org\/fr\/","name":"AuditionSolidarit\u00e9","description":"Le hasard n&#039;existe pas ! Si vous \u00eates l\u00e0 aujourd&#039;hui, c&#039;est que le monde de l&#039;audition vous touche... Alors merci d&#039;\u00eatre l\u00e0 !","publisher":{"@id":"https:\/\/www.auditionsolidarite.org\/fr\/#organization"},"potentialAction":[{"@type":"SearchAction","target":{"@type":"EntryPoint","urlTemplate":"https:\/\/www.auditionsolidarite.org\/fr\/?s={search_term_string}"},"query-input":"required name=search_term_string"}],"inLanguage":"fr-FR"},{"@type":"Organization","@id":"https:\/\/www.auditionsolidarite.org\/fr\/#organization","name":"AuditionSolidarit\u00e9","url":"https:\/\/www.auditionsolidarite.org\/fr\/","logo":{"@type":"ImageObject","inLanguage":"fr-FR","@id":"https:\/\/www.auditionsolidarite.org\/fr\/#\/schema\/logo\/image\/","url":"https:\/\/www.auditionsolidarite.org\/wp-content\/uploads\/2015\/07\/logo-audition-solidarite-e1446132259721.png","contentUrl":"https:\/\/www.auditionsolidarite.org\/wp-content\/uploads\/2015\/07\/logo-audition-solidarite-e1446132259721.png","width":600,"height":593,"caption":"AuditionSolidarit\u00e9"},"image":{"@id":"https:\/\/www.auditionsolidarite.org\/fr\/#\/schema\/logo\/image\/"}}]}},"_links":{"self":[{"href":"https:\/\/www.auditionsolidarite.org\/fr\/wp-json\/wp\/v2\/pages\/7124"}],"collection":[{"href":"https:\/\/www.auditionsolidarite.org\/fr\/wp-json\/wp\/v2\/pages"}],"about":[{"href":"https:\/\/www.auditionsolidarite.org\/fr\/wp-json\/wp\/v2\/types\/page"}],"author":[{"embeddable":true,"href":"https:\/\/www.auditionsolidarite.org\/fr\/wp-json\/wp\/v2\/users\/2"}],"replies":[{"embeddable":true,"href":"https:\/\/www.auditionsolidarite.org\/fr\/wp-json\/wp\/v2\/comments?post=7124"}],"version-history":[{"count":3,"href":"https:\/\/www.auditionsolidarite.org\/fr\/wp-json\/wp\/v2\/pages\/7124\/revisions"}],"predecessor-version":[{"id":8306,"href":"https:\/\/www.auditionsolidarite.org\/fr\/wp-json\/wp\/v2\/pages\/7124\/revisions\/8306"}],"wp:attachment":[{"href":"https:\/\/www.auditionsolidarite.org\/fr\/wp-json\/wp\/v2\/media?parent=7124"}],"curies":[{"name":"wp","href":"https:\/\/api.w.org\/{rel}","templated":true}]}}