{"id":6908,"date":"2019-07-04T10:27:38","date_gmt":"2019-07-04T09:27:38","guid":{"rendered":"https:\/\/www.auditionsolidarite.org\/?page_id=6908"},"modified":"2019-07-04T10:27:38","modified_gmt":"2019-07-04T09:27:38","slug":"hopital-de-conception-marseille-avril-2019","status":"publish","type":"page","link":"https:\/\/www.auditionsolidarite.org\/fr\/hopital-de-conception-marseille-avril-2019\/","title":{"rendered":"H\u00f4pital de la Conception Marseille \u2013 Avril 2019"},"content":{"rendered":"<strong>Retour sur la mission &#8220;Audition&#8221; qui s&#8217;est d\u00e9roul\u00e9e les 2 et 3 avril 2019 \u00e0 l&#8217;h\u00f4pital de la Conception \u00e0 Marseille en partenariat avec l\u2019AP-HM.<b><b><br \/>\n<\/b><\/b><\/strong><br \/>\nQuels moments de vie intenses de voir ces visages s\u2019illuminer \u00e0 l\u2019appareillage\u2026on ne s\u2019en lasse jamais. L&#8217;\u00e9quipe d&#8217;AuditionSolidarit\u00e9 accueille de plus en plus de personnes d\u00e9munies sur ces deux journ\u00e9es, c&#8217;est tr\u00e8s positif ! On aura le plaisir de revoir tous ces sourires en septembre pour le suivi et le contr\u00f4le de leurs appareils auditifs. Merci \u00e0 toute notre \u00e9quipe de m\u00e9c\u00e8nes et merci \u00e0 l&#8217;Assistance Publique &#8211; H\u00f4pitaux de Marseille de nous permettre cela.<b><b><br \/>\n<\/b><b><br \/>\n<\/b><\/b><b><\/b><\/p>\n<p><strong>30<\/strong> personnes sont venues \u00e0 notre rencontre, super !<\/p>\n<p><strong>13<\/strong> personnes ont b\u00e9n\u00e9fici\u00e9 d&#8217;un appareillage soit pour la 1\u00e8re fois, soit AuditionSolidarit\u00e9 a proc\u00e9d\u00e9 \u00e0 un changement de leur ancien appareillage ; en totalit\u00e9 <strong>21<\/strong> appareils adapt\u00e9s !<b><br \/>\n<\/b><b><\/b><b><br \/>\n<\/b>Merci aux audioproth\u00e9sistes : Catherine Courtet, Elisa Beti, Alexia Bary et Christine Bourger<b><br \/>\n<\/b>Merci \u00e0 Luc Moulonguet, l&#8217;ORL<br \/>\nMerci \u00e0 l&#8217;orthophoniste Clotilde Faure<br \/>\nMerci au fabricant d&#8217;embouts, Julien Bartoli<br \/>\nMerci \u00e0 C\u00e9line Durand pour le secr\u00e9tariat<b><br \/>\n<\/b>Merci \u00e0 Audrey Vazquez, \u00e9tudiante en audioproth\u00e8se<b><br \/>\n<\/b><b><br \/>\n<\/b><\/p>\n<p>Merci \u00e0 l&#8217;\u00e9quipe de l&#8217;AP-HM<b><br \/>\n<\/b><b><br \/>\n<\/b><b><b> <\/b> <\/b><\/p>\n<p>Un grand MERCI \u00e0 la Fondation ZEPHYR, \u00e0 La Fondation Dominique et Tom ALBERICI, \u00e0 la Fondation La France s&#8217;engage et \u00e0 la Fondation UP pour leur soutien si pr\u00e9cieux.<b><br \/>\n<\/b><b><br \/>\n<\/b><\/p>\n<p style=\"text-align: center;\"><strong>Interviews de l&#8217;\u00e9quipe<\/strong><\/p>\n<table>\n<tbody>\n<tr>\n<td style=\"text-align: center;\">Alexia Bary &#8211; Audioproth\u00e9siste<b><\/b><b><br \/>\n<iframe loading=\"lazy\" src=\"https:\/\/www.youtube.com\/embed\/9k5yLP7r3IY\" width=\"250\" height=\"180\" frameborder=\"0\" allowfullscreen=\"allowfullscreen\"><\/iframe><br \/>\n<\/b><\/td>\n<td style=\"text-align: center;\">Elisa Bety &#8211; Audioproth\u00e9siste<b><br \/>\n<iframe loading=\"lazy\" src=\"https:\/\/www.youtube.com\/embed\/Ay4GfT0f7gI\" width=\"250\" height=\"180\" frameborder=\"0\" allowfullscreen=\"allowfullscreen\"><\/iframe><br \/>\n<\/b><\/td>\n<td style=\"text-align: center;\">Catherine Courtet &#8211; Audioproth\u00e9siste<b><\/b><b><br \/>\n<iframe loading=\"lazy\" src=\"https:\/\/www.youtube.com\/embed\/h1S438FNKCs\" width=\"250\" height=\"180\" frameborder=\"0\" allowfullscreen=\"allowfullscreen\"><\/iframe><br \/>\n<\/b><\/td>\n<\/tr>\n<tr>\n<td style=\"text-align: center;\">C\u00e9line Durand &#8211; Secr\u00e9tariat<b><br \/>\n<iframe loading=\"lazy\" src=\"https:\/\/www.youtube.com\/embed\/HskfGwOAHoc\" width=\"250\" height=\"180\" frameborder=\"0\" allowfullscreen=\"allowfullscreen\"><\/iframe><br \/>\n<\/b><\/td>\n<td style=\"text-align: center;\">Audrey Vazquez &#8211; \u00c9tudiante<b><br \/>\n<iframe loading=\"lazy\" src=\"https:\/\/www.youtube.com\/embed\/B9XhsalGdpo\" width=\"250\" height=\"180\" frameborder=\"0\" allowfullscreen=\"allowfullscreen\"><\/iframe><br \/>\n<\/b><\/td>\n<td><\/td>\n<\/tr>\n<\/tbody>\n<\/table>\n<p style=\"text-align: left;\"><img loading=\"lazy\" decoding=\"async\" class=\"aligncenter wp-image-6677\" src=\"\/\/www.auditionsolidarite.org\/wp-content\/uploads\/2019\/04\/avril-2019-aphm-86-Copier.jpg\" alt=\"\" width=\"490\" height=\"368\" srcset=\"https:\/\/www.auditionsolidarite.org\/wp-content\/uploads\/2019\/04\/avril-2019-aphm-86-Copier.jpg 1000w, https:\/\/www.auditionsolidarite.org\/wp-content\/uploads\/2019\/04\/avril-2019-aphm-86-Copier-300x225.jpg 300w, https:\/\/www.auditionsolidarite.org\/wp-content\/uploads\/2019\/04\/avril-2019-aphm-86-Copier-768x577.jpg 768w\" sizes=\"(max-width: 490px) 100vw, 490px\" \/><img loading=\"lazy\" decoding=\"async\" class=\"aligncenter wp-image-6672\" src=\"\/\/www.auditionsolidarite.org\/wp-content\/uploads\/2019\/04\/avril-2019-aphm-13-Copier.jpg\" alt=\"\" width=\"490\" height=\"368\" srcset=\"https:\/\/www.auditionsolidarite.org\/wp-content\/uploads\/2019\/04\/avril-2019-aphm-13-Copier.jpg 1000w, https:\/\/www.auditionsolidarite.org\/wp-content\/uploads\/2019\/04\/avril-2019-aphm-13-Copier-300x225.jpg 300w, https:\/\/www.auditionsolidarite.org\/wp-content\/uploads\/2019\/04\/avril-2019-aphm-13-Copier-768x577.jpg 768w\" sizes=\"(max-width: 490px) 100vw, 490px\" \/> <img loading=\"lazy\" decoding=\"async\" class=\"aligncenter wp-image-6676\" src=\"\/\/www.auditionsolidarite.org\/wp-content\/uploads\/2019\/04\/avril-2019-aphm-62-Copier.jpg\" alt=\"\" width=\"490\" height=\"368\" srcset=\"https:\/\/www.auditionsolidarite.org\/wp-content\/uploads\/2019\/04\/avril-2019-aphm-62-Copier.jpg 1000w, https:\/\/www.auditionsolidarite.org\/wp-content\/uploads\/2019\/04\/avril-2019-aphm-62-Copier-300x225.jpg 300w, https:\/\/www.auditionsolidarite.org\/wp-content\/uploads\/2019\/04\/avril-2019-aphm-62-Copier-768x577.jpg 768w\" sizes=\"(max-width: 490px) 100vw, 490px\" \/><\/p>\n<p style=\"text-align: center;\">","protected":false},"excerpt":{"rendered":"<p>Retour sur la mission &#8220;Audition&#8221; qui s&#8217;est d\u00e9roul\u00e9e les 2 et 3 avril 2019 \u00e0 l&#8217;h\u00f4pital de la Conception \u00e0 Marseille en partenariat avec l\u2019AP-HM. Quels moments de vie intenses de voir ces visages s\u2019illuminer \u00e0 l\u2019appareillage\u2026on ne s\u2019en lasse jamais. L&#8217;\u00e9quipe d&#8217;AuditionSolidarit\u00e9 accueille de plus en plus de personnes d\u00e9munies sur ces deux journ\u00e9es, c&#8217;est tr\u00e8s positif ! On<\/p>\n","protected":false},"author":2,"featured_media":0,"parent":0,"menu_order":0,"comment_status":"closed","ping_status":"closed","template":"","meta":{"footnotes":""},"acf":[],"yoast_head":"<!-- This site is optimized with the Yoast SEO plugin v21.9.1 - https:\/\/yoast.com\/wordpress\/plugins\/seo\/ -->\n<title>H\u00f4pital de la Conception Marseille \u2013 Avril 2019 - AuditionSolidarit\u00e9<\/title>\n<meta name=\"robots\" content=\"index, follow, max-snippet:-1, max-image-preview:large, max-video-preview:-1\" \/>\n<link rel=\"canonical\" href=\"https:\/\/www.auditionsolidarite.org\/fr\/hopital-de-conception-marseille-avril-2019\/\" \/>\n<meta property=\"og:locale\" content=\"fr_FR\" \/>\n<meta property=\"og:type\" content=\"article\" \/>\n<meta property=\"og:title\" content=\"H\u00f4pital de la Conception Marseille \u2013 Avril 2019 - AuditionSolidarit\u00e9\" \/>\n<meta property=\"og:description\" content=\"Retour sur la mission &#8220;Audition&#8221; qui s&#8217;est d\u00e9roul\u00e9e les 2 et 3 avril 2019 \u00e0 l&#8217;h\u00f4pital de la Conception \u00e0 Marseille en partenariat avec l\u2019AP-HM. Quels moments de vie intenses de voir ces visages s\u2019illuminer \u00e0 l\u2019appareillage\u2026on ne s\u2019en lasse jamais. L&#8217;\u00e9quipe d&#8217;AuditionSolidarit\u00e9 accueille de plus en plus de personnes d\u00e9munies sur ces deux journ\u00e9es, c&#8217;est tr\u00e8s positif ! On\" \/>\n<meta property=\"og:url\" content=\"https:\/\/www.auditionsolidarite.org\/fr\/hopital-de-conception-marseille-avril-2019\/\" \/>\n<meta property=\"og:site_name\" content=\"AuditionSolidarit\u00e9\" \/>\n<meta property=\"og:image\" content=\"https:\/\/www.auditionsolidarite.org\/wp-content\/uploads\/2015\/07\/logo-audition-solidarite-e1446132259721.png\" \/>\n\t<meta property=\"og:image:width\" content=\"600\" \/>\n\t<meta property=\"og:image:height\" content=\"593\" \/>\n\t<meta property=\"og:image:type\" content=\"image\/png\" \/>\n<meta name=\"twitter:card\" content=\"summary_large_image\" \/>\n<meta name=\"twitter:label1\" content=\"Dur\u00e9e de lecture estim\u00e9e\" \/>\n\t<meta name=\"twitter:data1\" content=\"1 minute\" \/>\n<script type=\"application\/ld+json\" class=\"yoast-schema-graph\">{\"@context\":\"https:\/\/schema.org\",\"@graph\":[{\"@type\":\"WebPage\",\"@id\":\"https:\/\/www.auditionsolidarite.org\/fr\/hopital-de-conception-marseille-avril-2019\/\",\"url\":\"https:\/\/www.auditionsolidarite.org\/fr\/hopital-de-conception-marseille-avril-2019\/\",\"name\":\"H\u00f4pital de la Conception Marseille \u2013 Avril 2019 - AuditionSolidarit\u00e9\",\"isPartOf\":{\"@id\":\"https:\/\/www.auditionsolidarite.org\/fr\/#website\"},\"datePublished\":\"2019-07-04T09:27:38+00:00\",\"dateModified\":\"2019-07-04T09:27:38+00:00\",\"breadcrumb\":{\"@id\":\"https:\/\/www.auditionsolidarite.org\/fr\/hopital-de-conception-marseille-avril-2019\/#breadcrumb\"},\"inLanguage\":\"fr-FR\",\"potentialAction\":[{\"@type\":\"ReadAction\",\"target\":[[\"https:\/\/www.auditionsolidarite.org\/fr\/hopital-de-conception-marseille-avril-2019\/\"]]}]},{\"@type\":\"BreadcrumbList\",\"@id\":\"https:\/\/www.auditionsolidarite.org\/fr\/hopital-de-conception-marseille-avril-2019\/#breadcrumb\",\"itemListElement\":[{\"@type\":\"ListItem\",\"position\":1,\"name\":\"Accueil\",\"item\":\"https:\/\/www.auditionsolidarite.org\/fr\/\"},{\"@type\":\"ListItem\",\"position\":2,\"name\":\"H\u00f4pital de la Conception Marseille \u2013 Avril 2019\"}]},{\"@type\":\"WebSite\",\"@id\":\"https:\/\/www.auditionsolidarite.org\/fr\/#website\",\"url\":\"https:\/\/www.auditionsolidarite.org\/fr\/\",\"name\":\"AuditionSolidarit\u00e9\",\"description\":\"Le hasard n&#039;existe pas ! Si vous \u00eates l\u00e0 aujourd&#039;hui, c&#039;est que le monde de l&#039;audition vous touche... Alors merci d&#039;\u00eatre l\u00e0 !\",\"publisher\":{\"@id\":\"https:\/\/www.auditionsolidarite.org\/fr\/#organization\"},\"potentialAction\":[{\"@type\":\"SearchAction\",\"target\":{\"@type\":\"EntryPoint\",\"urlTemplate\":\"https:\/\/www.auditionsolidarite.org\/fr\/?s={search_term_string}\"},\"query-input\":\"required name=search_term_string\"}],\"inLanguage\":\"fr-FR\"},{\"@type\":\"Organization\",\"@id\":\"https:\/\/www.auditionsolidarite.org\/fr\/#organization\",\"name\":\"AuditionSolidarit\u00e9\",\"url\":\"https:\/\/www.auditionsolidarite.org\/fr\/\",\"logo\":{\"@type\":\"ImageObject\",\"inLanguage\":\"fr-FR\",\"@id\":\"https:\/\/www.auditionsolidarite.org\/fr\/#\/schema\/logo\/image\/\",\"url\":\"https:\/\/www.auditionsolidarite.org\/wp-content\/uploads\/2015\/07\/logo-audition-solidarite-e1446132259721.png\",\"contentUrl\":\"https:\/\/www.auditionsolidarite.org\/wp-content\/uploads\/2015\/07\/logo-audition-solidarite-e1446132259721.png\",\"width\":600,\"height\":593,\"caption\":\"AuditionSolidarit\u00e9\"},\"image\":{\"@id\":\"https:\/\/www.auditionsolidarite.org\/fr\/#\/schema\/logo\/image\/\"}}]}<\/script>\n<!-- \/ Yoast SEO plugin. -->","yoast_head_json":{"title":"H\u00f4pital de la Conception Marseille \u2013 Avril 2019 - AuditionSolidarit\u00e9","robots":{"index":"index","follow":"follow","max-snippet":"max-snippet:-1","max-image-preview":"max-image-preview:large","max-video-preview":"max-video-preview:-1"},"canonical":"https:\/\/www.auditionsolidarite.org\/fr\/hopital-de-conception-marseille-avril-2019\/","og_locale":"fr_FR","og_type":"article","og_title":"H\u00f4pital de la Conception Marseille \u2013 Avril 2019 - AuditionSolidarit\u00e9","og_description":"Retour sur la mission &#8220;Audition&#8221; qui s&#8217;est d\u00e9roul\u00e9e les 2 et 3 avril 2019 \u00e0 l&#8217;h\u00f4pital de la Conception \u00e0 Marseille en partenariat avec l\u2019AP-HM. Quels moments de vie intenses de voir ces visages s\u2019illuminer \u00e0 l\u2019appareillage\u2026on ne s\u2019en lasse jamais. L&#8217;\u00e9quipe d&#8217;AuditionSolidarit\u00e9 accueille de plus en plus de personnes d\u00e9munies sur ces deux journ\u00e9es, c&#8217;est tr\u00e8s positif ! On","og_url":"https:\/\/www.auditionsolidarite.org\/fr\/hopital-de-conception-marseille-avril-2019\/","og_site_name":"AuditionSolidarit\u00e9","og_image":[{"width":600,"height":593,"url":"https:\/\/www.auditionsolidarite.org\/wp-content\/uploads\/2015\/07\/logo-audition-solidarite-e1446132259721.png","type":"image\/png"}],"twitter_card":"summary_large_image","twitter_misc":{"Dur\u00e9e de lecture estim\u00e9e":"1 minute"},"schema":{"@context":"https:\/\/schema.org","@graph":[{"@type":"WebPage","@id":"https:\/\/www.auditionsolidarite.org\/fr\/hopital-de-conception-marseille-avril-2019\/","url":"https:\/\/www.auditionsolidarite.org\/fr\/hopital-de-conception-marseille-avril-2019\/","name":"H\u00f4pital de la Conception Marseille \u2013 Avril 2019 - AuditionSolidarit\u00e9","isPartOf":{"@id":"https:\/\/www.auditionsolidarite.org\/fr\/#website"},"datePublished":"2019-07-04T09:27:38+00:00","dateModified":"2019-07-04T09:27:38+00:00","breadcrumb":{"@id":"https:\/\/www.auditionsolidarite.org\/fr\/hopital-de-conception-marseille-avril-2019\/#breadcrumb"},"inLanguage":"fr-FR","potentialAction":[{"@type":"ReadAction","target":[["https:\/\/www.auditionsolidarite.org\/fr\/hopital-de-conception-marseille-avril-2019\/"]]}]},{"@type":"BreadcrumbList","@id":"https:\/\/www.auditionsolidarite.org\/fr\/hopital-de-conception-marseille-avril-2019\/#breadcrumb","itemListElement":[{"@type":"ListItem","position":1,"name":"Accueil","item":"https:\/\/www.auditionsolidarite.org\/fr\/"},{"@type":"ListItem","position":2,"name":"H\u00f4pital de la Conception Marseille \u2013 Avril 2019"}]},{"@type":"WebSite","@id":"https:\/\/www.auditionsolidarite.org\/fr\/#website","url":"https:\/\/www.auditionsolidarite.org\/fr\/","name":"AuditionSolidarit\u00e9","description":"Le hasard n&#039;existe pas ! Si vous \u00eates l\u00e0 aujourd&#039;hui, c&#039;est que le monde de l&#039;audition vous touche... Alors merci d&#039;\u00eatre l\u00e0 !","publisher":{"@id":"https:\/\/www.auditionsolidarite.org\/fr\/#organization"},"potentialAction":[{"@type":"SearchAction","target":{"@type":"EntryPoint","urlTemplate":"https:\/\/www.auditionsolidarite.org\/fr\/?s={search_term_string}"},"query-input":"required name=search_term_string"}],"inLanguage":"fr-FR"},{"@type":"Organization","@id":"https:\/\/www.auditionsolidarite.org\/fr\/#organization","name":"AuditionSolidarit\u00e9","url":"https:\/\/www.auditionsolidarite.org\/fr\/","logo":{"@type":"ImageObject","inLanguage":"fr-FR","@id":"https:\/\/www.auditionsolidarite.org\/fr\/#\/schema\/logo\/image\/","url":"https:\/\/www.auditionsolidarite.org\/wp-content\/uploads\/2015\/07\/logo-audition-solidarite-e1446132259721.png","contentUrl":"https:\/\/www.auditionsolidarite.org\/wp-content\/uploads\/2015\/07\/logo-audition-solidarite-e1446132259721.png","width":600,"height":593,"caption":"AuditionSolidarit\u00e9"},"image":{"@id":"https:\/\/www.auditionsolidarite.org\/fr\/#\/schema\/logo\/image\/"}}]}},"_links":{"self":[{"href":"https:\/\/www.auditionsolidarite.org\/fr\/wp-json\/wp\/v2\/pages\/6908"}],"collection":[{"href":"https:\/\/www.auditionsolidarite.org\/fr\/wp-json\/wp\/v2\/pages"}],"about":[{"href":"https:\/\/www.auditionsolidarite.org\/fr\/wp-json\/wp\/v2\/types\/page"}],"author":[{"embeddable":true,"href":"https:\/\/www.auditionsolidarite.org\/fr\/wp-json\/wp\/v2\/users\/2"}],"replies":[{"embeddable":true,"href":"https:\/\/www.auditionsolidarite.org\/fr\/wp-json\/wp\/v2\/comments?post=6908"}],"version-history":[{"count":1,"href":"https:\/\/www.auditionsolidarite.org\/fr\/wp-json\/wp\/v2\/pages\/6908\/revisions"}],"predecessor-version":[{"id":6909,"href":"https:\/\/www.auditionsolidarite.org\/fr\/wp-json\/wp\/v2\/pages\/6908\/revisions\/6909"}],"wp:attachment":[{"href":"https:\/\/www.auditionsolidarite.org\/fr\/wp-json\/wp\/v2\/media?parent=6908"}],"curies":[{"name":"wp","href":"https:\/\/api.w.org\/{rel}","templated":true}]}}