{"id":6667,"date":"2019-04-05T14:54:48","date_gmt":"2019-04-05T13:54:48","guid":{"rendered":"https:\/\/www.auditionsolidarite.org\/?page_id=6667"},"modified":"2026-04-01T14:16:28","modified_gmt":"2026-04-01T13:16:28","slug":"notre-derniere-mission-paris","status":"publish","type":"page","link":"https:\/\/www.auditionsolidarite.org\/fr\/notre-derniere-mission-paris\/","title":{"rendered":"Notre derni\u00e8re mission Paris"},"content":{"rendered":"<strong>R\u00e9cap&#8217; de la mission du 10 au 13 mars 2026 \u00e0 Paris<\/strong><\/p>\n<blockquote><p><span data-olk-copy-source=\"MessageBody\">C\u2019est la premi\u00e8re fois que la barre symbolique des 200 personnes accueillies est franchie. Une affluence en constante augmentation, reflet d\u2019une pr\u00e9carit\u00e9 bien r\u00e9elle, ce qui nous inqui\u00e8te et qui souligne, une fois de plus, toute l\u2019utilit\u00e9 d\u2019une telle action humanitaire. Un grand merci \u00e0 nos m\u00e9c\u00e8nes et aux fondations qui rendent ces missions possibles. <em>Christine Bourger, pr\u00e9sidente d&#8217;AuditionSolidarit\u00e9<\/em><\/span><\/p><\/blockquote>\n<p>Le r\u00e9sum\u00e9 de la mission en quelques chiffres<\/p>\n<ul>\n<li><span role=\"presentation\"><strong>213<\/strong>\u00a0personnes d\u00e9munies accueillies<\/span><\/li>\n<li><strong>78 <\/strong>personnes appareill\u00e9es<\/li>\n<li><span role=\"presentation\"><strong>144 <\/strong>appareils auditifs adapt\u00e9s<\/span><\/li>\n<li><span role=\"presentation\"><strong>157<\/strong>\u00a0embouts sur mesure fabriqu\u00e9s<\/span><\/li>\n<\/ul>\n<div class=\"x14z9mp xat24cr x1lziwak x1vvkbs xtlvy1s x126k92a\">\n<div dir=\"auto\">Des sourires dans tous les sens, bravo <span class=\"x193iq5w xeuugli x13faqbe x1vvkbs x1xmvt09 x1lliihq x1s928wv xhkezso x1gmr53x x1cpjm7i x1fgarty x1943h6x xudqn12 x3x7a5m x6prxxf xvq8zen xo1l8bm xzsf02u x1yc453h\" dir=\"auto\">aux 18 m\u00e9c\u00e8nes et 2 \u00e9tudiantes qui ont tant donn\u00e9 durant cette semaine de tous les records !<\/span><\/div>\n<div dir=\"auto\"><\/div>\n<div dir=\"auto\">\u00c9norme MERCI aux fondations et partenaires qui soutiennent cette aventure : Fondation Veolia, Fondation Tolot, Fondation Krys, Aesio Mutuelle et \u00e9videmment tous nos m\u00e9c\u00e8nes <span class=\"html-span xexx8yu xyri2b x18d9i69 x1c1uobl x1hl2dhg x16tdsg8 x1vvkbs x3nfvp2 x1j61x8r x1fcty0u xdj266r xat24cr xm2jcoa x1mpyi22 xxymvpz xlup9mm x1kky2od\"><img loading=\"lazy\" decoding=\"async\" class=\"xz74otr x15mokao x1ga7v0g x16uus16 xbiv7yw\" src=\"https:\/\/static.xx.fbcdn.net\/images\/emoji.php\/v9\/t68\/1\/16\/1f495.png\" alt=\"\ud83d\udc95\" width=\"16\" height=\"16\" \/><\/span><\/div>\n<\/div>\n<p><img loading=\"lazy\" decoding=\"async\" class=\"aligncenter wp-image-10884\" src=\"\/\/www.auditionsolidarite.org\/wp-content\/uploads\/2026\/03\/3-photos-Paris-mars-26.jpg\" alt=\"\" width=\"991\" height=\"250\" srcset=\"https:\/\/www.auditionsolidarite.org\/wp-content\/uploads\/2026\/03\/3-photos-Paris-mars-26.jpg 991w, https:\/\/www.auditionsolidarite.org\/wp-content\/uploads\/2026\/03\/3-photos-Paris-mars-26-300x76.jpg 300w, https:\/\/www.auditionsolidarite.org\/wp-content\/uploads\/2026\/03\/3-photos-Paris-mars-26-768x194.jpg 768w\" sizes=\"(max-width: 991px) 100vw, 991px\" \/><b>Le d\u00e9tail :<br \/>\n<\/b><\/p>\n<table style=\"width: 699px;\" border=\"1\">\n<tbody>\n<tr style=\"height: 24px;\">\n<td style=\"width: 335px; height: 24px;\">H\u00f4pital Rothschild<\/td>\n<td style=\"width: 364px; height: 24px;\">Paroisse Saint-Marcel<\/td>\n<\/tr>\n<tr style=\"height: 24px;\">\n<td style=\"width: 335px; height: 24px;\">93 personnes accueillies<\/td>\n<td style=\"width: 364px; height: 24px;\">120 personnes accueillies<\/td>\n<\/tr>\n<tr style=\"height: 24px;\">\n<td style=\"width: 335px; height: 24px;\">61 personnes appareill\u00e9es<\/td>\n<td style=\"width: 364px; height: 24px;\">17 personnes appareill\u00e9es<\/td>\n<\/tr>\n<tr style=\"height: 24px;\">\n<td style=\"width: 335px; height: 24px;\">117 appareils adapt\u00e9s<\/td>\n<td style=\"width: 364px; height: 24px;\">27 appareils adapt\u00e9s<\/td>\n<\/tr>\n<\/tbody>\n<\/table>\n<p>Un grand merci \u00e0 l\u2019H\u00f4pital Rothschild ainsi qu\u2019\u00e0 la Paroisse Saint-Marcel pour leur accueil et leur disponibilit\u00e9. <b><\/b><b><\/b><b><\/b><b><\/b><b><\/b><\/p>\n<p>&nbsp;<\/p>\n<p><strong>Merci<\/strong> aux deux \u00e9quipes qui se sont succ\u00e9d\u00e9 sur ces 2 missions :<b><br \/>\n<\/b><\/p>\n<ul>\n<li dir=\"auto\">Les audioproth\u00e9sistes : <span class=\"x193iq5w xeuugli x13faqbe x1vvkbs x1xmvt09 x1lliihq x1s928wv xhkezso x1gmr53x x1cpjm7i x1fgarty x1943h6x xudqn12 x3x7a5m x6prxxf xvq8zen xo1l8bm xzsf02u x1yc453h\" dir=\"auto\"><span data-olk-copy-source=\"MessageBody\">Lucile Faivre, Thibaut Derre, Olivier Lamy, Romain Decolin, Sophie Munoz, Guillaume Morel, H\u00e9l\u00e8ne Cottin, Pierre Zajec, Liorah Mechaly, Ludovic Delacour et Olivier Akerib<\/span><\/span><\/li>\n<li dir=\"auto\">L&#8217;orthophoniste :\u00a0<span data-olk-copy-source=\"MessageBody\">Laetitia Puissant<\/span><\/li>\n<li dir=\"auto\">La fabrication des embouts : <span data-olk-copy-source=\"MessageBody\">Yohan Menard, Ludovic Delacour et Avy Knafo<\/span><\/li>\n<li dir=\"auto\">Les ORL : <span data-olk-copy-source=\"MessageBody\">Nathalie No\u00ebl-Petroff<\/span> &amp; <span data-olk-copy-source=\"MessageBody\">Sylvie Claudin<\/span><\/li>\n<li dir=\"auto\">Le secr\u00e9tariat :\u00a0<span data-olk-copy-source=\"MessageBody\">Xavier Temmos &amp; Didier Cadeau<\/span><\/li>\n<li dir=\"auto\"><span class=\"x193iq5w xeuugli x13faqbe x1vvkbs x1xmvt09 x1lliihq x1s928wv xhkezso x1gmr53x x1cpjm7i x1fgarty x1943h6x xudqn12 x3x7a5m x6prxxf xvq8zen xo1l8bm xzsf02u x1yc453h\" dir=\"auto\">Les \u00e9tudiants : <span data-olk-copy-source=\"MessageBody\">Souleimane Boufhal de Fleurac<\/span> &amp; <span data-olk-copy-source=\"MessageBody\"> Ines Barki <\/span><\/span><\/li>\n<li dir=\"auto\">La logistique : <span data-olk-copy-source=\"MessageBody\">Carole, Marion et Blandine<\/span><\/li>\n<\/ul>\n<p><b><b><br \/>\n<\/b><\/b>Prochaine mission \u00e0 Paris :<\/p>\n<ul>\n<li>les 22 &amp; 23 septembre 2026 \u00e0 l\u2019H\u00f4pital Rothschild pour les primo-consultants sur inscriptions =&gt; <a href=\"https:\/\/forms.gle\/7Kde1KE8XchRktwV8\" target=\"_blank\" rel=\"noopener\">ICI<\/a><\/li>\n<li>les 24 &amp; 25 septembre 2026 au sein de la paroisse Saint-Marcel pour les suivis sans rendez-vous<b><br \/>\n<\/b><\/li>\n<\/ul>\n<p style=\"text-align: center;\">T\u00e9moignages m\u00e9c\u00e8nes\n<\/p>\n<p style=\"text-align: center;\"><iframe loading=\"lazy\" title=\"YouTube video player\" src=\"https:\/\/www.youtube-nocookie.com\/embed\/OEfWmPnVTGE?si=jNkm_aaz9y_BY383\" width=\"560\" height=\"315\" frameborder=\"0\" allowfullscreen=\"allowfullscreen\"><\/iframe><\/p>\n<p style=\"text-align: center;\"><img loading=\"lazy\" decoding=\"async\" class=\"aligncenter wp-image-10881\" src=\"\/\/www.auditionsolidarite.org\/wp-content\/uploads\/2026\/03\/1.jpg\" alt=\"\" width=\"500\" height=\"375\" srcset=\"https:\/\/www.auditionsolidarite.org\/wp-content\/uploads\/2026\/03\/1.jpg 800w, https:\/\/www.auditionsolidarite.org\/wp-content\/uploads\/2026\/03\/1-300x225.jpg 300w, https:\/\/www.auditionsolidarite.org\/wp-content\/uploads\/2026\/03\/1-768x576.jpg 768w\" sizes=\"(max-width: 500px) 100vw, 500px\" \/> <img loading=\"lazy\" decoding=\"async\" class=\"aligncenter wp-image-10882\" src=\"\/\/www.auditionsolidarite.org\/wp-content\/uploads\/2026\/03\/Paroisse_Mars_2026-24.jpg\" alt=\"\" width=\"500\" height=\"375\" srcset=\"https:\/\/www.auditionsolidarite.org\/wp-content\/uploads\/2026\/03\/Paroisse_Mars_2026-24.jpg 800w, https:\/\/www.auditionsolidarite.org\/wp-content\/uploads\/2026\/03\/Paroisse_Mars_2026-24-300x225.jpg 300w, https:\/\/www.auditionsolidarite.org\/wp-content\/uploads\/2026\/03\/Paroisse_Mars_2026-24-768x576.jpg 768w\" sizes=\"(max-width: 500px) 100vw, 500px\" \/><img loading=\"lazy\" decoding=\"async\" class=\"aligncenter wp-image-10883\" src=\"\/\/www.auditionsolidarite.org\/wp-content\/uploads\/2026\/03\/13.jpg\" alt=\"\" width=\"500\" height=\"375\" srcset=\"https:\/\/www.auditionsolidarite.org\/wp-content\/uploads\/2026\/03\/13.jpg 800w, https:\/\/www.auditionsolidarite.org\/wp-content\/uploads\/2026\/03\/13-300x225.jpg 300w, https:\/\/www.auditionsolidarite.org\/wp-content\/uploads\/2026\/03\/13-768x576.jpg 768w\" sizes=\"(max-width: 500px) 100vw, 500px\" \/><\/p>","protected":false},"excerpt":{"rendered":"<p>R\u00e9cap&#8217; de la mission du 10 au 13 mars 2026 \u00e0 Paris C\u2019est la premi\u00e8re fois que la barre symbolique des 200 personnes accueillies est franchie. Une affluence en constante augmentation, reflet d\u2019une pr\u00e9carit\u00e9 bien r\u00e9elle, ce qui nous inqui\u00e8te et qui souligne, une fois de plus, toute l\u2019utilit\u00e9 d\u2019une telle action humanitaire. Un grand merci \u00e0 nos m\u00e9c\u00e8nes et<\/p>\n","protected":false},"author":2,"featured_media":0,"parent":0,"menu_order":0,"comment_status":"closed","ping_status":"closed","template":"","meta":{"footnotes":""},"acf":[],"yoast_head":"<!-- This site is optimized with the Yoast SEO plugin v21.9.1 - https:\/\/yoast.com\/wordpress\/plugins\/seo\/ -->\n<title>Notre derni\u00e8re mission Paris - AuditionSolidarit\u00e9<\/title>\n<meta name=\"robots\" content=\"index, follow, max-snippet:-1, max-image-preview:large, max-video-preview:-1\" \/>\n<link rel=\"canonical\" href=\"https:\/\/www.auditionsolidarite.org\/fr\/notre-derniere-mission-paris\/\" \/>\n<meta property=\"og:locale\" content=\"fr_FR\" \/>\n<meta property=\"og:type\" content=\"article\" \/>\n<meta property=\"og:title\" content=\"Notre derni\u00e8re mission Paris - AuditionSolidarit\u00e9\" \/>\n<meta property=\"og:description\" content=\"R\u00e9cap&#8217; de la mission du 10 au 13 mars 2026 \u00e0 Paris C\u2019est la premi\u00e8re fois que la barre symbolique des 200 personnes accueillies est franchie. Une affluence en constante augmentation, reflet d\u2019une pr\u00e9carit\u00e9 bien r\u00e9elle, ce qui nous inqui\u00e8te et qui souligne, une fois de plus, toute l\u2019utilit\u00e9 d\u2019une telle action humanitaire. Un grand merci \u00e0 nos m\u00e9c\u00e8nes et\" \/>\n<meta property=\"og:url\" content=\"https:\/\/www.auditionsolidarite.org\/fr\/notre-derniere-mission-paris\/\" \/>\n<meta property=\"og:site_name\" content=\"AuditionSolidarit\u00e9\" \/>\n<meta property=\"article:modified_time\" content=\"2026-04-01T13:16:28+00:00\" \/>\n<meta property=\"og:image\" content=\"https:\/\/static.xx.fbcdn.net\/images\/emoji.php\/v9\/t68\/1\/16\/1f495.png\" \/>\n<meta name=\"twitter:card\" content=\"summary_large_image\" \/>\n<meta name=\"twitter:label1\" content=\"Dur\u00e9e de lecture estim\u00e9e\" \/>\n\t<meta name=\"twitter:data1\" content=\"3 minutes\" \/>\n<script type=\"application\/ld+json\" class=\"yoast-schema-graph\">{\"@context\":\"https:\/\/schema.org\",\"@graph\":[{\"@type\":\"WebPage\",\"@id\":\"https:\/\/www.auditionsolidarite.org\/fr\/notre-derniere-mission-paris\/\",\"url\":\"https:\/\/www.auditionsolidarite.org\/fr\/notre-derniere-mission-paris\/\",\"name\":\"Notre derni\u00e8re mission Paris - AuditionSolidarit\u00e9\",\"isPartOf\":{\"@id\":\"https:\/\/www.auditionsolidarite.org\/fr\/#website\"},\"datePublished\":\"2019-04-05T13:54:48+00:00\",\"dateModified\":\"2026-04-01T13:16:28+00:00\",\"breadcrumb\":{\"@id\":\"https:\/\/www.auditionsolidarite.org\/fr\/notre-derniere-mission-paris\/#breadcrumb\"},\"inLanguage\":\"fr-FR\",\"potentialAction\":[{\"@type\":\"ReadAction\",\"target\":[[\"https:\/\/www.auditionsolidarite.org\/fr\/notre-derniere-mission-paris\/\"]]}]},{\"@type\":\"BreadcrumbList\",\"@id\":\"https:\/\/www.auditionsolidarite.org\/fr\/notre-derniere-mission-paris\/#breadcrumb\",\"itemListElement\":[{\"@type\":\"ListItem\",\"position\":1,\"name\":\"Accueil\",\"item\":\"https:\/\/www.auditionsolidarite.org\/fr\/\"},{\"@type\":\"ListItem\",\"position\":2,\"name\":\"Notre derni\u00e8re mission Paris\"}]},{\"@type\":\"WebSite\",\"@id\":\"https:\/\/www.auditionsolidarite.org\/fr\/#website\",\"url\":\"https:\/\/www.auditionsolidarite.org\/fr\/\",\"name\":\"AuditionSolidarit\u00e9\",\"description\":\"Le hasard n&#039;existe pas ! Si vous \u00eates l\u00e0 aujourd&#039;hui, c&#039;est que le monde de l&#039;audition vous touche... Alors merci d&#039;\u00eatre l\u00e0 !\",\"publisher\":{\"@id\":\"https:\/\/www.auditionsolidarite.org\/fr\/#organization\"},\"potentialAction\":[{\"@type\":\"SearchAction\",\"target\":{\"@type\":\"EntryPoint\",\"urlTemplate\":\"https:\/\/www.auditionsolidarite.org\/fr\/?s={search_term_string}\"},\"query-input\":\"required name=search_term_string\"}],\"inLanguage\":\"fr-FR\"},{\"@type\":\"Organization\",\"@id\":\"https:\/\/www.auditionsolidarite.org\/fr\/#organization\",\"name\":\"AuditionSolidarit\u00e9\",\"url\":\"https:\/\/www.auditionsolidarite.org\/fr\/\",\"logo\":{\"@type\":\"ImageObject\",\"inLanguage\":\"fr-FR\",\"@id\":\"https:\/\/www.auditionsolidarite.org\/fr\/#\/schema\/logo\/image\/\",\"url\":\"https:\/\/www.auditionsolidarite.org\/wp-content\/uploads\/2015\/07\/logo-audition-solidarite-e1446132259721.png\",\"contentUrl\":\"https:\/\/www.auditionsolidarite.org\/wp-content\/uploads\/2015\/07\/logo-audition-solidarite-e1446132259721.png\",\"width\":600,\"height\":593,\"caption\":\"AuditionSolidarit\u00e9\"},\"image\":{\"@id\":\"https:\/\/www.auditionsolidarite.org\/fr\/#\/schema\/logo\/image\/\"}}]}<\/script>\n<!-- \/ Yoast SEO plugin. -->","yoast_head_json":{"title":"Notre derni\u00e8re mission Paris - AuditionSolidarit\u00e9","robots":{"index":"index","follow":"follow","max-snippet":"max-snippet:-1","max-image-preview":"max-image-preview:large","max-video-preview":"max-video-preview:-1"},"canonical":"https:\/\/www.auditionsolidarite.org\/fr\/notre-derniere-mission-paris\/","og_locale":"fr_FR","og_type":"article","og_title":"Notre derni\u00e8re mission Paris - AuditionSolidarit\u00e9","og_description":"R\u00e9cap&#8217; de la mission du 10 au 13 mars 2026 \u00e0 Paris C\u2019est la premi\u00e8re fois que la barre symbolique des 200 personnes accueillies est franchie. Une affluence en constante augmentation, reflet d\u2019une pr\u00e9carit\u00e9 bien r\u00e9elle, ce qui nous inqui\u00e8te et qui souligne, une fois de plus, toute l\u2019utilit\u00e9 d\u2019une telle action humanitaire. Un grand merci \u00e0 nos m\u00e9c\u00e8nes et","og_url":"https:\/\/www.auditionsolidarite.org\/fr\/notre-derniere-mission-paris\/","og_site_name":"AuditionSolidarit\u00e9","article_modified_time":"2026-04-01T13:16:28+00:00","og_image":[{"url":"https:\/\/static.xx.fbcdn.net\/images\/emoji.php\/v9\/t68\/1\/16\/1f495.png"}],"twitter_card":"summary_large_image","twitter_misc":{"Dur\u00e9e de lecture estim\u00e9e":"3 minutes"},"schema":{"@context":"https:\/\/schema.org","@graph":[{"@type":"WebPage","@id":"https:\/\/www.auditionsolidarite.org\/fr\/notre-derniere-mission-paris\/","url":"https:\/\/www.auditionsolidarite.org\/fr\/notre-derniere-mission-paris\/","name":"Notre derni\u00e8re mission Paris - AuditionSolidarit\u00e9","isPartOf":{"@id":"https:\/\/www.auditionsolidarite.org\/fr\/#website"},"datePublished":"2019-04-05T13:54:48+00:00","dateModified":"2026-04-01T13:16:28+00:00","breadcrumb":{"@id":"https:\/\/www.auditionsolidarite.org\/fr\/notre-derniere-mission-paris\/#breadcrumb"},"inLanguage":"fr-FR","potentialAction":[{"@type":"ReadAction","target":[["https:\/\/www.auditionsolidarite.org\/fr\/notre-derniere-mission-paris\/"]]}]},{"@type":"BreadcrumbList","@id":"https:\/\/www.auditionsolidarite.org\/fr\/notre-derniere-mission-paris\/#breadcrumb","itemListElement":[{"@type":"ListItem","position":1,"name":"Accueil","item":"https:\/\/www.auditionsolidarite.org\/fr\/"},{"@type":"ListItem","position":2,"name":"Notre derni\u00e8re mission Paris"}]},{"@type":"WebSite","@id":"https:\/\/www.auditionsolidarite.org\/fr\/#website","url":"https:\/\/www.auditionsolidarite.org\/fr\/","name":"AuditionSolidarit\u00e9","description":"Le hasard n&#039;existe pas ! Si vous \u00eates l\u00e0 aujourd&#039;hui, c&#039;est que le monde de l&#039;audition vous touche... Alors merci d&#039;\u00eatre l\u00e0 !","publisher":{"@id":"https:\/\/www.auditionsolidarite.org\/fr\/#organization"},"potentialAction":[{"@type":"SearchAction","target":{"@type":"EntryPoint","urlTemplate":"https:\/\/www.auditionsolidarite.org\/fr\/?s={search_term_string}"},"query-input":"required name=search_term_string"}],"inLanguage":"fr-FR"},{"@type":"Organization","@id":"https:\/\/www.auditionsolidarite.org\/fr\/#organization","name":"AuditionSolidarit\u00e9","url":"https:\/\/www.auditionsolidarite.org\/fr\/","logo":{"@type":"ImageObject","inLanguage":"fr-FR","@id":"https:\/\/www.auditionsolidarite.org\/fr\/#\/schema\/logo\/image\/","url":"https:\/\/www.auditionsolidarite.org\/wp-content\/uploads\/2015\/07\/logo-audition-solidarite-e1446132259721.png","contentUrl":"https:\/\/www.auditionsolidarite.org\/wp-content\/uploads\/2015\/07\/logo-audition-solidarite-e1446132259721.png","width":600,"height":593,"caption":"AuditionSolidarit\u00e9"},"image":{"@id":"https:\/\/www.auditionsolidarite.org\/fr\/#\/schema\/logo\/image\/"}}]}},"_links":{"self":[{"href":"https:\/\/www.auditionsolidarite.org\/fr\/wp-json\/wp\/v2\/pages\/6667"}],"collection":[{"href":"https:\/\/www.auditionsolidarite.org\/fr\/wp-json\/wp\/v2\/pages"}],"about":[{"href":"https:\/\/www.auditionsolidarite.org\/fr\/wp-json\/wp\/v2\/types\/page"}],"author":[{"embeddable":true,"href":"https:\/\/www.auditionsolidarite.org\/fr\/wp-json\/wp\/v2\/users\/2"}],"replies":[{"embeddable":true,"href":"https:\/\/www.auditionsolidarite.org\/fr\/wp-json\/wp\/v2\/comments?post=6667"}],"version-history":[{"count":30,"href":"https:\/\/www.auditionsolidarite.org\/fr\/wp-json\/wp\/v2\/pages\/6667\/revisions"}],"predecessor-version":[{"id":10898,"href":"https:\/\/www.auditionsolidarite.org\/fr\/wp-json\/wp\/v2\/pages\/6667\/revisions\/10898"}],"wp:attachment":[{"href":"https:\/\/www.auditionsolidarite.org\/fr\/wp-json\/wp\/v2\/media?parent=6667"}],"curies":[{"name":"wp","href":"https:\/\/api.w.org\/{rel}","templated":true}]}}