{"id":9575,"date":"2023-11-22T14:17:19","date_gmt":"2023-11-22T13:17:19","guid":{"rendered":"https:\/\/www.auditionsolidarite.org\/?page_id=9575"},"modified":"2023-11-22T14:17:19","modified_gmt":"2023-11-22T13:17:19","slug":"mission-humanitaire-en-republique-dominicaine-hato-mayor-2023","status":"publish","type":"page","link":"https:\/\/www.auditionsolidarite.org\/en\/mission-humanitaire-en-republique-dominicaine-hato-mayor-2023\/","title":{"rendered":"(Fran\u00e7ais) Mission Humanitaire en R\u00e9publique dominicaine &#8211; Hato Mayor 2023"},"content":{"rendered":"<p class=\"qtranxs-available-languages-message qtranxs-available-languages-message-en\">Sorry, this entry is only available in <a href=\"https:\/\/www.auditionsolidarite.org\/fr\/wp-json\/wp\/v2\/pages\/9575\" class=\"qtranxs-available-language-link qtranxs-available-language-link-fr\" title=\"Fran\u00e7ais\">French<\/a>.<\/p><p style=\"text-align: center;\"><strong>Mission R\u00e9publique dominicaine 27 avril &#8211; 5 mai 2023, acte IV &#8211; le r\u00e9cit<b><b><br \/>\n<\/b><b><br \/>\n<\/b><\/b><b><iframe loading=\"lazy\" title=\"YouTube video player\" src=\"https:\/\/www.youtube-nocookie.com\/embed\/srYhDmUxJrU\" width=\"560\" height=\"315\" frameborder=\"0\" allowfullscreen=\"allowfullscreen\"><\/iframe><b><br \/>\n<\/b><b><\/b><\/b><\/strong><\/p>\n<table style=\"border-collapse: collapse; width: 100%;\" border=\"1\">\n<tbody>\n<tr>\n<td style=\"width: 50%; text-align: center;\">Moments inoubliables &#8211; atelier musique<b><br \/>\n<\/b><b><\/b><iframe loading=\"lazy\" title=\"YouTube video player\" src=\"https:\/\/www.youtube-nocookie.com\/embed\/FKKqznZOvug\" width=\"350\" height=\"200\" frameborder=\"0\" allowfullscreen=\"allowfullscreen\"><span style=\"display: inline-block; width: 0px; overflow: hidden; line-height: 0;\" data-mce-type=\"bookmark\" class=\"mce_SELRES_start\">\ufeff<\/span><\/iframe><\/td>\n<td style=\"width: 50%; text-align: center;\">Moments inoubliables &#8211; appareillage<b><br \/>\n<iframe loading=\"lazy\" title=\"YouTube video player\" src=\"https:\/\/www.youtube-nocookie.com\/embed\/D59co69Z0jI\" width=\"350\" height=\"200\" frameborder=\"0\" allowfullscreen=\"allowfullscreen\"><span style=\"display: inline-block; width: 0px; overflow: hidden; line-height: 0;\" data-mce-type=\"bookmark\" class=\"mce_SELRES_start\">\ufeff<\/span><\/iframe><br \/>\n<\/b><\/td>\n<\/tr>\n<\/tbody>\n<\/table>\n<p style=\"text-align: center;\"><strong><b><b>\u00a0<\/b><\/b><\/strong><\/p>\n<p><strong>V<\/strong>endredi 28 avril 2023, 17h30 heure locale : l\u2019\u00e9quipe d\u2019AuditionSolidarit\u00e9 compos\u00e9e de 16 professionnels de l\u2019audition arrive \u00e0 Hato-Mayor, en pleine campagne dominicaine apr\u00e8s plus de 24 heures de trajet, la quatri\u00e8me mission en R\u00e9publique dominicaine est officiellement lanc\u00e9e\u2026 sous une chaleur de plomb !<b><b><br \/>\n<\/b><b><br \/>\n<\/b><\/b><a href=\"\/\/www.auditionsolidarite.org\/wp-content\/uploads\/2023\/05\/2-photos-site.jpg\"><img loading=\"lazy\" decoding=\"async\" class=\"aligncenter wp-image-9416\" src=\"\/\/www.auditionsolidarite.org\/wp-content\/uploads\/2023\/05\/2-photos-site.jpg\" alt=\"\" width=\"800\" height=\"314\" srcset=\"https:\/\/www.auditionsolidarite.org\/wp-content\/uploads\/2023\/05\/2-photos-site.jpg 2399w, https:\/\/www.auditionsolidarite.org\/wp-content\/uploads\/2023\/05\/2-photos-site-300x118.jpg 300w, https:\/\/www.auditionsolidarite.org\/wp-content\/uploads\/2023\/05\/2-photos-site-1024x403.jpg 1024w, https:\/\/www.auditionsolidarite.org\/wp-content\/uploads\/2023\/05\/2-photos-site-768x302.jpg 768w, https:\/\/www.auditionsolidarite.org\/wp-content\/uploads\/2023\/05\/2-photos-site-1536x604.jpg 1536w, https:\/\/www.auditionsolidarite.org\/wp-content\/uploads\/2023\/05\/2-photos-site-2048x805.jpg 2048w\" sizes=\"(max-width: 800px) 100vw, 800px\" \/><\/a><\/p>\n<p>Apr\u00e8s une bonne nuit de sommeil, les fran\u00e7ais retrouvent les 6 salari\u00e9s de l\u2019association locale Oir Para Vivir avec qui ils vont collaborer toute la semaine. Les objectifs de cette mission\u00a0: accueillir pr\u00e8s de 200 enfants de 7 \u00e9coles diff\u00e9rentes, contr\u00f4ler tous les appareillages, appareiller pour la premi\u00e8re fois les quelques nouveaux \u00e9l\u00e8ves arriv\u00e9s apr\u00e8s le dernier passage en 2022, dispenser des s\u00e9ances d\u2019orthophonie \u00e0 tous et bien s\u00fbr approfondir les formations de l\u2019\u00e9quipe dominicaine pour assurer le suivi des enfants. Quel programme\u00a0!<b><br \/>\n<\/b><b><a href=\"\/\/www.auditionsolidarite.org\/wp-content\/uploads\/2023\/05\/2-photos-site-2.jpg\"><img loading=\"lazy\" decoding=\"async\" class=\"aligncenter wp-image-9415\" src=\"\/\/www.auditionsolidarite.org\/wp-content\/uploads\/2023\/05\/2-photos-site-2.jpg\" alt=\"\" width=\"800\" height=\"314\" srcset=\"https:\/\/www.auditionsolidarite.org\/wp-content\/uploads\/2023\/05\/2-photos-site-2.jpg 2399w, https:\/\/www.auditionsolidarite.org\/wp-content\/uploads\/2023\/05\/2-photos-site-2-300x118.jpg 300w, https:\/\/www.auditionsolidarite.org\/wp-content\/uploads\/2023\/05\/2-photos-site-2-1024x403.jpg 1024w, https:\/\/www.auditionsolidarite.org\/wp-content\/uploads\/2023\/05\/2-photos-site-2-768x302.jpg 768w, https:\/\/www.auditionsolidarite.org\/wp-content\/uploads\/2023\/05\/2-photos-site-2-1536x604.jpg 1536w, https:\/\/www.auditionsolidarite.org\/wp-content\/uploads\/2023\/05\/2-photos-site-2-2048x805.jpg 2048w\" sizes=\"(max-width: 800px) 100vw, 800px\" \/><\/a><\/b><\/p>\n<p>Chaque jour, entre 35 et 40 \u00e9l\u00e8ves d\u2019une \u00e9cole sp\u00e9cialis\u00e9e arrivent jusqu\u2019\u00e0 nous en bus, une petite collation leur est donn\u00e9e et les premiers enfants sont invit\u00e9s \u00e0 monter les quelques marches qui s\u00e9parent le r\u00e9fectoire du plateau technique. L\u00e0-haut, chacun est \u00e0 son poste, secr\u00e9tariat, consultation ORL, audiom\u00e9trie, prise d\u2019empreinte, fabrication des embouts, appareillage, orthophonie et atelier musical\u2026 les marques sont vite trouv\u00e9es, l\u2019\u00e9quipe oscille entre moments de concentration, moments de partage avec les parents et purs moments de complicit\u00e9 avec les enfants. Parfois, le temps s\u2019arr\u00eate lorsqu\u2019un enfant entre pour la premi\u00e8re fois dans ce monde des sons jusqu\u2019alors inconnu et que son visage s\u2019illumine brusquement. On profite de ces pr\u00e9cieux instants. <b><br \/>\n<\/b><b><br \/>\n<\/b>Sur le plateau, on entend le fran\u00e7ais se m\u00e9langer \u00e0 l\u2019espagnol, les traducteurs sont tr\u00e8s sollicit\u00e9s, chaque dominicain en tee-shirt blanc d\u2019Oir Para Vivir est supervis\u00e9 par un m\u00e9c\u00e8ne fran\u00e7ais en tee-shirt bleu. La transmission est au c\u0153ur du projet et nous sommes ravis de voir l\u2019autonomie d\u00e9j\u00e0 acquise par les techniciens dominicains depuis les premi\u00e8res formations re\u00e7ues en 2019. La cha\u00eene est bien huil\u00e9e, les enfants d\u00e9filent toute la semaine dans un ballet presque ininterrompu, le temps file \u00e0 toute vitesse.<b><br \/>\n<\/b><b><a href=\"\/\/www.auditionsolidarite.org\/wp-content\/uploads\/2023\/05\/2-photos-site-1.jpg\"><img loading=\"lazy\" decoding=\"async\" class=\"aligncenter wp-image-9414\" src=\"\/\/www.auditionsolidarite.org\/wp-content\/uploads\/2023\/05\/2-photos-site-1.jpg\" alt=\"\" width=\"800\" height=\"314\" srcset=\"https:\/\/www.auditionsolidarite.org\/wp-content\/uploads\/2023\/05\/2-photos-site-1.jpg 2399w, https:\/\/www.auditionsolidarite.org\/wp-content\/uploads\/2023\/05\/2-photos-site-1-300x118.jpg 300w, https:\/\/www.auditionsolidarite.org\/wp-content\/uploads\/2023\/05\/2-photos-site-1-1024x403.jpg 1024w, https:\/\/www.auditionsolidarite.org\/wp-content\/uploads\/2023\/05\/2-photos-site-1-768x302.jpg 768w, https:\/\/www.auditionsolidarite.org\/wp-content\/uploads\/2023\/05\/2-photos-site-1-1536x604.jpg 1536w, https:\/\/www.auditionsolidarite.org\/wp-content\/uploads\/2023\/05\/2-photos-site-1-2048x805.jpg 2048w\" sizes=\"(max-width: 800px) 100vw, 800px\" \/><\/a><\/b><\/p>\n<p>Jeudi 4 mai 2023, 16h et 192 enfants plus tard, l\u2019\u00e9quipe est pr\u00eate \u00e0 remonter dans l\u2019avion, les sourires et les rires dansent dans les t\u00eates, on d\u00e9colle avec le meilleur sentiment qu\u2019il soit, celui du devoir accompli.<b><br \/>\n<\/b><b><br \/>\n<\/b><\/p>\n<p>Retour en R\u00e9publique dominicaine pr\u00e9vu en mai 2024.<b><br \/>\n<\/b><b><br \/>\n<\/b><b><\/b><\/p>\n<p><b><strong><b><a href=\"\/\/www.auditionsolidarite.org\/wp-content\/uploads\/2023\/05\/Rep_dom-2023-215.jpg\"><img loading=\"lazy\" decoding=\"async\" class=\"aligncenter wp-image-9417\" src=\"\/\/www.auditionsolidarite.org\/wp-content\/uploads\/2023\/05\/Rep_dom-2023-215.jpg\" alt=\"\" width=\"800\" height=\"600\" srcset=\"https:\/\/www.auditionsolidarite.org\/wp-content\/uploads\/2023\/05\/Rep_dom-2023-215.jpg 898w, https:\/\/www.auditionsolidarite.org\/wp-content\/uploads\/2023\/05\/Rep_dom-2023-215-300x225.jpg 300w, https:\/\/www.auditionsolidarite.org\/wp-content\/uploads\/2023\/05\/Rep_dom-2023-215-768x576.jpg 768w, https:\/\/www.auditionsolidarite.org\/wp-content\/uploads\/2023\/05\/Rep_dom-2023-215-652x490.jpg 652w, https:\/\/www.auditionsolidarite.org\/wp-content\/uploads\/2023\/05\/Rep_dom-2023-215-620x466.jpg 620w, https:\/\/www.auditionsolidarite.org\/wp-content\/uploads\/2023\/05\/Rep_dom-2023-215-400x301.jpg 400w\" sizes=\"(max-width: 800px) 100vw, 800px\" \/><\/a><\/b><b><\/b><b><\/b><\/strong><\/b><b><b><\/b><\/b><b><\/b><strong><b><br \/>\n<\/b>Les chiffres cl\u00e9s\u00a0:<\/strong><\/p>\n<blockquote><p><strong>192 enfants et 16 professeurs vus \/ 183 appareils auditifs adapt\u00e9s \/ 173 contr\u00f4les \/ 276 embouts fabriqu\u00e9s<\/strong><\/p><\/blockquote>\n<p>Un grand MERCI \u00e0 notre formidable \u00e9quipe fran\u00e7aise et \u00e0 notre partenaire l&#8217;association dominicaine Oir Para Vivir pour leur travail.<b><br \/>\n<\/b><b><b><br \/>\n<\/b><\/b><\/p>\n<p><strong>Merci aux audioproth\u00e9sistes S\u00e9bastien Raclot, Laurence Raux-Victor, Fr\u00e9d\u00e9ric Gauchin, Anne-Sophie Buri<span class=\"d2edcug0 hpfvmrgz qv66sw1b c1et5uql lr9zc1uh a8c37x1j fe6kdd0r mau55g9w c8b282yb keod5gw0 nxhoafnm aigsh9s9 d3f4x2em iv3no6db jq4qci2q a3bd9o3v b1v8xokw oo9gr5id hzawbc8m\" dir=\"auto\">, Lucile Faivre <\/span>et Christine Bourger<\/strong><\/p>\n<p style=\"text-align: left;\"><strong>Merci \u00e0 L&#8217;ORL Antoine Paul<\/strong><br \/>\n<strong> Merci aux orthophonistes <span class=\"d2edcug0 hpfvmrgz qv66sw1b c1et5uql lr9zc1uh a8c37x1j keod5gw0 nxhoafnm aigsh9s9 d3f4x2em fe6kdd0r mau55g9w c8b282yb iv3no6db jq4qci2q a3bd9o3v b1v8xokw oo9gr5id hzawbc8m\" dir=\"auto\">La<span class=\"d2edcug0 hpfvmrgz qv66sw1b c1et5uql lr9zc1uh a8c37x1j fe6kdd0r mau55g9w c8b282yb keod5gw0 nxhoafnm aigsh9s9 d3f4x2em iv3no6db jq4qci2q a3bd9o3v b1v8xokw oo9gr5id hzawbc8m\" dir=\"auto\">\u00eb<\/span>titia Puissant-Schontz et Ana\u00efs Andrieu<\/span><\/strong><br \/>\n<strong> Merci au fabricant d&#8217;embouts <b><span class=\"d2edcug0 hpfvmrgz qv66sw1b c1et5uql lr9zc1uh a8c37x1j keod5gw0 nxhoafnm aigsh9s9 d3f4x2em fe6kdd0r mau55g9w c8b282yb iv3no6db jq4qci2q a3bd9o3v b1v8xokw oo9gr5id hzawbc8m\" dir=\"auto\">Yohan M\u00e9nard<\/span><\/b><\/strong><strong><b><br \/>\n<\/b>Merci \u00e0 Pascal Graff pour le secr\u00e9tariat<b><br \/>\n<\/b><b><br \/>\n<\/b><\/strong>Merci \u00e0 la Fondation Air France et \u00e0 l&#8217;Agence fran\u00e7aise de d\u00e9veloppement (AFD) pour leur pr\u00e9cieux soutien !<b><br \/>\n<\/b><b><br \/>\n<\/b><\/p>\n<p style=\"text-align: center;\">Interviews de l&#8217;\u00e9quipe <b><b><\/b><\/b><\/p>\n<table style=\"border-collapse: collapse; width: 100%;\" border=\"1\">\n<tbody>\n<tr>\n<td style=\"width: 33.3333%; text-align: center;\"><strong>S\u00e9bastien Raclot, audioproth\u00e9siste<\/strong><br \/>\n<iframe loading=\"lazy\" title=\"YouTube video player\" src=\"https:\/\/www.youtube-nocookie.com\/embed\/JOyB6xiT0dM\" width=\"270\" height=\"170\" frameborder=\"0\" allowfullscreen=\"allowfullscreen\"><span style=\"display: inline-block; width: 0px; overflow: hidden; line-height: 0;\" data-mce-type=\"bookmark\" class=\"mce_SELRES_start\">\ufeff<\/span><\/iframe><\/td>\n<td style=\"width: 33.3333%; text-align: center;\"><strong>Fr\u00e9d\u00e9ric Gauchin, audioproth\u00e9siste<\/strong><br \/>\n<iframe loading=\"lazy\" title=\"YouTube video player\" src=\"https:\/\/www.youtube-nocookie.com\/embed\/9wSFpn_o5j0\" width=\"270\" height=\"170\" frameborder=\"0\" allowfullscreen=\"allowfullscreen\"><span style=\"display: inline-block; width: 0px; overflow: hidden; line-height: 0;\" data-mce-type=\"bookmark\" class=\"mce_SELRES_start\">\ufeff<\/span><\/iframe><\/td>\n<td style=\"width: 33.3333%; text-align: center;\"><strong>Niuver, musicienne<\/strong><br \/>\n<iframe loading=\"lazy\" title=\"YouTube video player\" src=\"https:\/\/www.youtube-nocookie.com\/embed\/0k-kyThDm8c\" width=\"270\" height=\"170\" frameborder=\"0\" allowfullscreen=\"allowfullscreen\"><span style=\"display: inline-block; width: 0px; overflow: hidden; line-height: 0;\" data-mce-type=\"bookmark\" class=\"mce_SELRES_start\">\ufeff<\/span><\/iframe><\/td>\n<\/tr>\n<tr>\n<td style=\"width: 33.3333%; text-align: center;\"><strong>Anne-Sophie Buri, audioproth\u00e9siste<\/strong><br \/>\n<iframe loading=\"lazy\" title=\"YouTube video player\" src=\"https:\/\/www.youtube-nocookie.com\/embed\/XmJxFeHGnWo\" width=\"270\" height=\"170\" frameborder=\"0\" allowfullscreen=\"allowfullscreen\"><span style=\"display: inline-block; width: 0px; overflow: hidden; line-height: 0;\" data-mce-type=\"bookmark\" class=\"mce_SELRES_start\">\ufeff<\/span><\/iframe><\/td>\n<td style=\"width: 33.3333%; text-align: center;\"><strong>Antoine Paul, ORL<\/strong><br \/>\n<iframe loading=\"lazy\" title=\"YouTube video player\" src=\"https:\/\/www.youtube-nocookie.com\/embed\/BZFdNHwkN6M\" width=\"270\" height=\"170\" frameborder=\"0\" allowfullscreen=\"allowfullscreen\"><span style=\"display: inline-block; width: 0px; overflow: hidden; line-height: 0;\" data-mce-type=\"bookmark\" class=\"mce_SELRES_start\">\ufeff<\/span><\/iframe><\/td>\n<td style=\"width: 33.3333%; text-align: center;\"><strong>Yohan M\u00e9nard, fabricant d&#8217;embouts<br \/>\n<iframe loading=\"lazy\" title=\"YouTube video player\" src=\"https:\/\/www.youtube-nocookie.com\/embed\/r1mvp5yOdBM\" width=\"270\" height=\"170\" frameborder=\"0\" allowfullscreen=\"allowfullscreen\"><span style=\"display: inline-block; width: 0px; overflow: hidden; line-height: 0;\" data-mce-type=\"bookmark\" class=\"mce_SELRES_start\">\ufeff<\/span><\/iframe><br \/>\n<\/strong><\/td>\n<\/tr>\n<tr>\n<td style=\"width: 33.3333%; text-align: center;\"><strong>Laurence Raux-Victor, audioproth\u00e9siste<\/strong><br \/>\n<iframe loading=\"lazy\" title=\"YouTube video player\" src=\"https:\/\/www.youtube-nocookie.com\/embed\/334vChVwUns\" width=\"270\" height=\"170\" frameborder=\"0\" allowfullscreen=\"allowfullscreen\"><span style=\"display: inline-block; width: 0px; overflow: hidden; line-height: 0;\" data-mce-type=\"bookmark\" class=\"mce_SELRES_start\">\ufeff<\/span><\/iframe><\/td>\n<td style=\"width: 33.3333%; text-align: center;\"><strong>Pascal Graff, secr\u00e9tariat<iframe loading=\"lazy\" title=\"YouTube video player\" src=\"https:\/\/www.youtube-nocookie.com\/embed\/4qyhTZqeUM8\" width=\"270\" height=\"170\" frameborder=\"0\" allowfullscreen=\"allowfullscreen\"><span style=\"display: inline-block; width: 0px; overflow: hidden; line-height: 0;\" data-mce-type=\"bookmark\" class=\"mce_SELRES_start\">\ufeff<\/span><\/iframe><\/strong><\/td>\n<td style=\"width: 33.3333%; text-align: center;\"><strong>Laetitia Puissant-Schontz, orthophoniste<iframe loading=\"lazy\" title=\"YouTube video player\" src=\"https:\/\/www.youtube-nocookie.com\/embed\/XdNS8NvkO0Y\" width=\"270\" height=\"170\" frameborder=\"0\" allowfullscreen=\"allowfullscreen\"><span style=\"display: inline-block; width: 0px; overflow: hidden; line-height: 0;\" data-mce-type=\"bookmark\" class=\"mce_SELRES_start\">\ufeff<\/span><\/iframe><\/strong><\/td>\n<\/tr>\n<\/tbody>\n<\/table>\n<p><b><br \/>\n<\/b><b><\/b>","protected":false},"excerpt":{"rendered":"<p>Sorry, this entry is only available in French.Mission R\u00e9publique dominicaine 27 avril &#8211; 5 mai 2023, acte IV &#8211; le r\u00e9cit Moments inoubliables &#8211; atelier musique \ufeff Moments inoubliables &#8211; appareillage \ufeff \u00a0 Vendredi 28 avril 2023, 17h30 heure locale : l\u2019\u00e9quipe d\u2019AuditionSolidarit\u00e9 compos\u00e9e de 16 professionnels de l\u2019audition arrive \u00e0 Hato-Mayor, en pleine campagne dominicaine apr\u00e8s plus de 24<\/p>\n","protected":false},"author":2,"featured_media":0,"parent":0,"menu_order":0,"comment_status":"closed","ping_status":"closed","template":"","meta":{"footnotes":""},"acf":[],"yoast_head":"<!-- This site is optimized with the Yoast SEO plugin v21.9.1 - https:\/\/yoast.com\/wordpress\/plugins\/seo\/ -->\n<title>(Fran\u00e7ais) Mission Humanitaire en R\u00e9publique dominicaine - Hato Mayor 2023 - AuditionSolidarit\u00e9<\/title>\n<meta name=\"robots\" content=\"index, follow, max-snippet:-1, max-image-preview:large, max-video-preview:-1\" \/>\n<link rel=\"canonical\" href=\"https:\/\/www.auditionsolidarite.org\/en\/mission-humanitaire-en-republique-dominicaine-hato-mayor-2023\/\" \/>\n<meta property=\"og:locale\" content=\"en_US\" \/>\n<meta property=\"og:type\" content=\"article\" \/>\n<meta property=\"og:title\" content=\"(Fran\u00e7ais) Mission Humanitaire en R\u00e9publique dominicaine - Hato Mayor 2023 - AuditionSolidarit\u00e9\" \/>\n<meta property=\"og:description\" content=\"Sorry, this entry is only available in French.Mission R\u00e9publique dominicaine 27 avril &#8211; 5 mai 2023, acte IV &#8211; le r\u00e9cit Moments inoubliables &#8211; atelier musique \ufeff Moments inoubliables &#8211; appareillage \ufeff \u00a0 Vendredi 28 avril 2023, 17h30 heure locale : l\u2019\u00e9quipe d\u2019AuditionSolidarit\u00e9 compos\u00e9e de 16 professionnels de l\u2019audition arrive \u00e0 Hato-Mayor, en pleine campagne dominicaine apr\u00e8s plus de 24\" \/>\n<meta property=\"og:url\" content=\"https:\/\/www.auditionsolidarite.org\/en\/mission-humanitaire-en-republique-dominicaine-hato-mayor-2023\/\" \/>\n<meta property=\"og:site_name\" content=\"AuditionSolidarit\u00e9\" \/>\n<meta property=\"og:image\" content=\"https:\/\/www.auditionsolidarite.org\/wp-content\/uploads\/2015\/07\/logo-audition-solidarite-e1446132259721.png\" \/>\n\t<meta property=\"og:image:width\" content=\"600\" \/>\n\t<meta property=\"og:image:height\" content=\"593\" \/>\n\t<meta property=\"og:image:type\" content=\"image\/png\" \/>\n<meta name=\"twitter:card\" content=\"summary_large_image\" \/>\n<meta name=\"twitter:label1\" content=\"Est. reading time\" \/>\n\t<meta name=\"twitter:data1\" content=\"4 minutes\" \/>\n<script type=\"application\/ld+json\" class=\"yoast-schema-graph\">{\"@context\":\"https:\/\/schema.org\",\"@graph\":[{\"@type\":\"WebPage\",\"@id\":\"https:\/\/www.auditionsolidarite.org\/en\/mission-humanitaire-en-republique-dominicaine-hato-mayor-2023\/\",\"url\":\"https:\/\/www.auditionsolidarite.org\/en\/mission-humanitaire-en-republique-dominicaine-hato-mayor-2023\/\",\"name\":\"(Fran\u00e7ais) Mission Humanitaire en R\u00e9publique dominicaine - Hato Mayor 2023 - AuditionSolidarit\u00e9\",\"isPartOf\":{\"@id\":\"https:\/\/www.auditionsolidarite.org\/en\/#website\"},\"datePublished\":\"2023-11-22T13:17:19+00:00\",\"dateModified\":\"2023-11-22T13:17:19+00:00\",\"breadcrumb\":{\"@id\":\"https:\/\/www.auditionsolidarite.org\/en\/mission-humanitaire-en-republique-dominicaine-hato-mayor-2023\/#breadcrumb\"},\"inLanguage\":\"en-US\",\"potentialAction\":[{\"@type\":\"ReadAction\",\"target\":[[\"https:\/\/www.auditionsolidarite.org\/en\/mission-humanitaire-en-republique-dominicaine-hato-mayor-2023\/\"]]}]},{\"@type\":\"BreadcrumbList\",\"@id\":\"https:\/\/www.auditionsolidarite.org\/en\/mission-humanitaire-en-republique-dominicaine-hato-mayor-2023\/#breadcrumb\",\"itemListElement\":[{\"@type\":\"ListItem\",\"position\":1,\"name\":\"Accueil\",\"item\":\"https:\/\/www.auditionsolidarite.org\/en\/\"},{\"@type\":\"ListItem\",\"position\":2,\"name\":\"Mission Humanitaire en R\u00e9publique dominicaine &#8211; Hato Mayor 2023\"}]},{\"@type\":\"WebSite\",\"@id\":\"https:\/\/www.auditionsolidarite.org\/en\/#website\",\"url\":\"https:\/\/www.auditionsolidarite.org\/en\/\",\"name\":\"AuditionSolidarit\u00e9\",\"description\":\"Le hasard n&#039;existe pas ! Si vous \u00eates l\u00e0 aujourd&#039;hui, c&#039;est que le monde de l&#039;audition vous touche... Alors merci d&#039;\u00eatre l\u00e0 !\",\"publisher\":{\"@id\":\"https:\/\/www.auditionsolidarite.org\/en\/#organization\"},\"potentialAction\":[{\"@type\":\"SearchAction\",\"target\":{\"@type\":\"EntryPoint\",\"urlTemplate\":\"https:\/\/www.auditionsolidarite.org\/en\/?s={search_term_string}\"},\"query-input\":\"required name=search_term_string\"}],\"inLanguage\":\"en-US\"},{\"@type\":\"Organization\",\"@id\":\"https:\/\/www.auditionsolidarite.org\/en\/#organization\",\"name\":\"AuditionSolidarit\u00e9\",\"url\":\"https:\/\/www.auditionsolidarite.org\/en\/\",\"logo\":{\"@type\":\"ImageObject\",\"inLanguage\":\"en-US\",\"@id\":\"https:\/\/www.auditionsolidarite.org\/en\/#\/schema\/logo\/image\/\",\"url\":\"https:\/\/www.auditionsolidarite.org\/wp-content\/uploads\/2015\/07\/logo-audition-solidarite-e1446132259721.png\",\"contentUrl\":\"https:\/\/www.auditionsolidarite.org\/wp-content\/uploads\/2015\/07\/logo-audition-solidarite-e1446132259721.png\",\"width\":600,\"height\":593,\"caption\":\"AuditionSolidarit\u00e9\"},\"image\":{\"@id\":\"https:\/\/www.auditionsolidarite.org\/en\/#\/schema\/logo\/image\/\"}}]}<\/script>\n<!-- \/ Yoast SEO plugin. -->","yoast_head_json":{"title":"(Fran\u00e7ais) Mission Humanitaire en R\u00e9publique dominicaine - Hato Mayor 2023 - AuditionSolidarit\u00e9","robots":{"index":"index","follow":"follow","max-snippet":"max-snippet:-1","max-image-preview":"max-image-preview:large","max-video-preview":"max-video-preview:-1"},"canonical":"https:\/\/www.auditionsolidarite.org\/en\/mission-humanitaire-en-republique-dominicaine-hato-mayor-2023\/","og_locale":"en_US","og_type":"article","og_title":"(Fran\u00e7ais) Mission Humanitaire en R\u00e9publique dominicaine - Hato Mayor 2023 - AuditionSolidarit\u00e9","og_description":"Sorry, this entry is only available in French.Mission R\u00e9publique dominicaine 27 avril &#8211; 5 mai 2023, acte IV &#8211; le r\u00e9cit Moments inoubliables &#8211; atelier musique \ufeff Moments inoubliables &#8211; appareillage \ufeff \u00a0 Vendredi 28 avril 2023, 17h30 heure locale : l\u2019\u00e9quipe d\u2019AuditionSolidarit\u00e9 compos\u00e9e de 16 professionnels de l\u2019audition arrive \u00e0 Hato-Mayor, en pleine campagne dominicaine apr\u00e8s plus de 24","og_url":"https:\/\/www.auditionsolidarite.org\/en\/mission-humanitaire-en-republique-dominicaine-hato-mayor-2023\/","og_site_name":"AuditionSolidarit\u00e9","og_image":[{"width":600,"height":593,"url":"https:\/\/www.auditionsolidarite.org\/wp-content\/uploads\/2015\/07\/logo-audition-solidarite-e1446132259721.png","type":"image\/png"}],"twitter_card":"summary_large_image","twitter_misc":{"Est. reading time":"4 minutes"},"schema":{"@context":"https:\/\/schema.org","@graph":[{"@type":"WebPage","@id":"https:\/\/www.auditionsolidarite.org\/en\/mission-humanitaire-en-republique-dominicaine-hato-mayor-2023\/","url":"https:\/\/www.auditionsolidarite.org\/en\/mission-humanitaire-en-republique-dominicaine-hato-mayor-2023\/","name":"(Fran\u00e7ais) Mission Humanitaire en R\u00e9publique dominicaine - Hato Mayor 2023 - AuditionSolidarit\u00e9","isPartOf":{"@id":"https:\/\/www.auditionsolidarite.org\/en\/#website"},"datePublished":"2023-11-22T13:17:19+00:00","dateModified":"2023-11-22T13:17:19+00:00","breadcrumb":{"@id":"https:\/\/www.auditionsolidarite.org\/en\/mission-humanitaire-en-republique-dominicaine-hato-mayor-2023\/#breadcrumb"},"inLanguage":"en-US","potentialAction":[{"@type":"ReadAction","target":[["https:\/\/www.auditionsolidarite.org\/en\/mission-humanitaire-en-republique-dominicaine-hato-mayor-2023\/"]]}]},{"@type":"BreadcrumbList","@id":"https:\/\/www.auditionsolidarite.org\/en\/mission-humanitaire-en-republique-dominicaine-hato-mayor-2023\/#breadcrumb","itemListElement":[{"@type":"ListItem","position":1,"name":"Accueil","item":"https:\/\/www.auditionsolidarite.org\/en\/"},{"@type":"ListItem","position":2,"name":"Mission Humanitaire en R\u00e9publique dominicaine &#8211; Hato Mayor 2023"}]},{"@type":"WebSite","@id":"https:\/\/www.auditionsolidarite.org\/en\/#website","url":"https:\/\/www.auditionsolidarite.org\/en\/","name":"AuditionSolidarit\u00e9","description":"Le hasard n&#039;existe pas ! Si vous \u00eates l\u00e0 aujourd&#039;hui, c&#039;est que le monde de l&#039;audition vous touche... Alors merci d&#039;\u00eatre l\u00e0 !","publisher":{"@id":"https:\/\/www.auditionsolidarite.org\/en\/#organization"},"potentialAction":[{"@type":"SearchAction","target":{"@type":"EntryPoint","urlTemplate":"https:\/\/www.auditionsolidarite.org\/en\/?s={search_term_string}"},"query-input":"required name=search_term_string"}],"inLanguage":"en-US"},{"@type":"Organization","@id":"https:\/\/www.auditionsolidarite.org\/en\/#organization","name":"AuditionSolidarit\u00e9","url":"https:\/\/www.auditionsolidarite.org\/en\/","logo":{"@type":"ImageObject","inLanguage":"en-US","@id":"https:\/\/www.auditionsolidarite.org\/en\/#\/schema\/logo\/image\/","url":"https:\/\/www.auditionsolidarite.org\/wp-content\/uploads\/2015\/07\/logo-audition-solidarite-e1446132259721.png","contentUrl":"https:\/\/www.auditionsolidarite.org\/wp-content\/uploads\/2015\/07\/logo-audition-solidarite-e1446132259721.png","width":600,"height":593,"caption":"AuditionSolidarit\u00e9"},"image":{"@id":"https:\/\/www.auditionsolidarite.org\/en\/#\/schema\/logo\/image\/"}}]}},"_links":{"self":[{"href":"https:\/\/www.auditionsolidarite.org\/en\/wp-json\/wp\/v2\/pages\/9575"}],"collection":[{"href":"https:\/\/www.auditionsolidarite.org\/en\/wp-json\/wp\/v2\/pages"}],"about":[{"href":"https:\/\/www.auditionsolidarite.org\/en\/wp-json\/wp\/v2\/types\/page"}],"author":[{"embeddable":true,"href":"https:\/\/www.auditionsolidarite.org\/en\/wp-json\/wp\/v2\/users\/2"}],"replies":[{"embeddable":true,"href":"https:\/\/www.auditionsolidarite.org\/en\/wp-json\/wp\/v2\/comments?post=9575"}],"version-history":[{"count":1,"href":"https:\/\/www.auditionsolidarite.org\/en\/wp-json\/wp\/v2\/pages\/9575\/revisions"}],"predecessor-version":[{"id":9576,"href":"https:\/\/www.auditionsolidarite.org\/en\/wp-json\/wp\/v2\/pages\/9575\/revisions\/9576"}],"wp:attachment":[{"href":"https:\/\/www.auditionsolidarite.org\/en\/wp-json\/wp\/v2\/media?parent=9575"}],"curies":[{"name":"wp","href":"https:\/\/api.w.org\/{rel}","templated":true}]}}