{"id":9338,"date":"2023-03-10T11:18:49","date_gmt":"2023-03-10T10:18:49","guid":{"rendered":"https:\/\/www.auditionsolidarite.org\/espace-entre-2-murs-marseille-mars-2022-copy\/"},"modified":"2023-03-10T11:20:45","modified_gmt":"2023-03-10T10:20:45","slug":"espace-entre-2-murs-marseille-mars-2022-copy","status":"publish","type":"page","link":"https:\/\/www.auditionsolidarite.org\/en\/espace-entre-2-murs-marseille-mars-2022-copy\/","title":{"rendered":"Exemplaire"},"content":{"rendered":"<p class=\"qtranxs-available-languages-message qtranxs-available-languages-message-en\">Sorry, this entry is only available in <a href=\"https:\/\/www.auditionsolidarite.org\/fr\/wp-json\/wp\/v2\/pages\/9338\" class=\"qtranxs-available-language-link qtranxs-available-language-link-fr\" title=\"Fran\u00e7ais\">French<\/a>.<\/p><strong>13 et 14 septembre 2022 : \u00ab Succ\u00e8s, bouleversant et solidarit\u00e9 \u00bb sont les ma\u00eetres mots de ces 48 heures magiques et hors du temps pass\u00e9s \u00e0 l&#8217;Espace Entre 2 Murs \u00e0 Marseille. <b><br \/>\n<\/b><\/strong><b><br \/>\n<\/b><\/p>\n<p><strong>Le succ\u00e8s\u00a0 <\/strong><\/p>\n<p>Voici quelques chiffres de cette mission\u00a0:<\/p>\n<ul>\n<li><strong>49<\/strong> personnes sont venues dont <strong>20<\/strong> personnes appareill\u00e9es et<strong> 9<\/strong> personnes en contr\u00f4le.<\/li>\n<li><strong>38<\/strong> appareils auditifs ont \u00e9t\u00e9 adapt\u00e9s<b><br \/>\n<\/b><\/li>\n<\/ul>\n<p><strong>Solidarit\u00e9<br \/>\n<\/strong><\/p>\n<p>Un r\u00e9seau qui ne cesse de s\u2019agrandir. 25 structures ont orient\u00e9 des b\u00e9n\u00e9ficiaires et bien plus ont partag\u00e9 l\u2019information \u00e0 leur r\u00e9seau : Bravo et Merci \u00e0 eux. Quelle belle solidarit\u00e9.<b><br \/>\n<\/b><b><br \/>\n<\/b><\/p>\n<p><strong>Bouleversant<\/strong><\/p>\n<p>Ce sont 49 histoires bouleversantes que nous avons v\u00e9cues et partag\u00e9es durant ces 2 jours.<\/p>\n<p>C\u2019est toujours un plaisir pour l\u2019\u00e9quipe d\u2019AuditionSolidarit\u00e9 d\u2019accueillir ces personnes et de permettre cet acc\u00e8s aux soins. Ces b\u00e9n\u00e9ficiaires sont repartis avec un large sourire et un r\u00e9servoir rempli d\u2019humanit\u00e9.<b><br \/>\n<\/b><b><br \/>\n<\/b><\/p>\n<p><b>Merci<br \/>\n<\/b>Un grand merci \u00e0 la Fondation Zephyr, \u00e0 la Fondation UP, \u00e0 la Fondation Veolia, \u00e0 la Fondation Caritas et \u00e0 la Fondation Swiss Life qui soutiennent cette action.<b><br \/>\n<\/b><br \/>\nMerci aux audioproth\u00e9sistes : Nicolas Hilaire, Sandrine Van Vooren, Emmanuel Fabre, Alexandre Stanimirovic, Lucile Faivre et Christine Bourger<br \/>\nMerci \u00e0 l&#8217;ORL Luc Moulonguet<br \/>\nMerci pour la fabrication des embouts \u00e0 Yohan M\u00e9nard\u00a0<b><b><b><br \/>\n<\/b><\/b><\/b>Merci pour le secr\u00e9tariat et les gestes barri\u00e8res \u00e0 Marine Quennesson <b><br \/>\n<\/b><b><\/b><b>\u00a0<\/b><b><br \/>\n<\/b>Retour \u00e0 Marseille les 28 f\u00e9vrier et 1<sup>er<\/sup> mars 2023 &#8211; Espace Entre 2 murs 318 rue Saint-Pierre 13005 Marseille<b><br \/>\n<\/b><strong><b><br \/>\n<\/b><\/strong><\/p>\n<p>Inscriptions sur ce lien <a href=\"https:\/\/forms.gle\/NhqGoyyFqaLzY7dT8\">ICI<\/a><\/p>\n<p style=\"text-align: center;\"><strong>Interviews de l&#8217;\u00e9quipe <b><\/b><\/strong><\/p>\n<table style=\"width: 699px;\">\n<tbody>\n<tr>\n<td style=\"text-align: center; width: 334px;\">Nicolas Hilaire<b><br \/>\n<\/b><em>Audioproth\u00e9siste<\/em><b><br \/>\n<iframe loading=\"lazy\" title=\"YouTube video player\" src=\"https:\/\/www.youtube-nocookie.com\/embed\/DDNa2H-RdKM\" width=\"250\" height=\"180\" frameborder=\"0\" allowfullscreen=\"allowfullscreen\"><span style=\"display: inline-block; width: 0px; overflow: hidden; line-height: 0;\" data-mce-type=\"bookmark\" class=\"mce_SELRES_start\">\ufeff<\/span><\/iframe><br \/>\n<\/b><\/td>\n<td style=\"text-align: center; width: 335px;\">Sandrine Van Vooren<b><br \/>\n<\/b><em>Audioproth\u00e9siste<\/em><b><br \/>\n<iframe loading=\"lazy\" title=\"YouTube video player\" src=\"https:\/\/www.youtube-nocookie.com\/embed\/Vjapqc8IDoM\" width=\"250\" height=\"180\" frameborder=\"0\" allowfullscreen=\"allowfullscreen\"><span style=\"display: inline-block; width: 0px; overflow: hidden; line-height: 0;\" data-mce-type=\"bookmark\" class=\"mce_SELRES_start\">\ufeff<\/span><\/iframe><br \/>\n<\/b><\/td>\n<td style=\"width: 335px; text-align: center;\">Emmanuel Fabre<b><br \/>\n<\/b><em>Audioproth\u00e9siste<\/em><br \/>\n<iframe loading=\"lazy\" title=\"YouTube video player\" src=\"https:\/\/www.youtube-nocookie.com\/embed\/V2fRP_opib8\" width=\"250\" height=\"180\" frameborder=\"0\" allowfullscreen=\"allowfullscreen\"><span style=\"display: inline-block; width: 0px; overflow: hidden; line-height: 0;\" data-mce-type=\"bookmark\" class=\"mce_SELRES_start\">\ufeff<\/span><\/iframe><\/td>\n<\/tr>\n<tr>\n<td style=\"text-align: center; width: 334px;\">Alexandre Stanimirovic<b><b><b><br \/>\n<\/b><\/b><\/b><em>Audioproth\u00e9siste<\/em><br \/>\n<iframe loading=\"lazy\" title=\"YouTube video player\" src=\"https:\/\/www.youtube-nocookie.com\/embed\/-w2vyuZqfIE\" width=\"250\" height=\"180\" frameborder=\"0\" allowfullscreen=\"allowfullscreen\"><span style=\"display: inline-block; width: 0px; overflow: hidden; line-height: 0;\" data-mce-type=\"bookmark\" class=\"mce_SELRES_start\">\ufeff<\/span><\/iframe><\/td>\n<td style=\"text-align: center; width: 335px;\"><\/td>\n<td style=\"text-align: center; width: 335px;\"><\/td>\n<\/tr>\n<\/tbody>\n<\/table>\n<p>&nbsp;<\/p>\n<p>&nbsp;<\/p>\n<p style=\"text-align: center;\"><strong>T\u00e9moignage<\/strong><\/p>\n<table style=\"border-collapse: collapse; width: 100%;\" border=\"1\">\n<tbody>\n<tr>\n<td style=\"width: 100%; text-align: center;\"><iframe loading=\"lazy\" title=\"YouTube video player\" src=\"https:\/\/www.youtube-nocookie.com\/embed\/RefZhoNzpes\" width=\"400\" height=\"315\" frameborder=\"0\" allowfullscreen=\"allowfullscreen\"><span style=\"display: inline-block; width: 0px; overflow: hidden; line-height: 0;\" data-mce-type=\"bookmark\" class=\"mce_SELRES_start\">\ufeff<\/span><\/iframe><\/td>\n<\/tr>\n<\/tbody>\n<\/table>\n<p>&nbsp;<\/p>\n<p><img loading=\"lazy\" decoding=\"async\" class=\"aligncenter wp-image-8980\" src=\"\/\/www.auditionsolidarite.org\/wp-content\/uploads\/2022\/09\/1.jpg\" alt=\"\" width=\"600\" height=\"450\" \/><a href=\"\/\/www.auditionsolidarite.org\/wp-content\/uploads\/2022\/09\/6.jpg\"><img loading=\"lazy\" decoding=\"async\" class=\"aligncenter wp-image-8982\" src=\"\/\/www.auditionsolidarite.org\/wp-content\/uploads\/2022\/09\/6.jpg\" alt=\"\" width=\"600\" height=\"450\" \/><\/a>","protected":false},"excerpt":{"rendered":"<p>Sorry, this entry is only available in French.13 et 14 septembre 2022 : \u00ab Succ\u00e8s, bouleversant et solidarit\u00e9 \u00bb sont les ma\u00eetres mots de ces 48 heures magiques et hors du temps pass\u00e9s \u00e0 l&#8217;Espace Entre 2 Murs \u00e0 Marseille. Le succ\u00e8s\u00a0 Voici quelques chiffres de cette mission\u00a0: 49 personnes sont venues dont 20 personnes appareill\u00e9es et 9 personnes en<\/p>\n","protected":false},"author":2,"featured_media":0,"parent":0,"menu_order":0,"comment_status":"closed","ping_status":"closed","template":"","meta":{"footnotes":""},"acf":[],"yoast_head":"<!-- This site is optimized with the Yoast SEO plugin v21.9.1 - https:\/\/yoast.com\/wordpress\/plugins\/seo\/ -->\n<title>Exemplaire - AuditionSolidarit\u00e9<\/title>\n<meta name=\"robots\" content=\"index, follow, max-snippet:-1, max-image-preview:large, max-video-preview:-1\" \/>\n<link rel=\"canonical\" href=\"https:\/\/www.auditionsolidarite.org\/en\/espace-entre-2-murs-marseille-mars-2022-copy\/\" \/>\n<meta property=\"og:locale\" content=\"en_US\" \/>\n<meta property=\"og:type\" content=\"article\" \/>\n<meta property=\"og:title\" content=\"Exemplaire - AuditionSolidarit\u00e9\" \/>\n<meta property=\"og:description\" content=\"Sorry, this entry is only available in French.13 et 14 septembre 2022 : \u00ab Succ\u00e8s, bouleversant et solidarit\u00e9 \u00bb sont les ma\u00eetres mots de ces 48 heures magiques et hors du temps pass\u00e9s \u00e0 l&#8217;Espace Entre 2 Murs \u00e0 Marseille. Le succ\u00e8s\u00a0 Voici quelques chiffres de cette mission\u00a0: 49 personnes sont venues dont 20 personnes appareill\u00e9es et 9 personnes en\" \/>\n<meta property=\"og:url\" content=\"https:\/\/www.auditionsolidarite.org\/en\/espace-entre-2-murs-marseille-mars-2022-copy\/\" \/>\n<meta property=\"og:site_name\" content=\"AuditionSolidarit\u00e9\" \/>\n<meta property=\"article:modified_time\" content=\"2023-03-10T10:20:45+00:00\" \/>\n<meta property=\"og:image\" content=\"https:\/\/www.auditionsolidarite.org\/wp-content\/uploads\/2015\/07\/logo-audition-solidarite-e1446132259721.png\" \/>\n\t<meta property=\"og:image:width\" content=\"600\" \/>\n\t<meta property=\"og:image:height\" content=\"593\" \/>\n\t<meta property=\"og:image:type\" content=\"image\/png\" \/>\n<meta name=\"twitter:card\" content=\"summary_large_image\" \/>\n<meta name=\"twitter:label1\" content=\"Est. reading time\" \/>\n\t<meta name=\"twitter:data1\" content=\"2 minutes\" \/>\n<script type=\"application\/ld+json\" class=\"yoast-schema-graph\">{\"@context\":\"https:\/\/schema.org\",\"@graph\":[{\"@type\":\"WebPage\",\"@id\":\"https:\/\/www.auditionsolidarite.org\/en\/espace-entre-2-murs-marseille-mars-2022-copy\/\",\"url\":\"https:\/\/www.auditionsolidarite.org\/en\/espace-entre-2-murs-marseille-mars-2022-copy\/\",\"name\":\"Exemplaire - AuditionSolidarit\u00e9\",\"isPartOf\":{\"@id\":\"https:\/\/www.auditionsolidarite.org\/en\/#website\"},\"datePublished\":\"2023-03-10T10:18:49+00:00\",\"dateModified\":\"2023-03-10T10:20:45+00:00\",\"breadcrumb\":{\"@id\":\"https:\/\/www.auditionsolidarite.org\/en\/espace-entre-2-murs-marseille-mars-2022-copy\/#breadcrumb\"},\"inLanguage\":\"en-US\",\"potentialAction\":[{\"@type\":\"ReadAction\",\"target\":[[\"https:\/\/www.auditionsolidarite.org\/en\/espace-entre-2-murs-marseille-mars-2022-copy\/\"]]}]},{\"@type\":\"BreadcrumbList\",\"@id\":\"https:\/\/www.auditionsolidarite.org\/en\/espace-entre-2-murs-marseille-mars-2022-copy\/#breadcrumb\",\"itemListElement\":[{\"@type\":\"ListItem\",\"position\":1,\"name\":\"Accueil\",\"item\":\"https:\/\/www.auditionsolidarite.org\/en\/\"},{\"@type\":\"ListItem\",\"position\":2,\"name\":\"Espace &#8216;Entre 2 Murs&#8217;, Marseille &#8211; Septembre 2022\"}]},{\"@type\":\"WebSite\",\"@id\":\"https:\/\/www.auditionsolidarite.org\/en\/#website\",\"url\":\"https:\/\/www.auditionsolidarite.org\/en\/\",\"name\":\"AuditionSolidarit\u00e9\",\"description\":\"Le hasard n&#039;existe pas ! Si vous \u00eates l\u00e0 aujourd&#039;hui, c&#039;est que le monde de l&#039;audition vous touche... Alors merci d&#039;\u00eatre l\u00e0 !\",\"publisher\":{\"@id\":\"https:\/\/www.auditionsolidarite.org\/en\/#organization\"},\"potentialAction\":[{\"@type\":\"SearchAction\",\"target\":{\"@type\":\"EntryPoint\",\"urlTemplate\":\"https:\/\/www.auditionsolidarite.org\/en\/?s={search_term_string}\"},\"query-input\":\"required name=search_term_string\"}],\"inLanguage\":\"en-US\"},{\"@type\":\"Organization\",\"@id\":\"https:\/\/www.auditionsolidarite.org\/en\/#organization\",\"name\":\"AuditionSolidarit\u00e9\",\"url\":\"https:\/\/www.auditionsolidarite.org\/en\/\",\"logo\":{\"@type\":\"ImageObject\",\"inLanguage\":\"en-US\",\"@id\":\"https:\/\/www.auditionsolidarite.org\/en\/#\/schema\/logo\/image\/\",\"url\":\"https:\/\/www.auditionsolidarite.org\/wp-content\/uploads\/2015\/07\/logo-audition-solidarite-e1446132259721.png\",\"contentUrl\":\"https:\/\/www.auditionsolidarite.org\/wp-content\/uploads\/2015\/07\/logo-audition-solidarite-e1446132259721.png\",\"width\":600,\"height\":593,\"caption\":\"AuditionSolidarit\u00e9\"},\"image\":{\"@id\":\"https:\/\/www.auditionsolidarite.org\/en\/#\/schema\/logo\/image\/\"}}]}<\/script>\n<!-- \/ Yoast SEO plugin. -->","yoast_head_json":{"title":"Exemplaire - AuditionSolidarit\u00e9","robots":{"index":"index","follow":"follow","max-snippet":"max-snippet:-1","max-image-preview":"max-image-preview:large","max-video-preview":"max-video-preview:-1"},"canonical":"https:\/\/www.auditionsolidarite.org\/en\/espace-entre-2-murs-marseille-mars-2022-copy\/","og_locale":"en_US","og_type":"article","og_title":"Exemplaire - AuditionSolidarit\u00e9","og_description":"Sorry, this entry is only available in French.13 et 14 septembre 2022 : \u00ab Succ\u00e8s, bouleversant et solidarit\u00e9 \u00bb sont les ma\u00eetres mots de ces 48 heures magiques et hors du temps pass\u00e9s \u00e0 l&#8217;Espace Entre 2 Murs \u00e0 Marseille. Le succ\u00e8s\u00a0 Voici quelques chiffres de cette mission\u00a0: 49 personnes sont venues dont 20 personnes appareill\u00e9es et 9 personnes en","og_url":"https:\/\/www.auditionsolidarite.org\/en\/espace-entre-2-murs-marseille-mars-2022-copy\/","og_site_name":"AuditionSolidarit\u00e9","article_modified_time":"2023-03-10T10:20:45+00:00","og_image":[{"width":600,"height":593,"url":"https:\/\/www.auditionsolidarite.org\/wp-content\/uploads\/2015\/07\/logo-audition-solidarite-e1446132259721.png","type":"image\/png"}],"twitter_card":"summary_large_image","twitter_misc":{"Est. reading time":"2 minutes"},"schema":{"@context":"https:\/\/schema.org","@graph":[{"@type":"WebPage","@id":"https:\/\/www.auditionsolidarite.org\/en\/espace-entre-2-murs-marseille-mars-2022-copy\/","url":"https:\/\/www.auditionsolidarite.org\/en\/espace-entre-2-murs-marseille-mars-2022-copy\/","name":"Exemplaire - AuditionSolidarit\u00e9","isPartOf":{"@id":"https:\/\/www.auditionsolidarite.org\/en\/#website"},"datePublished":"2023-03-10T10:18:49+00:00","dateModified":"2023-03-10T10:20:45+00:00","breadcrumb":{"@id":"https:\/\/www.auditionsolidarite.org\/en\/espace-entre-2-murs-marseille-mars-2022-copy\/#breadcrumb"},"inLanguage":"en-US","potentialAction":[{"@type":"ReadAction","target":[["https:\/\/www.auditionsolidarite.org\/en\/espace-entre-2-murs-marseille-mars-2022-copy\/"]]}]},{"@type":"BreadcrumbList","@id":"https:\/\/www.auditionsolidarite.org\/en\/espace-entre-2-murs-marseille-mars-2022-copy\/#breadcrumb","itemListElement":[{"@type":"ListItem","position":1,"name":"Accueil","item":"https:\/\/www.auditionsolidarite.org\/en\/"},{"@type":"ListItem","position":2,"name":"Espace &#8216;Entre 2 Murs&#8217;, Marseille &#8211; Septembre 2022"}]},{"@type":"WebSite","@id":"https:\/\/www.auditionsolidarite.org\/en\/#website","url":"https:\/\/www.auditionsolidarite.org\/en\/","name":"AuditionSolidarit\u00e9","description":"Le hasard n&#039;existe pas ! Si vous \u00eates l\u00e0 aujourd&#039;hui, c&#039;est que le monde de l&#039;audition vous touche... Alors merci d&#039;\u00eatre l\u00e0 !","publisher":{"@id":"https:\/\/www.auditionsolidarite.org\/en\/#organization"},"potentialAction":[{"@type":"SearchAction","target":{"@type":"EntryPoint","urlTemplate":"https:\/\/www.auditionsolidarite.org\/en\/?s={search_term_string}"},"query-input":"required name=search_term_string"}],"inLanguage":"en-US"},{"@type":"Organization","@id":"https:\/\/www.auditionsolidarite.org\/en\/#organization","name":"AuditionSolidarit\u00e9","url":"https:\/\/www.auditionsolidarite.org\/en\/","logo":{"@type":"ImageObject","inLanguage":"en-US","@id":"https:\/\/www.auditionsolidarite.org\/en\/#\/schema\/logo\/image\/","url":"https:\/\/www.auditionsolidarite.org\/wp-content\/uploads\/2015\/07\/logo-audition-solidarite-e1446132259721.png","contentUrl":"https:\/\/www.auditionsolidarite.org\/wp-content\/uploads\/2015\/07\/logo-audition-solidarite-e1446132259721.png","width":600,"height":593,"caption":"AuditionSolidarit\u00e9"},"image":{"@id":"https:\/\/www.auditionsolidarite.org\/en\/#\/schema\/logo\/image\/"}}]}},"_links":{"self":[{"href":"https:\/\/www.auditionsolidarite.org\/en\/wp-json\/wp\/v2\/pages\/9338"}],"collection":[{"href":"https:\/\/www.auditionsolidarite.org\/en\/wp-json\/wp\/v2\/pages"}],"about":[{"href":"https:\/\/www.auditionsolidarite.org\/en\/wp-json\/wp\/v2\/types\/page"}],"author":[{"embeddable":true,"href":"https:\/\/www.auditionsolidarite.org\/en\/wp-json\/wp\/v2\/users\/2"}],"replies":[{"embeddable":true,"href":"https:\/\/www.auditionsolidarite.org\/en\/wp-json\/wp\/v2\/comments?post=9338"}],"version-history":[{"count":1,"href":"https:\/\/www.auditionsolidarite.org\/en\/wp-json\/wp\/v2\/pages\/9338\/revisions"}],"predecessor-version":[{"id":9339,"href":"https:\/\/www.auditionsolidarite.org\/en\/wp-json\/wp\/v2\/pages\/9338\/revisions\/9339"}],"wp:attachment":[{"href":"https:\/\/www.auditionsolidarite.org\/en\/wp-json\/wp\/v2\/media?parent=9338"}],"curies":[{"name":"wp","href":"https:\/\/api.w.org\/{rel}","templated":true}]}}