{"id":8702,"date":"2022-04-27T10:43:40","date_gmt":"2022-04-27T09:43:40","guid":{"rendered":"https:\/\/www.auditionsolidarite.org\/?page_id=8702"},"modified":"2022-04-27T10:43:40","modified_gmt":"2022-04-27T09:43:40","slug":"hopital-rothschild-paroisse-saint-marcel-paris-septembre-2021","status":"publish","type":"page","link":"https:\/\/www.auditionsolidarite.org\/en\/hopital-rothschild-paroisse-saint-marcel-paris-septembre-2021\/","title":{"rendered":"(Fran\u00e7ais) H\u00f4pital Rothschild &#038; Paroisse Saint-Marcel, Paris \u2013 septembre 2021"},"content":{"rendered":"<p class=\"qtranxs-available-languages-message qtranxs-available-languages-message-en\">Sorry, this entry is only available in <a href=\"https:\/\/www.auditionsolidarite.org\/fr\/wp-json\/wp\/v2\/pages\/8702\" class=\"qtranxs-available-language-link qtranxs-available-language-link-fr\" title=\"Fran\u00e7ais\">French<\/a>.<\/p><strong>Trois mois seulement apr\u00e8s notre dernier passage \u00e0 Paris, AuditionSolidarit\u00e9 \u00e9tait de retour fin septembre pour une nouvelle mission &#8216;Audition Solidaire&#8217; dans la capitale.<b><br \/>\n<\/b><b><br \/>\n<\/b><\/strong><\/p>\n<p>L&#8217;\u00e9quipe s&#8217;est install\u00e9e les 28 et 29 septembre dans les locaux de l&#8217;h\u00f4pital Rothschild AP-HP afin d&#8217;accueillir et d&#8217;appareiller les personnes d\u00e9munies primo-consultantes puis une seconde \u00e9quipe a investi la Paroisse Saint-Marcel les 30 septembre et 1er octobre pour cette fois assurer le suivi des personnes d\u00e9j\u00e0 appareill\u00e9es\u2026<b><br \/>\n<\/b><b><\/b><b><\/b><\/p>\n<p>&nbsp;<\/p>\n<p>Quatre journ\u00e9es de bienveillance pass\u00e9es aupr\u00e8s de nos b\u00e9n\u00e9ficiaires.<\/p>\n<p>&nbsp;<\/p>\n<p><strong>Les chiffres :<\/strong><\/p>\n<table style=\"border-collapse: collapse; width: 100%;\" border=\"1\">\n<tbody>\n<tr>\n<td style=\"width: 100%;\">Au total sur les 4 jours<\/td>\n<\/tr>\n<tr>\n<td style=\"width: 100%;\">84 personnes accueillies<\/td>\n<\/tr>\n<tr>\n<td style=\"width: 100%;\">32 personnes appareill\u00e9es<\/td>\n<\/tr>\n<tr>\n<td style=\"width: 100%;\">54 appareils adapt\u00e9s<b><br \/>\n<\/b><\/td>\n<\/tr>\n<\/tbody>\n<\/table>\n<p>&nbsp;<\/p>\n<p><b>Le d\u00e9tail :<br \/>\n<\/b><\/p>\n<table style=\"border-collapse: collapse; width: 100%;\" border=\"1\">\n<tbody>\n<tr>\n<td style=\"width: 50%; text-align: left;\">H\u00f4pital Rothschild les 28 &amp; 29 septembre<\/td>\n<td style=\"width: 50%; text-align: left;\">Paroisse Saint-Marcel les 30 septembre &amp; 1er octobre<\/td>\n<\/tr>\n<tr>\n<td style=\"width: 50%; text-align: left;\">36 personnes accueillies<\/td>\n<td style=\"width: 50%; text-align: left;\">48 personnes accueillies<\/td>\n<\/tr>\n<tr>\n<td style=\"width: 50%; text-align: left;\">20 personnes appareill\u00e9es<\/td>\n<td style=\"width: 50%; text-align: left;\">12 personnes appareill\u00e9es<\/td>\n<\/tr>\n<tr>\n<td style=\"width: 50%; text-align: left;\">33 appareils adapt\u00e9s<\/td>\n<td style=\"width: 50%; text-align: left;\">21 appareils adapt\u00e9s<\/td>\n<\/tr>\n<\/tbody>\n<\/table>\n<p>&nbsp;<\/p>\n<p><strong>Merci<\/strong> aux deux \u00e9quipes qui se sont succ\u00e9d\u00e9 sur ces 2 missions :<b><br \/>\n<\/b><b><br \/>\n<\/b><\/p>\n<ul>\n<li dir=\"auto\">Les audioproth\u00e9sistes : Kiki Bourger, Christine Cornet, David Melliand, Isabelle Laroche, Ludovic Delacour, Camille Ecoiffier, Alexandre Thirion, Bastien Blondel et Anne-Sophie Buri.<\/li>\n<li dir=\"auto\">L\u2019ortho : Claire Barilly<\/li>\n<li dir=\"auto\">La fabrication des embouts : Alain Lesouef et Jean-Pierre Fogel<\/li>\n<li dir=\"auto\">L\u2019ORL : Sandra Dannappel et Antoine Paul<\/li>\n<li dir=\"auto\">Le secr\u00e9tariat : G\u00e9raldine Defour, Pauline Bouvy<\/li>\n<li dir=\"auto\">La logistique : Carole, Adrien, Odile et Aline<\/li>\n<li dir=\"auto\">Pour les gestes barri\u00e8res : Estelle Verdureau et Val\u00e9rie Reynoird <b><br \/>\n<\/b><b><br \/>\n<\/b><\/li>\n<\/ul>\n<p><strong>Merci<\/strong> \u00e0 l&#8217;H\u00f4pital Rothschild AP-HP et \u00e0 la Paroisse Saint-Marcel pour leur accueil.<b><br \/>\n<\/b><b><br \/>\n<\/b><b><b> <\/b> <\/b><\/p>\n<p>Un grand <strong>Merci<\/strong> \u00e0 la Fondation Zephyr, \u00e0 La Fondation Sarepta, \u00e0 la Fondation Tolot, \u00e0 la Fondation UP, \u00e0 la Fondation NEHS, \u00e0 la Fondation Cr\u00e9dit Agricole, \u00e0 la Fondation Veolia, \u00e0 la Fondation Caritas, \u00e0 la Fondation Petits Fr\u00e8res des Pauvres et \u00e0 la Fondation Swiss Life pour leur soutien si pr\u00e9cieux.<b><b><br \/>\n<\/b><b><br \/>\n<\/b><\/b>Prochaines missions \u00e0 Paris :<\/p>\n<ul>\n<li>les 5 et 6 avril 2022 \u00e0 l\u2019H\u00f4pital Rothschild en partenariat avec l\u2019AP-HP (Assistante publique \u2013 H\u00f4pitaux de Paris) pour les primo-consultants<b> <\/b><br \/>\n<b><\/b><\/li>\n<li>les 7 et 8 avril 2022 au sein de la paroisse Saint-Marcel pour les suivis<\/li>\n<\/ul>\n<p>&nbsp;<\/p>\n<ul>\n<li>les 27 et 28 septembre 2022 \u00e0 l\u2019H\u00f4pital Rothschild en partenariat avec l\u2019AP-HP (Assistante publique \u2013 H\u00f4pitaux de Paris) pour les primo-consultants<b> <\/b><br \/>\n<b><\/b><\/li>\n<li>les 29 et 30 septembre 2022 au sein de la paroisse Saint-Marcel pour les suivis<b><br \/>\n<\/b><b><br \/>\n<\/b><\/li>\n<\/ul>\n<p style=\"text-align: center;\"><strong>Interview <b><b>\u00c9quipe Paroisse Saint-Marcel<\/b><b><br \/>\n<\/b><\/b><\/strong><\/p>\n<table style=\"width: 700px;\">\n<tbody>\n<tr>\n<td style=\"text-align: center; width: 236px;\">Alexandre Thirion<b><br \/>\n<\/b>Audioproth\u00e9siste<br \/>\n<iframe loading=\"lazy\" title=\"YouTube video player\" src=\"https:\/\/www.youtube-nocookie.com\/embed\/gGvvipg7gIc\" width=\"250\" height=\"180\" frameborder=\"0\" allowfullscreen=\"allowfullscreen\"><\/iframe><\/td>\n<td style=\"text-align: center; width: 236px;\">\n<p class=\"title style-scope ytd-video-primary-info-renderer\">Antoine Paul<b><br \/>\n<\/b>O.R.L<b><br \/>\n<iframe loading=\"lazy\" title=\"YouTube video player\" src=\"https:\/\/www.youtube-nocookie.com\/embed\/dWfVXlZ3wTg\" width=\"250\" height=\"180\" frameborder=\"0\" allowfullscreen=\"allowfullscreen\"><span style=\"display: inline-block; width: 0px; overflow: hidden; line-height: 0;\" data-mce-type=\"bookmark\" class=\"mce_SELRES_start\">\ufeff<\/span><\/iframe><\/b><\/p>\n<\/td>\n<td style=\"text-align: center; width: 228px;\">\n<p class=\"title style-scope ytd-video-primary-info-renderer\">Anne-Sophie Buri<br \/>\nAudioproth\u00e9siste<br \/>\n<iframe loading=\"lazy\" title=\"YouTube video player\" src=\"https:\/\/www.youtube-nocookie.com\/embed\/X4TXnwkdD-Y\" width=\"250\" height=\"180\" frameborder=\"0\" allowfullscreen=\"allowfullscreen\"><span style=\"display: inline-block; width: 0px; overflow: hidden; line-height: 0;\" data-mce-type=\"bookmark\" class=\"mce_SELRES_start\">\ufeff<\/span><\/iframe><br \/>\n<b><b><br \/>\n<\/b><\/b><\/p>\n<p>&nbsp;<\/td>\n<\/tr>\n<tr>\n<td style=\"text-align: center; width: 236px;\">\n<p class=\"title style-scope ytd-video-primary-info-renderer\">Bastien Blondel<b><br \/>\n<\/b>Audioproth\u00e9siste<b><br \/>\n<iframe loading=\"lazy\" title=\"YouTube video player\" src=\"https:\/\/www.youtube-nocookie.com\/embed\/aZebanRk5l4\" width=\"250\" height=\"180\" frameborder=\"0\" allowfullscreen=\"allowfullscreen\"><span style=\"display: inline-block; width: 0px; overflow: hidden; line-height: 0;\" data-mce-type=\"bookmark\" class=\"mce_SELRES_start\">\ufeff<\/span><\/iframe><br \/>\n<\/b><\/p>\n<\/td>\n<td style=\"text-align: center; width: 236px;\">\n<p class=\"title style-scope ytd-video-primary-info-renderer\">Camille Ecoiffier<b><br \/>\n<\/b>Audioproth\u00e9siste<br \/>\n<iframe loading=\"lazy\" title=\"YouTube video player\" src=\"https:\/\/www.youtube-nocookie.com\/embed\/zigIi6PuN0M\" width=\"250\" height=\"180\" frameborder=\"0\" allowfullscreen=\"allowfullscreen\"><span style=\"display: inline-block; width: 0px; overflow: hidden; line-height: 0;\" data-mce-type=\"bookmark\" class=\"mce_SELRES_start\">\ufeff<\/span><\/iframe><\/p>\n<\/td>\n<td style=\"text-align: center; width: 228px;\"><\/td>\n<\/tr>\n<\/tbody>\n<\/table>\n<p style=\"text-align: center;\"><b><strong><b><br \/>\n<\/b>Interview &#8211; \u00c9quipe H\u00f4pital Rothschild<\/strong><\/b><b><br \/>\n<\/b><\/p>\n<table style=\"border-collapse: collapse; width: 100%;\" border=\"1\">\n<tbody>\n<tr>\n<td style=\"width: 34.1429%;\">\n<p style=\"text-align: center;\">Ludovic Delacour<b><br \/>\n<\/b>Audioproth\u00e9siste<\/p>\n<p><iframe loading=\"lazy\" title=\"YouTube video player\" src=\"https:\/\/www.youtube-nocookie.com\/embed\/rNGIpPbtUsY\" width=\"250\" height=\"180\" frameborder=\"0\" allowfullscreen=\"allowfullscreen\"><span style=\"display: inline-block; width: 0px; overflow: hidden; line-height: 0;\" data-mce-type=\"bookmark\" class=\"mce_SELRES_start\">\ufeff<\/span><\/iframe><\/td>\n<td style=\"width: 31%;\">\n<p style=\"text-align: center;\">G\u00e9raldine Defour<b><br \/>\n<\/b>Secr\u00e9tariat<\/p>\n<p><iframe loading=\"lazy\" title=\"YouTube video player\" src=\"https:\/\/www.youtube-nocookie.com\/embed\/tNeVyVMouDU\" width=\"250\" height=\"180\" frameborder=\"0\" allowfullscreen=\"allowfullscreen\"><span style=\"display: inline-block; width: 0px; overflow: hidden; line-height: 0;\" data-mce-type=\"bookmark\" class=\"mce_SELRES_start\">\ufeff<\/span><\/iframe><\/td>\n<td style=\"width: 34.8571%; text-align: center;\">David Melliand<b><br \/>\n<\/b>Audioproth\u00e9siste<br \/>\n<iframe loading=\"lazy\" title=\"YouTube video player\" src=\"https:\/\/www.youtube-nocookie.com\/embed\/joK55GWv-Io\" width=\"250\" height=\"180\" frameborder=\"0\" allowfullscreen=\"allowfullscreen\"><span style=\"display: inline-block; width: 0px; overflow: hidden; line-height: 0;\" data-mce-type=\"bookmark\" class=\"mce_SELRES_start\">\ufeff<\/span><\/iframe><\/td>\n<\/tr>\n<tr>\n<td style=\"width: 34.1429%; text-align: center;\">Christine Cornet<b><br \/>\n<\/b>Audioproth\u00e9siste<br \/>\n<iframe loading=\"lazy\" title=\"YouTube video player\" src=\"https:\/\/www.youtube-nocookie.com\/embed\/fvH4MmIHUU4\" width=\"250\" height=\"180\" frameborder=\"0\" allowfullscreen=\"allowfullscreen\"><span style=\"display: inline-block; width: 0px; overflow: hidden; line-height: 0;\" data-mce-type=\"bookmark\" class=\"mce_SELRES_start\">\ufeff<\/span><\/iframe><\/td>\n<td style=\"width: 31%;\"><\/td>\n<td style=\"width: 34.8571%;\"><\/td>\n<\/tr>\n<\/tbody>\n<\/table>\n<p>&nbsp;<\/p>\n<p style=\"text-align: left;\"><strong><br \/>\n<\/strong><b><b><\/b><\/b><b><b> <\/b><\/b><br \/>\n<b><b><\/b><\/b><b> <\/b><b><\/b> <img loading=\"lazy\" decoding=\"async\" class=\"aligncenter wp-image-8387\" src=\"\/\/www.auditionsolidarite.org\/wp-content\/uploads\/2021\/10\/Rothschild_septembre_21-63.jpg\" alt=\"\" width=\"500\" height=\"375\" srcset=\"https:\/\/www.auditionsolidarite.org\/wp-content\/uploads\/2021\/10\/Rothschild_septembre_21-63.jpg 1601w, https:\/\/www.auditionsolidarite.org\/wp-content\/uploads\/2021\/10\/Rothschild_septembre_21-63-300x225.jpg 300w, https:\/\/www.auditionsolidarite.org\/wp-content\/uploads\/2021\/10\/Rothschild_septembre_21-63-1024x768.jpg 1024w, https:\/\/www.auditionsolidarite.org\/wp-content\/uploads\/2021\/10\/Rothschild_septembre_21-63-768x576.jpg 768w, https:\/\/www.auditionsolidarite.org\/wp-content\/uploads\/2021\/10\/Rothschild_septembre_21-63-1536x1151.jpg 1536w\" sizes=\"(max-width: 500px) 100vw, 500px\" \/><img loading=\"lazy\" decoding=\"async\" class=\"aligncenter wp-image-8384\" src=\"\/\/www.auditionsolidarite.org\/wp-content\/uploads\/2021\/10\/Paroisse_St-Marcel-52.jpg\" alt=\"\" width=\"500\" height=\"375\" srcset=\"https:\/\/www.auditionsolidarite.org\/wp-content\/uploads\/2021\/10\/Paroisse_St-Marcel-52.jpg 1601w, https:\/\/www.auditionsolidarite.org\/wp-content\/uploads\/2021\/10\/Paroisse_St-Marcel-52-300x225.jpg 300w, https:\/\/www.auditionsolidarite.org\/wp-content\/uploads\/2021\/10\/Paroisse_St-Marcel-52-1024x768.jpg 1024w, https:\/\/www.auditionsolidarite.org\/wp-content\/uploads\/2021\/10\/Paroisse_St-Marcel-52-768x576.jpg 768w, https:\/\/www.auditionsolidarite.org\/wp-content\/uploads\/2021\/10\/Paroisse_St-Marcel-52-1536x1151.jpg 1536w\" sizes=\"(max-width: 500px) 100vw, 500px\" \/><img loading=\"lazy\" decoding=\"async\" class=\"aligncenter wp-image-8385\" src=\"\/\/www.auditionsolidarite.org\/wp-content\/uploads\/2021\/10\/Rothschild_septembre_21-13.jpg\" alt=\"\" width=\"500\" height=\"375\" srcset=\"https:\/\/www.auditionsolidarite.org\/wp-content\/uploads\/2021\/10\/Rothschild_septembre_21-13.jpg 1601w, https:\/\/www.auditionsolidarite.org\/wp-content\/uploads\/2021\/10\/Rothschild_septembre_21-13-300x225.jpg 300w, https:\/\/www.auditionsolidarite.org\/wp-content\/uploads\/2021\/10\/Rothschild_septembre_21-13-1024x768.jpg 1024w, https:\/\/www.auditionsolidarite.org\/wp-content\/uploads\/2021\/10\/Rothschild_septembre_21-13-768x576.jpg 768w, https:\/\/www.auditionsolidarite.org\/wp-content\/uploads\/2021\/10\/Rothschild_septembre_21-13-1536x1151.jpg 1536w\" sizes=\"(max-width: 500px) 100vw, 500px\" \/> <img loading=\"lazy\" decoding=\"async\" class=\"aligncenter wp-image-8386\" src=\"\/\/www.auditionsolidarite.org\/wp-content\/uploads\/2021\/10\/Rothschild_septembre_21-52.jpg\" alt=\"\" width=\"500\" height=\"375\" srcset=\"https:\/\/www.auditionsolidarite.org\/wp-content\/uploads\/2021\/10\/Rothschild_septembre_21-52.jpg 1601w, https:\/\/www.auditionsolidarite.org\/wp-content\/uploads\/2021\/10\/Rothschild_septembre_21-52-300x225.jpg 300w, https:\/\/www.auditionsolidarite.org\/wp-content\/uploads\/2021\/10\/Rothschild_septembre_21-52-1024x768.jpg 1024w, https:\/\/www.auditionsolidarite.org\/wp-content\/uploads\/2021\/10\/Rothschild_septembre_21-52-768x576.jpg 768w, https:\/\/www.auditionsolidarite.org\/wp-content\/uploads\/2021\/10\/Rothschild_septembre_21-52-1536x1151.jpg 1536w\" sizes=\"(max-width: 500px) 100vw, 500px\" \/><\/p>","protected":false},"excerpt":{"rendered":"<p>Sorry, this entry is only available in French.Trois mois seulement apr\u00e8s notre dernier passage \u00e0 Paris, AuditionSolidarit\u00e9 \u00e9tait de retour fin septembre pour une nouvelle mission &#8216;Audition Solidaire&#8217; dans la capitale. L&#8217;\u00e9quipe s&#8217;est install\u00e9e les 28 et 29 septembre dans les locaux de l&#8217;h\u00f4pital Rothschild AP-HP afin d&#8217;accueillir et d&#8217;appareiller les personnes d\u00e9munies primo-consultantes puis une seconde \u00e9quipe a investi<\/p>\n","protected":false},"author":2,"featured_media":0,"parent":0,"menu_order":0,"comment_status":"closed","ping_status":"closed","template":"","meta":{"footnotes":""},"acf":[],"yoast_head":"<!-- This site is optimized with the Yoast SEO plugin v21.9.1 - https:\/\/yoast.com\/wordpress\/plugins\/seo\/ -->\n<title>(Fran\u00e7ais) H\u00f4pital Rothschild &amp; Paroisse Saint-Marcel, Paris \u2013 septembre 2021 - AuditionSolidarit\u00e9<\/title>\n<meta name=\"robots\" content=\"index, follow, max-snippet:-1, max-image-preview:large, max-video-preview:-1\" \/>\n<link rel=\"canonical\" href=\"https:\/\/www.auditionsolidarite.org\/en\/hopital-rothschild-paroisse-saint-marcel-paris-septembre-2021\/\" \/>\n<meta property=\"og:locale\" content=\"en_US\" \/>\n<meta property=\"og:type\" content=\"article\" \/>\n<meta property=\"og:title\" content=\"(Fran\u00e7ais) H\u00f4pital Rothschild &amp; Paroisse Saint-Marcel, Paris \u2013 septembre 2021 - AuditionSolidarit\u00e9\" \/>\n<meta property=\"og:description\" content=\"Sorry, this entry is only available in French.Trois mois seulement apr\u00e8s notre dernier passage \u00e0 Paris, AuditionSolidarit\u00e9 \u00e9tait de retour fin septembre pour une nouvelle mission &#8216;Audition Solidaire&#8217; dans la capitale. L&#8217;\u00e9quipe s&#8217;est install\u00e9e les 28 et 29 septembre dans les locaux de l&#8217;h\u00f4pital Rothschild AP-HP afin d&#8217;accueillir et d&#8217;appareiller les personnes d\u00e9munies primo-consultantes puis une seconde \u00e9quipe a investi\" \/>\n<meta property=\"og:url\" content=\"https:\/\/www.auditionsolidarite.org\/en\/hopital-rothschild-paroisse-saint-marcel-paris-septembre-2021\/\" \/>\n<meta property=\"og:site_name\" content=\"AuditionSolidarit\u00e9\" \/>\n<meta property=\"og:image\" content=\"https:\/\/www.auditionsolidarite.org\/wp-content\/uploads\/2015\/07\/logo-audition-solidarite-e1446132259721.png\" \/>\n\t<meta property=\"og:image:width\" content=\"600\" \/>\n\t<meta property=\"og:image:height\" content=\"593\" \/>\n\t<meta property=\"og:image:type\" content=\"image\/png\" \/>\n<meta name=\"twitter:card\" content=\"summary_large_image\" \/>\n<meta name=\"twitter:label1\" content=\"Est. reading time\" \/>\n\t<meta name=\"twitter:data1\" content=\"3 minutes\" \/>\n<script type=\"application\/ld+json\" class=\"yoast-schema-graph\">{\"@context\":\"https:\/\/schema.org\",\"@graph\":[{\"@type\":\"WebPage\",\"@id\":\"https:\/\/www.auditionsolidarite.org\/en\/hopital-rothschild-paroisse-saint-marcel-paris-septembre-2021\/\",\"url\":\"https:\/\/www.auditionsolidarite.org\/en\/hopital-rothschild-paroisse-saint-marcel-paris-septembre-2021\/\",\"name\":\"(Fran\u00e7ais) H\u00f4pital Rothschild & Paroisse Saint-Marcel, Paris \u2013 septembre 2021 - AuditionSolidarit\u00e9\",\"isPartOf\":{\"@id\":\"https:\/\/www.auditionsolidarite.org\/en\/#website\"},\"datePublished\":\"2022-04-27T09:43:40+00:00\",\"dateModified\":\"2022-04-27T09:43:40+00:00\",\"breadcrumb\":{\"@id\":\"https:\/\/www.auditionsolidarite.org\/en\/hopital-rothschild-paroisse-saint-marcel-paris-septembre-2021\/#breadcrumb\"},\"inLanguage\":\"en-US\",\"potentialAction\":[{\"@type\":\"ReadAction\",\"target\":[[\"https:\/\/www.auditionsolidarite.org\/en\/hopital-rothschild-paroisse-saint-marcel-paris-septembre-2021\/\"]]}]},{\"@type\":\"BreadcrumbList\",\"@id\":\"https:\/\/www.auditionsolidarite.org\/en\/hopital-rothschild-paroisse-saint-marcel-paris-septembre-2021\/#breadcrumb\",\"itemListElement\":[{\"@type\":\"ListItem\",\"position\":1,\"name\":\"Accueil\",\"item\":\"https:\/\/www.auditionsolidarite.org\/en\/\"},{\"@type\":\"ListItem\",\"position\":2,\"name\":\"H\u00f4pital Rothschild &#038; Paroisse Saint-Marcel, Paris \u2013 septembre 2021\"}]},{\"@type\":\"WebSite\",\"@id\":\"https:\/\/www.auditionsolidarite.org\/en\/#website\",\"url\":\"https:\/\/www.auditionsolidarite.org\/en\/\",\"name\":\"AuditionSolidarit\u00e9\",\"description\":\"Le hasard n&#039;existe pas ! Si vous \u00eates l\u00e0 aujourd&#039;hui, c&#039;est que le monde de l&#039;audition vous touche... Alors merci d&#039;\u00eatre l\u00e0 !\",\"publisher\":{\"@id\":\"https:\/\/www.auditionsolidarite.org\/en\/#organization\"},\"potentialAction\":[{\"@type\":\"SearchAction\",\"target\":{\"@type\":\"EntryPoint\",\"urlTemplate\":\"https:\/\/www.auditionsolidarite.org\/en\/?s={search_term_string}\"},\"query-input\":\"required name=search_term_string\"}],\"inLanguage\":\"en-US\"},{\"@type\":\"Organization\",\"@id\":\"https:\/\/www.auditionsolidarite.org\/en\/#organization\",\"name\":\"AuditionSolidarit\u00e9\",\"url\":\"https:\/\/www.auditionsolidarite.org\/en\/\",\"logo\":{\"@type\":\"ImageObject\",\"inLanguage\":\"en-US\",\"@id\":\"https:\/\/www.auditionsolidarite.org\/en\/#\/schema\/logo\/image\/\",\"url\":\"https:\/\/www.auditionsolidarite.org\/wp-content\/uploads\/2015\/07\/logo-audition-solidarite-e1446132259721.png\",\"contentUrl\":\"https:\/\/www.auditionsolidarite.org\/wp-content\/uploads\/2015\/07\/logo-audition-solidarite-e1446132259721.png\",\"width\":600,\"height\":593,\"caption\":\"AuditionSolidarit\u00e9\"},\"image\":{\"@id\":\"https:\/\/www.auditionsolidarite.org\/en\/#\/schema\/logo\/image\/\"}}]}<\/script>\n<!-- \/ Yoast SEO plugin. -->","yoast_head_json":{"title":"(Fran\u00e7ais) H\u00f4pital Rothschild & Paroisse Saint-Marcel, Paris \u2013 septembre 2021 - AuditionSolidarit\u00e9","robots":{"index":"index","follow":"follow","max-snippet":"max-snippet:-1","max-image-preview":"max-image-preview:large","max-video-preview":"max-video-preview:-1"},"canonical":"https:\/\/www.auditionsolidarite.org\/en\/hopital-rothschild-paroisse-saint-marcel-paris-septembre-2021\/","og_locale":"en_US","og_type":"article","og_title":"(Fran\u00e7ais) H\u00f4pital Rothschild & Paroisse Saint-Marcel, Paris \u2013 septembre 2021 - AuditionSolidarit\u00e9","og_description":"Sorry, this entry is only available in French.Trois mois seulement apr\u00e8s notre dernier passage \u00e0 Paris, AuditionSolidarit\u00e9 \u00e9tait de retour fin septembre pour une nouvelle mission &#8216;Audition Solidaire&#8217; dans la capitale. L&#8217;\u00e9quipe s&#8217;est install\u00e9e les 28 et 29 septembre dans les locaux de l&#8217;h\u00f4pital Rothschild AP-HP afin d&#8217;accueillir et d&#8217;appareiller les personnes d\u00e9munies primo-consultantes puis une seconde \u00e9quipe a investi","og_url":"https:\/\/www.auditionsolidarite.org\/en\/hopital-rothschild-paroisse-saint-marcel-paris-septembre-2021\/","og_site_name":"AuditionSolidarit\u00e9","og_image":[{"width":600,"height":593,"url":"https:\/\/www.auditionsolidarite.org\/wp-content\/uploads\/2015\/07\/logo-audition-solidarite-e1446132259721.png","type":"image\/png"}],"twitter_card":"summary_large_image","twitter_misc":{"Est. reading time":"3 minutes"},"schema":{"@context":"https:\/\/schema.org","@graph":[{"@type":"WebPage","@id":"https:\/\/www.auditionsolidarite.org\/en\/hopital-rothschild-paroisse-saint-marcel-paris-septembre-2021\/","url":"https:\/\/www.auditionsolidarite.org\/en\/hopital-rothschild-paroisse-saint-marcel-paris-septembre-2021\/","name":"(Fran\u00e7ais) H\u00f4pital Rothschild & Paroisse Saint-Marcel, Paris \u2013 septembre 2021 - AuditionSolidarit\u00e9","isPartOf":{"@id":"https:\/\/www.auditionsolidarite.org\/en\/#website"},"datePublished":"2022-04-27T09:43:40+00:00","dateModified":"2022-04-27T09:43:40+00:00","breadcrumb":{"@id":"https:\/\/www.auditionsolidarite.org\/en\/hopital-rothschild-paroisse-saint-marcel-paris-septembre-2021\/#breadcrumb"},"inLanguage":"en-US","potentialAction":[{"@type":"ReadAction","target":[["https:\/\/www.auditionsolidarite.org\/en\/hopital-rothschild-paroisse-saint-marcel-paris-septembre-2021\/"]]}]},{"@type":"BreadcrumbList","@id":"https:\/\/www.auditionsolidarite.org\/en\/hopital-rothschild-paroisse-saint-marcel-paris-septembre-2021\/#breadcrumb","itemListElement":[{"@type":"ListItem","position":1,"name":"Accueil","item":"https:\/\/www.auditionsolidarite.org\/en\/"},{"@type":"ListItem","position":2,"name":"H\u00f4pital Rothschild &#038; Paroisse Saint-Marcel, Paris \u2013 septembre 2021"}]},{"@type":"WebSite","@id":"https:\/\/www.auditionsolidarite.org\/en\/#website","url":"https:\/\/www.auditionsolidarite.org\/en\/","name":"AuditionSolidarit\u00e9","description":"Le hasard n&#039;existe pas ! Si vous \u00eates l\u00e0 aujourd&#039;hui, c&#039;est que le monde de l&#039;audition vous touche... Alors merci d&#039;\u00eatre l\u00e0 !","publisher":{"@id":"https:\/\/www.auditionsolidarite.org\/en\/#organization"},"potentialAction":[{"@type":"SearchAction","target":{"@type":"EntryPoint","urlTemplate":"https:\/\/www.auditionsolidarite.org\/en\/?s={search_term_string}"},"query-input":"required name=search_term_string"}],"inLanguage":"en-US"},{"@type":"Organization","@id":"https:\/\/www.auditionsolidarite.org\/en\/#organization","name":"AuditionSolidarit\u00e9","url":"https:\/\/www.auditionsolidarite.org\/en\/","logo":{"@type":"ImageObject","inLanguage":"en-US","@id":"https:\/\/www.auditionsolidarite.org\/en\/#\/schema\/logo\/image\/","url":"https:\/\/www.auditionsolidarite.org\/wp-content\/uploads\/2015\/07\/logo-audition-solidarite-e1446132259721.png","contentUrl":"https:\/\/www.auditionsolidarite.org\/wp-content\/uploads\/2015\/07\/logo-audition-solidarite-e1446132259721.png","width":600,"height":593,"caption":"AuditionSolidarit\u00e9"},"image":{"@id":"https:\/\/www.auditionsolidarite.org\/en\/#\/schema\/logo\/image\/"}}]}},"_links":{"self":[{"href":"https:\/\/www.auditionsolidarite.org\/en\/wp-json\/wp\/v2\/pages\/8702"}],"collection":[{"href":"https:\/\/www.auditionsolidarite.org\/en\/wp-json\/wp\/v2\/pages"}],"about":[{"href":"https:\/\/www.auditionsolidarite.org\/en\/wp-json\/wp\/v2\/types\/page"}],"author":[{"embeddable":true,"href":"https:\/\/www.auditionsolidarite.org\/en\/wp-json\/wp\/v2\/users\/2"}],"replies":[{"embeddable":true,"href":"https:\/\/www.auditionsolidarite.org\/en\/wp-json\/wp\/v2\/comments?post=8702"}],"version-history":[{"count":1,"href":"https:\/\/www.auditionsolidarite.org\/en\/wp-json\/wp\/v2\/pages\/8702\/revisions"}],"predecessor-version":[{"id":8703,"href":"https:\/\/www.auditionsolidarite.org\/en\/wp-json\/wp\/v2\/pages\/8702\/revisions\/8703"}],"wp:attachment":[{"href":"https:\/\/www.auditionsolidarite.org\/en\/wp-json\/wp\/v2\/media?parent=8702"}],"curies":[{"name":"wp","href":"https:\/\/api.w.org\/{rel}","templated":true}]}}