{"id":4788,"date":"2016-04-13T13:52:39","date_gmt":"2016-04-13T12:52:39","guid":{"rendered":"http:\/\/www.auditionsolidarite.org\/?page_id=4788"},"modified":"2016-07-08T10:53:19","modified_gmt":"2016-07-08T09:53:19","slug":"mission-humanitaire-a-madagascar-antananarivo-novembre-2015","status":"publish","type":"page","link":"https:\/\/www.auditionsolidarite.org\/en\/mission-humanitaire-a-madagascar-antananarivo-novembre-2015\/","title":{"rendered":"(Fran\u00e7ais) Mission humanitaire \u00e0 Madagascar, Antananarivo \u2013 Novembre 2015"},"content":{"rendered":"<p class=\"qtranxs-available-languages-message qtranxs-available-languages-message-en\">Sorry, this entry is only available in <a href=\"https:\/\/www.auditionsolidarite.org\/fr\/wp-json\/wp\/v2\/pages\/4788\" class=\"qtranxs-available-language-link qtranxs-available-language-link-fr\" title=\"Fran\u00e7ais\">French<\/a>.<\/p><p style=\"text-align: justify;\"><b>La belle histoire entre AuditionSolidarit\u00e9 et Madagascar initi\u00e9e en 2011 \u00e0 Antsirab\u00e9 se poursuit \u00e0 Antananarivo depuis novembre 2014. Une 2<\/b><b><sup>\u00e8me<\/sup><\/b><b> mission dans la capitale malgache s\u2019est d\u00e9roul\u00e9e du 5 au 13 novembre 2015 avec le soutien de la Fondation Air France.<b><br \/>\n<\/b><b><br \/>\n<\/b><\/b><\/p>\n<p style=\"text-align: justify;\">Ce sont avec de larges sourires et une excitation toute particuli\u00e8re que les enfants sourds et malentendants de l\u2019\u00e9cole AKA-MA ont accueilli l\u2019\u00e9quipe fran\u00e7aise, de retour dans cette structure. L\u2019\u00e9quipe constitu\u00e9e de professionnels de l\u2019audition, m\u00e9c\u00e8nes de l\u2019association (audioproth\u00e9sistes, orthophonistes, fabricant d\u2019embouts) s\u2019est associ\u00e9e avec des m\u00e9decins ORL locaux et a v\u00e9rifi\u00e9 l\u2019appareillage des 168 enfants sourds et malentendants que l\u2019association a appareill\u00e9s en 2014. <b><br \/>\n<\/b><b><br \/>\n<\/b>L\u2019\u00e9quipe a \u00e9galement appareill\u00e9 25 nouveaux \u00e9l\u00e8ves. Le travail en orthophonie amorc\u00e9 il y a un an a port\u00e9 ses fruits et s\u2019est poursuivi tout au long de la mission. Les enfants commencent \u00e0 oraliser, c\u2019est extr\u00eamement encourageant et tr\u00e8s \u00e9mouvant. Toujours dans l\u2019objectif de rendre l\u2019\u00e9cole la plus autonome possible, les formations des professeurs \u00e0 l\u2019audiogramme, \u00e0 la fabrication des embouts, aux r\u00e9glages des appareils auditifs et au petit entretien ont \u00e9t\u00e9 intensifi\u00e9es. Retour d\u2019AuditionSolidarit\u00e9 dans cette belle \u00e9cole en novembre 2016.<b><br \/>\n<\/b><b><br \/>\n<\/b><\/p>\n<blockquote>\n<p style=\"text-align: justify;\"><b>\u00ab Nous sommes tr\u00e8s heureux de constater les \u00e9normes progr\u00e8s r\u00e9alis\u00e9s par les enfants depuis un an, certains arrivent \u00e0 oraliser. Il y a encore du travail et des formations \u00e0 approfondir pour rendre la structure autonome mais les professeurs sont impliqu\u00e9s et l\u2019\u00e9cole tr\u00e8s bien structur\u00e9e ce qui permettra de relever ce d\u00e9fis. \u00bb Christine Bourger, pr\u00e9sidente d\u2019AuditionSolidarit\u00e9<b><br \/>\n<\/b><\/b><\/p>\n<\/blockquote>\n<p style=\"text-align: justify;\"><b><br \/>\n<\/b>Merci aux audioproth\u00e9sistes Delphine Coroller, Alain Rosette, Justhe Koffi, Fran\u00e7ois Campaignolle, Anne Ducrocq et Christine Bourger<br \/>\nMerci aux orthophonistes, Clotilde Faure et Mich\u00e8le Dumay<b><br \/>\n<\/b><b>Merci \u00e0 la Fondation AIR FRANCE et l&#8217;association AGIR POUR L&#8217;AUDITION pour leur soutien !<br \/>\n<\/b><br \/>\nMerci \u00e0 tous les enfants et aux enseignants !<b><br \/>\n<\/b><b><br \/>\n<\/b><\/p>\n<h6 style=\"text-align: center;\">Mission Madagascar 2015<b><br \/>\n<\/b><b><br \/>\n<\/b><\/h6>\n<h6 style=\"text-align: center;\"><iframe loading=\"lazy\" src=\"https:\/\/www.youtube.com\/embed\/EN5j3T6GAkI\" width=\"350\" height=\"350\" frameborder=\"0\" allowfullscreen=\"allowfullscreen\"><\/iframe><\/h6>\n<p>&nbsp;<\/p>\n<table>\n<tbody>\n<tr>\n<td>\n<h6 style=\"text-align: center;\">Delphine Coroller &#8211; audioproth\u00e9siste<\/h6>\n<p style=\"text-align: center;\"><iframe loading=\"lazy\" src=\"https:\/\/www.youtube.com\/embed\/OJpwzgI6F0U\" width=\"200\" height=\"200\" frameborder=\"0\" allowfullscreen=\"allowfullscreen\"><\/iframe><\/p>\n<\/td>\n<td style=\"text-align: center;\">\n<h6>Fran\u00e7ois Campaignolle &#8211; audioproth\u00e9siste<\/h6>\n<p><iframe loading=\"lazy\" src=\"https:\/\/www.youtube.com\/embed\/cjRkvzL76Mk\" width=\"200\" height=\"200\" frameborder=\"0\" allowfullscreen=\"allowfullscreen\"><\/iframe><\/td>\n<td style=\"text-align: center;\">\n<h6><b> <\/b>Justhe Koffi -audioproth\u00e9siste<b><br \/>\n<\/b><b><br \/>\n<\/b><iframe loading=\"lazy\" src=\"https:\/\/www.youtube.com\/embed\/40y69PyBl74\" width=\"200\" height=\"200\" frameborder=\"0\" allowfullscreen=\"allowfullscreen\"><\/iframe><\/h6>\n<\/td>\n<\/tr>\n<tr>\n<td style=\"text-align: center;\">\n<h6><b><br \/>\n<\/b>Alain Rosette &#8211; audioproth\u00e9siste<\/h6>\n<p><iframe loading=\"lazy\" src=\"https:\/\/www.youtube.com\/embed\/1L8NxT1Bjh8\" width=\"200\" height=\"200\" frameborder=\"0\" allowfullscreen=\"allowfullscreen\"><\/iframe><\/td>\n<td style=\"text-align: center;\">\n<h6><b><br \/>\n<\/b>Anne Ducrocq &#8211; audioproth\u00e9siste<\/h6>\n<p><iframe loading=\"lazy\" src=\"https:\/\/www.youtube.com\/embed\/5BFJdPcHKq4\" width=\"200\" height=\"200\" frameborder=\"0\" allowfullscreen=\"allowfullscreen\"><\/iframe><\/td>\n<td>\n<h6 style=\"text-align: center;\"><b><br \/>\n<\/b>Mich\u00e8le Dumay &#8211; orthophoniste<iframe loading=\"lazy\" src=\"https:\/\/www.youtube.com\/embed\/vm09Gqt5oLg\" width=\"200\" height=\"200\" frameborder=\"0\" allowfullscreen=\"allowfullscreen\"><\/iframe><\/h6>\n<\/td>\n<\/tr>\n<tr>\n<td>\n<h6><b><br \/>\n<\/b>Clotilde Faure &#8211; orthophoniste<\/h6>\n<p><iframe loading=\"lazy\" src=\"https:\/\/www.youtube.com\/embed\/Ec_4egDBYMo\" width=\"200\" height=\"200\" frameborder=\"0\" allowfullscreen=\"allowfullscreen\"><\/iframe><\/td>\n<td><\/td>\n<td><\/td>\n<\/tr>\n<\/tbody>\n<\/table>","protected":false},"excerpt":{"rendered":"<p>Sorry, this entry is only available in French.La belle histoire entre AuditionSolidarit\u00e9 et Madagascar initi\u00e9e en 2011 \u00e0 Antsirab\u00e9 se poursuit \u00e0 Antananarivo depuis novembre 2014. Une 2\u00e8me mission dans la capitale malgache s\u2019est d\u00e9roul\u00e9e du 5 au 13 novembre 2015 avec le soutien de la Fondation Air France. Ce sont avec de larges sourires et une excitation toute particuli\u00e8re<\/p>\n","protected":false},"author":2,"featured_media":0,"parent":0,"menu_order":0,"comment_status":"closed","ping_status":"closed","template":"","meta":{"footnotes":""},"acf":[],"yoast_head":"<!-- This site is optimized with the Yoast SEO plugin v21.9.1 - https:\/\/yoast.com\/wordpress\/plugins\/seo\/ -->\n<title>(Fran\u00e7ais) Mission humanitaire \u00e0 Madagascar, Antananarivo \u2013 Novembre 2015 - AuditionSolidarit\u00e9<\/title>\n<meta name=\"robots\" content=\"index, follow, max-snippet:-1, max-image-preview:large, max-video-preview:-1\" \/>\n<link rel=\"canonical\" href=\"https:\/\/www.auditionsolidarite.org\/en\/mission-humanitaire-a-madagascar-antananarivo-novembre-2015\/\" \/>\n<meta property=\"og:locale\" content=\"en_US\" \/>\n<meta property=\"og:type\" content=\"article\" \/>\n<meta property=\"og:title\" content=\"(Fran\u00e7ais) Mission humanitaire \u00e0 Madagascar, Antananarivo \u2013 Novembre 2015 - AuditionSolidarit\u00e9\" \/>\n<meta property=\"og:description\" content=\"Sorry, this entry is only available in French.La belle histoire entre AuditionSolidarit\u00e9 et Madagascar initi\u00e9e en 2011 \u00e0 Antsirab\u00e9 se poursuit \u00e0 Antananarivo depuis novembre 2014. Une 2\u00e8me mission dans la capitale malgache s\u2019est d\u00e9roul\u00e9e du 5 au 13 novembre 2015 avec le soutien de la Fondation Air France. Ce sont avec de larges sourires et une excitation toute particuli\u00e8re\" \/>\n<meta property=\"og:url\" content=\"https:\/\/www.auditionsolidarite.org\/en\/mission-humanitaire-a-madagascar-antananarivo-novembre-2015\/\" \/>\n<meta property=\"og:site_name\" content=\"AuditionSolidarit\u00e9\" \/>\n<meta property=\"article:modified_time\" content=\"2016-07-08T09:53:19+00:00\" \/>\n<meta property=\"og:image\" content=\"https:\/\/www.auditionsolidarite.org\/wp-content\/uploads\/2015\/07\/logo-audition-solidarite-e1446132259721.png\" \/>\n\t<meta property=\"og:image:width\" content=\"600\" \/>\n\t<meta property=\"og:image:height\" content=\"593\" \/>\n\t<meta property=\"og:image:type\" content=\"image\/png\" \/>\n<meta name=\"twitter:card\" content=\"summary_large_image\" \/>\n<meta name=\"twitter:label1\" content=\"Est. reading time\" \/>\n\t<meta name=\"twitter:data1\" content=\"2 minutes\" \/>\n<script type=\"application\/ld+json\" class=\"yoast-schema-graph\">{\"@context\":\"https:\/\/schema.org\",\"@graph\":[{\"@type\":\"WebPage\",\"@id\":\"https:\/\/www.auditionsolidarite.org\/en\/mission-humanitaire-a-madagascar-antananarivo-novembre-2015\/\",\"url\":\"https:\/\/www.auditionsolidarite.org\/en\/mission-humanitaire-a-madagascar-antananarivo-novembre-2015\/\",\"name\":\"(Fran\u00e7ais) Mission humanitaire \u00e0 Madagascar, Antananarivo \u2013 Novembre 2015 - AuditionSolidarit\u00e9\",\"isPartOf\":{\"@id\":\"https:\/\/www.auditionsolidarite.org\/en\/#website\"},\"datePublished\":\"2016-04-13T12:52:39+00:00\",\"dateModified\":\"2016-07-08T09:53:19+00:00\",\"breadcrumb\":{\"@id\":\"https:\/\/www.auditionsolidarite.org\/en\/mission-humanitaire-a-madagascar-antananarivo-novembre-2015\/#breadcrumb\"},\"inLanguage\":\"en-US\",\"potentialAction\":[{\"@type\":\"ReadAction\",\"target\":[[\"https:\/\/www.auditionsolidarite.org\/en\/mission-humanitaire-a-madagascar-antananarivo-novembre-2015\/\"]]}]},{\"@type\":\"BreadcrumbList\",\"@id\":\"https:\/\/www.auditionsolidarite.org\/en\/mission-humanitaire-a-madagascar-antananarivo-novembre-2015\/#breadcrumb\",\"itemListElement\":[{\"@type\":\"ListItem\",\"position\":1,\"name\":\"Accueil\",\"item\":\"https:\/\/www.auditionsolidarite.org\/en\/\"},{\"@type\":\"ListItem\",\"position\":2,\"name\":\"Mission humanitaire \u00e0 Madagascar, Antananarivo \u2013 Novembre 2015\"}]},{\"@type\":\"WebSite\",\"@id\":\"https:\/\/www.auditionsolidarite.org\/en\/#website\",\"url\":\"https:\/\/www.auditionsolidarite.org\/en\/\",\"name\":\"AuditionSolidarit\u00e9\",\"description\":\"Le hasard n&#039;existe pas ! Si vous \u00eates l\u00e0 aujourd&#039;hui, c&#039;est que le monde de l&#039;audition vous touche... Alors merci d&#039;\u00eatre l\u00e0 !\",\"publisher\":{\"@id\":\"https:\/\/www.auditionsolidarite.org\/en\/#organization\"},\"potentialAction\":[{\"@type\":\"SearchAction\",\"target\":{\"@type\":\"EntryPoint\",\"urlTemplate\":\"https:\/\/www.auditionsolidarite.org\/en\/?s={search_term_string}\"},\"query-input\":\"required name=search_term_string\"}],\"inLanguage\":\"en-US\"},{\"@type\":\"Organization\",\"@id\":\"https:\/\/www.auditionsolidarite.org\/en\/#organization\",\"name\":\"AuditionSolidarit\u00e9\",\"url\":\"https:\/\/www.auditionsolidarite.org\/en\/\",\"logo\":{\"@type\":\"ImageObject\",\"inLanguage\":\"en-US\",\"@id\":\"https:\/\/www.auditionsolidarite.org\/en\/#\/schema\/logo\/image\/\",\"url\":\"https:\/\/www.auditionsolidarite.org\/wp-content\/uploads\/2015\/07\/logo-audition-solidarite-e1446132259721.png\",\"contentUrl\":\"https:\/\/www.auditionsolidarite.org\/wp-content\/uploads\/2015\/07\/logo-audition-solidarite-e1446132259721.png\",\"width\":600,\"height\":593,\"caption\":\"AuditionSolidarit\u00e9\"},\"image\":{\"@id\":\"https:\/\/www.auditionsolidarite.org\/en\/#\/schema\/logo\/image\/\"}}]}<\/script>\n<!-- \/ Yoast SEO plugin. -->","yoast_head_json":{"title":"(Fran\u00e7ais) Mission humanitaire \u00e0 Madagascar, Antananarivo \u2013 Novembre 2015 - AuditionSolidarit\u00e9","robots":{"index":"index","follow":"follow","max-snippet":"max-snippet:-1","max-image-preview":"max-image-preview:large","max-video-preview":"max-video-preview:-1"},"canonical":"https:\/\/www.auditionsolidarite.org\/en\/mission-humanitaire-a-madagascar-antananarivo-novembre-2015\/","og_locale":"en_US","og_type":"article","og_title":"(Fran\u00e7ais) Mission humanitaire \u00e0 Madagascar, Antananarivo \u2013 Novembre 2015 - AuditionSolidarit\u00e9","og_description":"Sorry, this entry is only available in French.La belle histoire entre AuditionSolidarit\u00e9 et Madagascar initi\u00e9e en 2011 \u00e0 Antsirab\u00e9 se poursuit \u00e0 Antananarivo depuis novembre 2014. Une 2\u00e8me mission dans la capitale malgache s\u2019est d\u00e9roul\u00e9e du 5 au 13 novembre 2015 avec le soutien de la Fondation Air France. Ce sont avec de larges sourires et une excitation toute particuli\u00e8re","og_url":"https:\/\/www.auditionsolidarite.org\/en\/mission-humanitaire-a-madagascar-antananarivo-novembre-2015\/","og_site_name":"AuditionSolidarit\u00e9","article_modified_time":"2016-07-08T09:53:19+00:00","og_image":[{"width":600,"height":593,"url":"https:\/\/www.auditionsolidarite.org\/wp-content\/uploads\/2015\/07\/logo-audition-solidarite-e1446132259721.png","type":"image\/png"}],"twitter_card":"summary_large_image","twitter_misc":{"Est. reading time":"2 minutes"},"schema":{"@context":"https:\/\/schema.org","@graph":[{"@type":"WebPage","@id":"https:\/\/www.auditionsolidarite.org\/en\/mission-humanitaire-a-madagascar-antananarivo-novembre-2015\/","url":"https:\/\/www.auditionsolidarite.org\/en\/mission-humanitaire-a-madagascar-antananarivo-novembre-2015\/","name":"(Fran\u00e7ais) Mission humanitaire \u00e0 Madagascar, Antananarivo \u2013 Novembre 2015 - AuditionSolidarit\u00e9","isPartOf":{"@id":"https:\/\/www.auditionsolidarite.org\/en\/#website"},"datePublished":"2016-04-13T12:52:39+00:00","dateModified":"2016-07-08T09:53:19+00:00","breadcrumb":{"@id":"https:\/\/www.auditionsolidarite.org\/en\/mission-humanitaire-a-madagascar-antananarivo-novembre-2015\/#breadcrumb"},"inLanguage":"en-US","potentialAction":[{"@type":"ReadAction","target":[["https:\/\/www.auditionsolidarite.org\/en\/mission-humanitaire-a-madagascar-antananarivo-novembre-2015\/"]]}]},{"@type":"BreadcrumbList","@id":"https:\/\/www.auditionsolidarite.org\/en\/mission-humanitaire-a-madagascar-antananarivo-novembre-2015\/#breadcrumb","itemListElement":[{"@type":"ListItem","position":1,"name":"Accueil","item":"https:\/\/www.auditionsolidarite.org\/en\/"},{"@type":"ListItem","position":2,"name":"Mission humanitaire \u00e0 Madagascar, Antananarivo \u2013 Novembre 2015"}]},{"@type":"WebSite","@id":"https:\/\/www.auditionsolidarite.org\/en\/#website","url":"https:\/\/www.auditionsolidarite.org\/en\/","name":"AuditionSolidarit\u00e9","description":"Le hasard n&#039;existe pas ! Si vous \u00eates l\u00e0 aujourd&#039;hui, c&#039;est que le monde de l&#039;audition vous touche... Alors merci d&#039;\u00eatre l\u00e0 !","publisher":{"@id":"https:\/\/www.auditionsolidarite.org\/en\/#organization"},"potentialAction":[{"@type":"SearchAction","target":{"@type":"EntryPoint","urlTemplate":"https:\/\/www.auditionsolidarite.org\/en\/?s={search_term_string}"},"query-input":"required name=search_term_string"}],"inLanguage":"en-US"},{"@type":"Organization","@id":"https:\/\/www.auditionsolidarite.org\/en\/#organization","name":"AuditionSolidarit\u00e9","url":"https:\/\/www.auditionsolidarite.org\/en\/","logo":{"@type":"ImageObject","inLanguage":"en-US","@id":"https:\/\/www.auditionsolidarite.org\/en\/#\/schema\/logo\/image\/","url":"https:\/\/www.auditionsolidarite.org\/wp-content\/uploads\/2015\/07\/logo-audition-solidarite-e1446132259721.png","contentUrl":"https:\/\/www.auditionsolidarite.org\/wp-content\/uploads\/2015\/07\/logo-audition-solidarite-e1446132259721.png","width":600,"height":593,"caption":"AuditionSolidarit\u00e9"},"image":{"@id":"https:\/\/www.auditionsolidarite.org\/en\/#\/schema\/logo\/image\/"}}]}},"_links":{"self":[{"href":"https:\/\/www.auditionsolidarite.org\/en\/wp-json\/wp\/v2\/pages\/4788"}],"collection":[{"href":"https:\/\/www.auditionsolidarite.org\/en\/wp-json\/wp\/v2\/pages"}],"about":[{"href":"https:\/\/www.auditionsolidarite.org\/en\/wp-json\/wp\/v2\/types\/page"}],"author":[{"embeddable":true,"href":"https:\/\/www.auditionsolidarite.org\/en\/wp-json\/wp\/v2\/users\/2"}],"replies":[{"embeddable":true,"href":"https:\/\/www.auditionsolidarite.org\/en\/wp-json\/wp\/v2\/comments?post=4788"}],"version-history":[{"count":3,"href":"https:\/\/www.auditionsolidarite.org\/en\/wp-json\/wp\/v2\/pages\/4788\/revisions"}],"predecessor-version":[{"id":4943,"href":"https:\/\/www.auditionsolidarite.org\/en\/wp-json\/wp\/v2\/pages\/4788\/revisions\/4943"}],"wp:attachment":[{"href":"https:\/\/www.auditionsolidarite.org\/en\/wp-json\/wp\/v2\/media?parent=4788"}],"curies":[{"name":"wp","href":"https:\/\/api.w.org\/{rel}","templated":true}]}}