{"id":10890,"date":"2026-03-26T10:15:56","date_gmt":"2026-03-26T09:15:56","guid":{"rendered":"https:\/\/www.auditionsolidarite.org\/?page_id=10890"},"modified":"2026-03-26T10:17:05","modified_gmt":"2026-03-26T09:17:05","slug":"mission-humanitaire-au-maroc-ait-melloul-2024","status":"publish","type":"page","link":"https:\/\/www.auditionsolidarite.org\/en\/mission-humanitaire-au-maroc-ait-melloul-2024\/","title":{"rendered":"(Fran\u00e7ais) Mission Humanitaire au Maroc &#8211; A\u00eft Melloul 2024"},"content":{"rendered":"<p class=\"qtranxs-available-languages-message qtranxs-available-languages-message-en\">Sorry, this entry is only available in <a href=\"https:\/\/www.auditionsolidarite.org\/fr\/wp-json\/wp\/v2\/pages\/10890\" class=\"qtranxs-available-language-link qtranxs-available-language-link-fr\" title=\"Fran\u00e7ais\">French<\/a>.<\/p><strong><b>Un retour tr\u00e8s attendu aupr\u00e8s des enfants sourds et malentendants d\u2019A\u00eft-Melloul<\/b><b>\u00a0<\/b><\/strong><\/p>\n<p>Pour la sixi\u00e8me fois depuis 2012, AuditionSolidarit\u00e9 s\u2019est rendue \u00e0 A\u00eft-Melloul, dans la banlieue nord d\u2019Agadir du 11 au 19 avril 2024 pour poursuivre sa mission aupr\u00e8s des enfants d\u00e9favoris\u00e9s sourds et malentendants du centre Zohour.<\/p>\n<p>&nbsp;<\/p>\n<p><strong>Le r\u00e9cit de la mission :<\/strong><\/p>\n<blockquote><p>Nous \u00e9tions impatients de revenir \u00e0 A\u00eft-Melloul et de retrouver l\u2019\u00e9quipe marocaine et les enfants que nous avons vu grandir depuis 2012\u2026 Nous avons v\u00e9cu des moments tr\u00e8s forts et constat\u00e9 des jolis progr\u00e8s chez des enfants que nous connaissons bien, c\u2019est un sentiment merveilleux.<\/p>\n<p>&nbsp;<\/p>\n<p>&nbsp;<\/p>\n<p>Malgr\u00e9 les difficult\u00e9s li\u00e9es \u00e0 la crise sanitaire et ce long moment en autonomie, le centre a assur\u00e9 l\u2019essentiel pour le suivi des enfants appareill\u00e9s et s&#8217;est structur\u00e9 avec tout un \u00e9tage d\u00e9di\u00e9 \u00e0 l\u2019appareillage et l\u2019orthophonie, bravo \u00e0 eux !<\/p>\n<p>&nbsp;<\/p>\n<p>&nbsp;<\/p>\n<p>Ces 7 jours de mission ont \u00e9t\u00e9 intenses et la collaboration entre notre \u00e9quipe fran\u00e7aise et l\u2019\u00e9quipe marocaine s\u2019est tr\u00e8s bien pass\u00e9e. L\u2019\u00e9quipe marocaine form\u00e9e lors des pr\u00e9c\u00e9dentes missions reste inchang\u00e9e, ce qui a grandement facilit\u00e9 la reprise de leurs formations d\u00e8s le premier jour de mission et constitue un bel atout pour l\u2019autonomie de l\u2019\u00e9cole.<\/p>\n<p>&nbsp;<\/p>\n<p>&nbsp;<\/p>\n<p>Cette semaine de mission a permis d\u2019insuffler une nouvelle dynamique et de poursuivre les formations sur chaque poste. AuditionSolidarit\u00e9 a \u00e9galement apport\u00e9 et laiss\u00e9 sur place du mat\u00e9riel professionnel.<\/p>\n<p>&nbsp;<\/p>\n<p>&nbsp;<\/p>\n<p>La structure est tr\u00e8s belle, ils ont tout pour faire progresser et oraliser les enfants, nous sommes tr\u00e8s optimistes pour la suite.<\/p>\n<p>&nbsp;<\/p>\n<p>&nbsp;<\/p>\n<p>Carole Ercole, codirigeante d&#8217;AuditionSolidarit\u00e9<\/p><\/blockquote>\n<p>&nbsp;<\/p>\n<p><b><b><\/b><b><\/b><b><\/b><\/b><b><b><\/b><\/b><b><\/b><strong><b><\/b>Les chiffres cl\u00e9s\u00a0:<\/strong><\/p>\n<blockquote><p><strong>217 enfants et 6 professeurs vus \/ 378 appareils auditifs adapt\u00e9s \/ 354 embouts fabriqu\u00e9s<b> <\/b><\/strong><\/p><\/blockquote>\n<p style=\"text-align: left;\"><b><b><b>\u00a0<\/b><\/b><\/b><\/p>\n<p style=\"text-align: center;\">Vid\u00e9o de la mission<\/p>\n<p style=\"text-align: center;\"><iframe loading=\"lazy\" title=\"YouTube video player\" src=\"https:\/\/www.youtube-nocookie.com\/embed\/z39IrNcnG_8?si=v4KMOVIAyMNjYs6D\" width=\"560\" height=\"315\" frameborder=\"0\" allowfullscreen=\"allowfullscreen\"><\/iframe><b><\/b><b><b><b><b><b><\/b><\/b><\/b><\/b><\/b><b><b><b><b><b><\/b><b>\u00a0<\/b><\/b><\/b><\/b><\/b><\/p>\n<p>&nbsp;<\/p>\n<p style=\"text-align: left;\"><b><\/b>Un grand MERCI \u00e0 notre formidable \u00e9quipe fran\u00e7aise et \u00e0 l&#8217;\u00e9quipe marocaine pour leur travail.<b><br \/>\n<\/b><b><br \/>\n<\/b><\/p>\n<p><strong>Merci aux audioproth\u00e9sistes Lucile Faivre, Anne-Sophie Buri, Eric Jutier, Camille Le Cat, Thibaut B\u00e9al et Rapha\u00ebl Leboutte<br \/>\n<\/strong><\/p>\n<p><strong>Merci \u00e0 L&#8217;ORL Sylvie Claudin<\/strong><br \/>\n<strong> Merci aux orthophonistes Laetitia Puissant-Schontz et H\u00e9l\u00e8ne Feuillie<\/strong><br \/>\n<strong> Merci au fabricant d&#8217;embouts <\/strong><strong><b>Benoit Hammer<\/b><\/strong><\/p>\n<p><strong>Merci \u00e0 V\u00e9ronique Caput pour le secr\u00e9tariat<\/strong><\/p>\n<p>&nbsp;<\/p>\n<p>Merci \u00e0 la Fondation Z\u00e9phyr, \u00e0 la Fondation Veolia, \u00e0 la Fondation AnBer et \u00e0 Sogea Satom Maroc pour leur pr\u00e9cieux soutien !<\/p>\n<p>&nbsp;<\/p>\n<p style=\"text-align: center;\">Interviews de la mission<br \/>\n<iframe loading=\"lazy\" title=\"YouTube video player\" src=\"https:\/\/www.youtube-nocookie.com\/embed\/wVbRN0nS3eU?si=nH8-JzancdPSt16E\" width=\"560\" height=\"315\" frameborder=\"0\" allowfullscreen=\"allowfullscreen\"><\/iframe><\/p>\n<table style=\"border-collapse: collapse; width: 100%;\" border=\"1\">\n<tbody>\n<tr>\n<td style=\"width: 50%;\"><img loading=\"lazy\" decoding=\"async\" class=\"aligncenter wp-image-9892\" src=\"\/\/www.auditionsolidarite.org\/wp-content\/uploads\/2024\/05\/Agadir_2024-138.jpg\" alt=\"\" width=\"350\" height=\"263\" srcset=\"https:\/\/www.auditionsolidarite.org\/wp-content\/uploads\/2024\/05\/Agadir_2024-138.jpg 700w, https:\/\/www.auditionsolidarite.org\/wp-content\/uploads\/2024\/05\/Agadir_2024-138-300x225.jpg 300w\" sizes=\"(max-width: 350px) 100vw, 350px\" \/><\/td>\n<td style=\"width: 50%;\"><img loading=\"lazy\" decoding=\"async\" class=\"aligncenter wp-image-9900\" src=\"\/\/www.auditionsolidarite.org\/wp-content\/uploads\/2024\/05\/Agadir_2024-184.jpg\" alt=\"\" width=\"350\" height=\"263\" srcset=\"https:\/\/www.auditionsolidarite.org\/wp-content\/uploads\/2024\/05\/Agadir_2024-184.jpg 700w, https:\/\/www.auditionsolidarite.org\/wp-content\/uploads\/2024\/05\/Agadir_2024-184-300x225.jpg 300w\" sizes=\"(max-width: 350px) 100vw, 350px\" \/><\/td>\n<\/tr>\n<\/tbody>\n<\/table>\n<p style=\"text-align: left;\"><b><\/b><b><a href=\"\/\/www.auditionsolidarite.org\/wp-content\/uploads\/2023\/11\/Mada_2023-212.jpg\"><b><br \/>\n<\/b><\/a><\/b><img loading=\"lazy\" decoding=\"async\" class=\"aligncenter wp-image-9891\" src=\"\/\/www.auditionsolidarite.org\/wp-content\/uploads\/2024\/05\/Agadir_2024-53-zoom.jpg\" alt=\"\" width=\"700\" height=\"524\" srcset=\"https:\/\/www.auditionsolidarite.org\/wp-content\/uploads\/2024\/05\/Agadir_2024-53-zoom.jpg 700w, https:\/\/www.auditionsolidarite.org\/wp-content\/uploads\/2024\/05\/Agadir_2024-53-zoom-300x225.jpg 300w\" sizes=\"(max-width: 700px) 100vw, 700px\" \/><\/p>","protected":false},"excerpt":{"rendered":"<p>Sorry, this entry is only available in French.Un retour tr\u00e8s attendu aupr\u00e8s des enfants sourds et malentendants d\u2019A\u00eft-Melloul\u00a0 Pour la sixi\u00e8me fois depuis 2012, AuditionSolidarit\u00e9 s\u2019est rendue \u00e0 A\u00eft-Melloul, dans la banlieue nord d\u2019Agadir du 11 au 19 avril 2024 pour poursuivre sa mission aupr\u00e8s des enfants d\u00e9favoris\u00e9s sourds et malentendants du centre Zohour. &nbsp; Le r\u00e9cit de la mission<\/p>\n","protected":false},"author":2,"featured_media":0,"parent":0,"menu_order":0,"comment_status":"closed","ping_status":"closed","template":"","meta":{"footnotes":""},"acf":[],"yoast_head":"<!-- This site is optimized with the Yoast SEO plugin v21.9.1 - https:\/\/yoast.com\/wordpress\/plugins\/seo\/ -->\n<title>(Fran\u00e7ais) Mission Humanitaire au Maroc - A\u00eft Melloul 2024 - AuditionSolidarit\u00e9<\/title>\n<meta name=\"robots\" content=\"index, follow, max-snippet:-1, max-image-preview:large, max-video-preview:-1\" \/>\n<link rel=\"canonical\" href=\"https:\/\/www.auditionsolidarite.org\/en\/mission-humanitaire-au-maroc-ait-melloul-2024\/\" \/>\n<meta property=\"og:locale\" content=\"en_US\" \/>\n<meta property=\"og:type\" content=\"article\" \/>\n<meta property=\"og:title\" content=\"(Fran\u00e7ais) Mission Humanitaire au Maroc - A\u00eft Melloul 2024 - AuditionSolidarit\u00e9\" \/>\n<meta property=\"og:description\" content=\"Sorry, this entry is only available in French.Un retour tr\u00e8s attendu aupr\u00e8s des enfants sourds et malentendants d\u2019A\u00eft-Melloul\u00a0 Pour la sixi\u00e8me fois depuis 2012, AuditionSolidarit\u00e9 s\u2019est rendue \u00e0 A\u00eft-Melloul, dans la banlieue nord d\u2019Agadir du 11 au 19 avril 2024 pour poursuivre sa mission aupr\u00e8s des enfants d\u00e9favoris\u00e9s sourds et malentendants du centre Zohour. &nbsp; Le r\u00e9cit de la mission\" \/>\n<meta property=\"og:url\" content=\"https:\/\/www.auditionsolidarite.org\/en\/mission-humanitaire-au-maroc-ait-melloul-2024\/\" \/>\n<meta property=\"og:site_name\" content=\"AuditionSolidarit\u00e9\" \/>\n<meta property=\"article:modified_time\" content=\"2026-03-26T09:17:05+00:00\" \/>\n<meta property=\"og:image\" content=\"https:\/\/www.auditionsolidarite.org\/wp-content\/uploads\/2015\/07\/logo-audition-solidarite-e1446132259721.png\" \/>\n\t<meta property=\"og:image:width\" content=\"600\" \/>\n\t<meta property=\"og:image:height\" content=\"593\" \/>\n\t<meta property=\"og:image:type\" content=\"image\/png\" \/>\n<meta name=\"twitter:card\" content=\"summary_large_image\" \/>\n<meta name=\"twitter:label1\" content=\"Est. reading time\" \/>\n\t<meta name=\"twitter:data1\" content=\"2 minutes\" \/>\n<script type=\"application\/ld+json\" class=\"yoast-schema-graph\">{\"@context\":\"https:\/\/schema.org\",\"@graph\":[{\"@type\":\"WebPage\",\"@id\":\"https:\/\/www.auditionsolidarite.org\/en\/mission-humanitaire-au-maroc-ait-melloul-2024\/\",\"url\":\"https:\/\/www.auditionsolidarite.org\/en\/mission-humanitaire-au-maroc-ait-melloul-2024\/\",\"name\":\"(Fran\u00e7ais) Mission Humanitaire au Maroc - A\u00eft Melloul 2024 - AuditionSolidarit\u00e9\",\"isPartOf\":{\"@id\":\"https:\/\/www.auditionsolidarite.org\/en\/#website\"},\"datePublished\":\"2026-03-26T09:15:56+00:00\",\"dateModified\":\"2026-03-26T09:17:05+00:00\",\"breadcrumb\":{\"@id\":\"https:\/\/www.auditionsolidarite.org\/en\/mission-humanitaire-au-maroc-ait-melloul-2024\/#breadcrumb\"},\"inLanguage\":\"en-US\",\"potentialAction\":[{\"@type\":\"ReadAction\",\"target\":[[\"https:\/\/www.auditionsolidarite.org\/en\/mission-humanitaire-au-maroc-ait-melloul-2024\/\"]]}]},{\"@type\":\"BreadcrumbList\",\"@id\":\"https:\/\/www.auditionsolidarite.org\/en\/mission-humanitaire-au-maroc-ait-melloul-2024\/#breadcrumb\",\"itemListElement\":[{\"@type\":\"ListItem\",\"position\":1,\"name\":\"Accueil\",\"item\":\"https:\/\/www.auditionsolidarite.org\/en\/\"},{\"@type\":\"ListItem\",\"position\":2,\"name\":\"Mission Humanitaire au Maroc &#8211; A\u00eft Melloul 2024\"}]},{\"@type\":\"WebSite\",\"@id\":\"https:\/\/www.auditionsolidarite.org\/en\/#website\",\"url\":\"https:\/\/www.auditionsolidarite.org\/en\/\",\"name\":\"AuditionSolidarit\u00e9\",\"description\":\"Le hasard n&#039;existe pas ! Si vous \u00eates l\u00e0 aujourd&#039;hui, c&#039;est que le monde de l&#039;audition vous touche... Alors merci d&#039;\u00eatre l\u00e0 !\",\"publisher\":{\"@id\":\"https:\/\/www.auditionsolidarite.org\/en\/#organization\"},\"potentialAction\":[{\"@type\":\"SearchAction\",\"target\":{\"@type\":\"EntryPoint\",\"urlTemplate\":\"https:\/\/www.auditionsolidarite.org\/en\/?s={search_term_string}\"},\"query-input\":\"required name=search_term_string\"}],\"inLanguage\":\"en-US\"},{\"@type\":\"Organization\",\"@id\":\"https:\/\/www.auditionsolidarite.org\/en\/#organization\",\"name\":\"AuditionSolidarit\u00e9\",\"url\":\"https:\/\/www.auditionsolidarite.org\/en\/\",\"logo\":{\"@type\":\"ImageObject\",\"inLanguage\":\"en-US\",\"@id\":\"https:\/\/www.auditionsolidarite.org\/en\/#\/schema\/logo\/image\/\",\"url\":\"https:\/\/www.auditionsolidarite.org\/wp-content\/uploads\/2015\/07\/logo-audition-solidarite-e1446132259721.png\",\"contentUrl\":\"https:\/\/www.auditionsolidarite.org\/wp-content\/uploads\/2015\/07\/logo-audition-solidarite-e1446132259721.png\",\"width\":600,\"height\":593,\"caption\":\"AuditionSolidarit\u00e9\"},\"image\":{\"@id\":\"https:\/\/www.auditionsolidarite.org\/en\/#\/schema\/logo\/image\/\"}}]}<\/script>\n<!-- \/ Yoast SEO plugin. -->","yoast_head_json":{"title":"(Fran\u00e7ais) Mission Humanitaire au Maroc - A\u00eft Melloul 2024 - AuditionSolidarit\u00e9","robots":{"index":"index","follow":"follow","max-snippet":"max-snippet:-1","max-image-preview":"max-image-preview:large","max-video-preview":"max-video-preview:-1"},"canonical":"https:\/\/www.auditionsolidarite.org\/en\/mission-humanitaire-au-maroc-ait-melloul-2024\/","og_locale":"en_US","og_type":"article","og_title":"(Fran\u00e7ais) Mission Humanitaire au Maroc - A\u00eft Melloul 2024 - AuditionSolidarit\u00e9","og_description":"Sorry, this entry is only available in French.Un retour tr\u00e8s attendu aupr\u00e8s des enfants sourds et malentendants d\u2019A\u00eft-Melloul\u00a0 Pour la sixi\u00e8me fois depuis 2012, AuditionSolidarit\u00e9 s\u2019est rendue \u00e0 A\u00eft-Melloul, dans la banlieue nord d\u2019Agadir du 11 au 19 avril 2024 pour poursuivre sa mission aupr\u00e8s des enfants d\u00e9favoris\u00e9s sourds et malentendants du centre Zohour. &nbsp; Le r\u00e9cit de la mission","og_url":"https:\/\/www.auditionsolidarite.org\/en\/mission-humanitaire-au-maroc-ait-melloul-2024\/","og_site_name":"AuditionSolidarit\u00e9","article_modified_time":"2026-03-26T09:17:05+00:00","og_image":[{"width":600,"height":593,"url":"https:\/\/www.auditionsolidarite.org\/wp-content\/uploads\/2015\/07\/logo-audition-solidarite-e1446132259721.png","type":"image\/png"}],"twitter_card":"summary_large_image","twitter_misc":{"Est. reading time":"2 minutes"},"schema":{"@context":"https:\/\/schema.org","@graph":[{"@type":"WebPage","@id":"https:\/\/www.auditionsolidarite.org\/en\/mission-humanitaire-au-maroc-ait-melloul-2024\/","url":"https:\/\/www.auditionsolidarite.org\/en\/mission-humanitaire-au-maroc-ait-melloul-2024\/","name":"(Fran\u00e7ais) Mission Humanitaire au Maroc - A\u00eft Melloul 2024 - AuditionSolidarit\u00e9","isPartOf":{"@id":"https:\/\/www.auditionsolidarite.org\/en\/#website"},"datePublished":"2026-03-26T09:15:56+00:00","dateModified":"2026-03-26T09:17:05+00:00","breadcrumb":{"@id":"https:\/\/www.auditionsolidarite.org\/en\/mission-humanitaire-au-maroc-ait-melloul-2024\/#breadcrumb"},"inLanguage":"en-US","potentialAction":[{"@type":"ReadAction","target":[["https:\/\/www.auditionsolidarite.org\/en\/mission-humanitaire-au-maroc-ait-melloul-2024\/"]]}]},{"@type":"BreadcrumbList","@id":"https:\/\/www.auditionsolidarite.org\/en\/mission-humanitaire-au-maroc-ait-melloul-2024\/#breadcrumb","itemListElement":[{"@type":"ListItem","position":1,"name":"Accueil","item":"https:\/\/www.auditionsolidarite.org\/en\/"},{"@type":"ListItem","position":2,"name":"Mission Humanitaire au Maroc &#8211; A\u00eft Melloul 2024"}]},{"@type":"WebSite","@id":"https:\/\/www.auditionsolidarite.org\/en\/#website","url":"https:\/\/www.auditionsolidarite.org\/en\/","name":"AuditionSolidarit\u00e9","description":"Le hasard n&#039;existe pas ! Si vous \u00eates l\u00e0 aujourd&#039;hui, c&#039;est que le monde de l&#039;audition vous touche... Alors merci d&#039;\u00eatre l\u00e0 !","publisher":{"@id":"https:\/\/www.auditionsolidarite.org\/en\/#organization"},"potentialAction":[{"@type":"SearchAction","target":{"@type":"EntryPoint","urlTemplate":"https:\/\/www.auditionsolidarite.org\/en\/?s={search_term_string}"},"query-input":"required name=search_term_string"}],"inLanguage":"en-US"},{"@type":"Organization","@id":"https:\/\/www.auditionsolidarite.org\/en\/#organization","name":"AuditionSolidarit\u00e9","url":"https:\/\/www.auditionsolidarite.org\/en\/","logo":{"@type":"ImageObject","inLanguage":"en-US","@id":"https:\/\/www.auditionsolidarite.org\/en\/#\/schema\/logo\/image\/","url":"https:\/\/www.auditionsolidarite.org\/wp-content\/uploads\/2015\/07\/logo-audition-solidarite-e1446132259721.png","contentUrl":"https:\/\/www.auditionsolidarite.org\/wp-content\/uploads\/2015\/07\/logo-audition-solidarite-e1446132259721.png","width":600,"height":593,"caption":"AuditionSolidarit\u00e9"},"image":{"@id":"https:\/\/www.auditionsolidarite.org\/en\/#\/schema\/logo\/image\/"}}]}},"_links":{"self":[{"href":"https:\/\/www.auditionsolidarite.org\/en\/wp-json\/wp\/v2\/pages\/10890"}],"collection":[{"href":"https:\/\/www.auditionsolidarite.org\/en\/wp-json\/wp\/v2\/pages"}],"about":[{"href":"https:\/\/www.auditionsolidarite.org\/en\/wp-json\/wp\/v2\/types\/page"}],"author":[{"embeddable":true,"href":"https:\/\/www.auditionsolidarite.org\/en\/wp-json\/wp\/v2\/users\/2"}],"replies":[{"embeddable":true,"href":"https:\/\/www.auditionsolidarite.org\/en\/wp-json\/wp\/v2\/comments?post=10890"}],"version-history":[{"count":1,"href":"https:\/\/www.auditionsolidarite.org\/en\/wp-json\/wp\/v2\/pages\/10890\/revisions"}],"predecessor-version":[{"id":10891,"href":"https:\/\/www.auditionsolidarite.org\/en\/wp-json\/wp\/v2\/pages\/10890\/revisions\/10891"}],"wp:attachment":[{"href":"https:\/\/www.auditionsolidarite.org\/en\/wp-json\/wp\/v2\/media?parent=10890"}],"curies":[{"name":"wp","href":"https:\/\/api.w.org\/{rel}","templated":true}]}}