{"id":10744,"date":"2026-01-26T15:42:37","date_gmt":"2026-01-26T14:42:37","guid":{"rendered":"https:\/\/www.auditionsolidarite.org\/wp-content\/uploads\/2026\/01\/logo-fondation-C.Barbier-de-la-Serre-Vect_bd.jpg"},"modified":"2026-01-26T15:42:46","modified_gmt":"2026-01-26T14:42:46","slug":"logo-fondation-c-barbier-de-la-serre-vect_bd","status":"inherit","type":"attachment","link":"https:\/\/www.auditionsolidarite.org\/en\/institutions-et-fondations\/logo-fondation-c-barbier-de-la-serre-vect_bd\/","title":{"rendered":"logo fondation C.Barbier-de-la-Serre Vect_bd"},"author":2,"comment_status":"closed","ping_status":"closed","template":"","meta":[],"acf":[],"yoast_head":"<!-- This site is optimized with the Yoast SEO plugin v21.9.1 - https:\/\/yoast.com\/wordpress\/plugins\/seo\/ -->\n<title>logo fondation C.Barbier-de-la-Serre Vect_bd - AuditionSolidarit\u00e9<\/title>\n<meta name=\"robots\" content=\"index, follow, max-snippet:-1, max-image-preview:large, max-video-preview:-1\" \/>\n<link rel=\"canonical\" href=\"https:\/\/www.auditionsolidarite.org\/wp-content\/uploads\/2026\/01\/logo-fondation-C.Barbier-de-la-Serre-Vect_bd.jpg\" \/>\n<meta property=\"og:locale\" content=\"en_US\" \/>\n<meta property=\"og:type\" content=\"article\" \/>\n<meta property=\"og:title\" content=\"logo fondation C.Barbier-de-la-Serre Vect_bd - AuditionSolidarit\u00e9\" \/>\n<meta property=\"og:url\" content=\"https:\/\/www.auditionsolidarite.org\/wp-content\/uploads\/2026\/01\/logo-fondation-C.Barbier-de-la-Serre-Vect_bd.jpg\" \/>\n<meta property=\"og:site_name\" content=\"AuditionSolidarit\u00e9\" \/>\n<meta property=\"article:modified_time\" content=\"2026-01-26T14:42:46+00:00\" \/>\n<meta property=\"og:image\" content=\"https:\/\/www.auditionsolidarite.org\/wp-content\/uploads\/2026\/01\/logo-fondation-C.Barbier-de-la-Serre-Vect_bd.jpg\" \/>\n\t<meta property=\"og:image:width\" content=\"600\" \/>\n\t<meta property=\"og:image:height\" content=\"589\" \/>\n\t<meta property=\"og:image:type\" content=\"image\/jpeg\" \/>\n<meta name=\"twitter:card\" content=\"summary_large_image\" \/>\n<script type=\"application\/ld+json\" class=\"yoast-schema-graph\">{\"@context\":\"https:\/\/schema.org\",\"@graph\":[{\"@type\":\"WebPage\",\"@id\":\"https:\/\/www.auditionsolidarite.org\/wp-content\/uploads\/2026\/01\/logo-fondation-C.Barbier-de-la-Serre-Vect_bd.jpg\",\"url\":\"https:\/\/www.auditionsolidarite.org\/wp-content\/uploads\/2026\/01\/logo-fondation-C.Barbier-de-la-Serre-Vect_bd.jpg\",\"name\":\"logo fondation C.Barbier-de-la-Serre Vect_bd - AuditionSolidarit\u00e9\",\"isPartOf\":{\"@id\":\"https:\/\/www.auditionsolidarite.org\/en\/#website\"},\"datePublished\":\"2026-01-26T14:42:37+00:00\",\"dateModified\":\"2026-01-26T14:42:46+00:00\",\"breadcrumb\":{\"@id\":\"https:\/\/www.auditionsolidarite.org\/wp-content\/uploads\/2026\/01\/logo-fondation-C.Barbier-de-la-Serre-Vect_bd.jpg#breadcrumb\"},\"inLanguage\":\"en-US\",\"potentialAction\":[{\"@type\":\"ReadAction\",\"target\":[[\"https:\/\/www.auditionsolidarite.org\/wp-content\/uploads\/2026\/01\/logo-fondation-C.Barbier-de-la-Serre-Vect_bd.jpg\"]]}]},{\"@type\":\"BreadcrumbList\",\"@id\":\"https:\/\/www.auditionsolidarite.org\/wp-content\/uploads\/2026\/01\/logo-fondation-C.Barbier-de-la-Serre-Vect_bd.jpg#breadcrumb\",\"itemListElement\":[{\"@type\":\"ListItem\",\"position\":1,\"name\":\"Accueil\",\"item\":\"https:\/\/www.auditionsolidarite.org\/en\/\"},{\"@type\":\"ListItem\",\"position\":2,\"name\":\"Institutions et Fondations\",\"item\":\"https:\/\/www.auditionsolidarite.org\/en\/institutions-et-fondations\/\"},{\"@type\":\"ListItem\",\"position\":3,\"name\":\"logo fondation C.Barbier-de-la-Serre Vect_bd\"}]},{\"@type\":\"WebSite\",\"@id\":\"https:\/\/www.auditionsolidarite.org\/en\/#website\",\"url\":\"https:\/\/www.auditionsolidarite.org\/en\/\",\"name\":\"AuditionSolidarit\u00e9\",\"description\":\"Le hasard n&#039;existe pas ! Si vous \u00eates l\u00e0 aujourd&#039;hui, c&#039;est que le monde de l&#039;audition vous touche... Alors merci d&#039;\u00eatre l\u00e0 !\",\"publisher\":{\"@id\":\"https:\/\/www.auditionsolidarite.org\/en\/#organization\"},\"potentialAction\":[{\"@type\":\"SearchAction\",\"target\":{\"@type\":\"EntryPoint\",\"urlTemplate\":\"https:\/\/www.auditionsolidarite.org\/en\/?s={search_term_string}\"},\"query-input\":\"required name=search_term_string\"}],\"inLanguage\":\"en-US\"},{\"@type\":\"Organization\",\"@id\":\"https:\/\/www.auditionsolidarite.org\/en\/#organization\",\"name\":\"AuditionSolidarit\u00e9\",\"url\":\"https:\/\/www.auditionsolidarite.org\/en\/\",\"logo\":{\"@type\":\"ImageObject\",\"inLanguage\":\"en-US\",\"@id\":\"https:\/\/www.auditionsolidarite.org\/en\/#\/schema\/logo\/image\/\",\"url\":\"https:\/\/www.auditionsolidarite.org\/wp-content\/uploads\/2015\/07\/logo-audition-solidarite-e1446132259721.png\",\"contentUrl\":\"https:\/\/www.auditionsolidarite.org\/wp-content\/uploads\/2015\/07\/logo-audition-solidarite-e1446132259721.png\",\"width\":600,\"height\":593,\"caption\":\"AuditionSolidarit\u00e9\"},\"image\":{\"@id\":\"https:\/\/www.auditionsolidarite.org\/en\/#\/schema\/logo\/image\/\"}}]}<\/script>\n<!-- \/ Yoast SEO plugin. -->","yoast_head_json":{"title":"logo fondation C.Barbier-de-la-Serre Vect_bd - AuditionSolidarit\u00e9","robots":{"index":"index","follow":"follow","max-snippet":"max-snippet:-1","max-image-preview":"max-image-preview:large","max-video-preview":"max-video-preview:-1"},"canonical":"https:\/\/www.auditionsolidarite.org\/wp-content\/uploads\/2026\/01\/logo-fondation-C.Barbier-de-la-Serre-Vect_bd.jpg","og_locale":"en_US","og_type":"article","og_title":"logo fondation C.Barbier-de-la-Serre Vect_bd - AuditionSolidarit\u00e9","og_url":"https:\/\/www.auditionsolidarite.org\/wp-content\/uploads\/2026\/01\/logo-fondation-C.Barbier-de-la-Serre-Vect_bd.jpg","og_site_name":"AuditionSolidarit\u00e9","article_modified_time":"2026-01-26T14:42:46+00:00","og_image":[{"width":600,"height":589,"url":"https:\/\/www.auditionsolidarite.org\/wp-content\/uploads\/2026\/01\/logo-fondation-C.Barbier-de-la-Serre-Vect_bd.jpg","type":"image\/jpeg"}],"twitter_card":"summary_large_image","schema":{"@context":"https:\/\/schema.org","@graph":[{"@type":"WebPage","@id":"https:\/\/www.auditionsolidarite.org\/wp-content\/uploads\/2026\/01\/logo-fondation-C.Barbier-de-la-Serre-Vect_bd.jpg","url":"https:\/\/www.auditionsolidarite.org\/wp-content\/uploads\/2026\/01\/logo-fondation-C.Barbier-de-la-Serre-Vect_bd.jpg","name":"logo fondation C.Barbier-de-la-Serre Vect_bd - AuditionSolidarit\u00e9","isPartOf":{"@id":"https:\/\/www.auditionsolidarite.org\/en\/#website"},"datePublished":"2026-01-26T14:42:37+00:00","dateModified":"2026-01-26T14:42:46+00:00","breadcrumb":{"@id":"https:\/\/www.auditionsolidarite.org\/wp-content\/uploads\/2026\/01\/logo-fondation-C.Barbier-de-la-Serre-Vect_bd.jpg#breadcrumb"},"inLanguage":"en-US","potentialAction":[{"@type":"ReadAction","target":[["https:\/\/www.auditionsolidarite.org\/wp-content\/uploads\/2026\/01\/logo-fondation-C.Barbier-de-la-Serre-Vect_bd.jpg"]]}]},{"@type":"BreadcrumbList","@id":"https:\/\/www.auditionsolidarite.org\/wp-content\/uploads\/2026\/01\/logo-fondation-C.Barbier-de-la-Serre-Vect_bd.jpg#breadcrumb","itemListElement":[{"@type":"ListItem","position":1,"name":"Accueil","item":"https:\/\/www.auditionsolidarite.org\/en\/"},{"@type":"ListItem","position":2,"name":"Institutions et Fondations","item":"https:\/\/www.auditionsolidarite.org\/en\/institutions-et-fondations\/"},{"@type":"ListItem","position":3,"name":"logo fondation C.Barbier-de-la-Serre Vect_bd"}]},{"@type":"WebSite","@id":"https:\/\/www.auditionsolidarite.org\/en\/#website","url":"https:\/\/www.auditionsolidarite.org\/en\/","name":"AuditionSolidarit\u00e9","description":"Le hasard n&#039;existe pas ! Si vous \u00eates l\u00e0 aujourd&#039;hui, c&#039;est que le monde de l&#039;audition vous touche... Alors merci d&#039;\u00eatre l\u00e0 !","publisher":{"@id":"https:\/\/www.auditionsolidarite.org\/en\/#organization"},"potentialAction":[{"@type":"SearchAction","target":{"@type":"EntryPoint","urlTemplate":"https:\/\/www.auditionsolidarite.org\/en\/?s={search_term_string}"},"query-input":"required name=search_term_string"}],"inLanguage":"en-US"},{"@type":"Organization","@id":"https:\/\/www.auditionsolidarite.org\/en\/#organization","name":"AuditionSolidarit\u00e9","url":"https:\/\/www.auditionsolidarite.org\/en\/","logo":{"@type":"ImageObject","inLanguage":"en-US","@id":"https:\/\/www.auditionsolidarite.org\/en\/#\/schema\/logo\/image\/","url":"https:\/\/www.auditionsolidarite.org\/wp-content\/uploads\/2015\/07\/logo-audition-solidarite-e1446132259721.png","contentUrl":"https:\/\/www.auditionsolidarite.org\/wp-content\/uploads\/2015\/07\/logo-audition-solidarite-e1446132259721.png","width":600,"height":593,"caption":"AuditionSolidarit\u00e9"},"image":{"@id":"https:\/\/www.auditionsolidarite.org\/en\/#\/schema\/logo\/image\/"}}]}},"description":{"rendered":"<p class=\"attachment\"><a href='https:\/\/www.auditionsolidarite.org\/wp-content\/uploads\/2026\/01\/logo-fondation-C.Barbier-de-la-Serre-Vect_bd.jpg'><img loading=\"lazy\" decoding=\"async\" width=\"300\" height=\"295\" src=\"https:\/\/www.auditionsolidarite.org\/wp-content\/uploads\/2026\/01\/logo-fondation-C.Barbier-de-la-Serre-Vect_bd-300x295.jpg\" class=\"attachment-medium size-medium\" alt=\"\" srcset=\"https:\/\/www.auditionsolidarite.org\/wp-content\/uploads\/2026\/01\/logo-fondation-C.Barbier-de-la-Serre-Vect_bd-300x295.jpg 300w, https:\/\/www.auditionsolidarite.org\/wp-content\/uploads\/2026\/01\/logo-fondation-C.Barbier-de-la-Serre-Vect_bd-90x90.jpg 90w, https:\/\/www.auditionsolidarite.org\/wp-content\/uploads\/2026\/01\/logo-fondation-C.Barbier-de-la-Serre-Vect_bd-75x75.jpg 75w, https:\/\/www.auditionsolidarite.org\/wp-content\/uploads\/2026\/01\/logo-fondation-C.Barbier-de-la-Serre-Vect_bd.jpg 600w\" sizes=\"(max-width: 300px) 100vw, 300px\" \/><\/a><\/p>\n"},"caption":{"rendered":""},"alt_text":"","media_type":"image","mime_type":"image\/jpeg","media_details":{"width":600,"height":589,"file":"2026\/01\/logo-fondation-C.Barbier-de-la-Serre-Vect_bd.jpg","filesize":73449,"sizes":{"medium":{"file":"logo-fondation-C.Barbier-de-la-Serre-Vect_bd-300x295.jpg","width":300,"height":295,"filesize":22909,"mime_type":"image\/jpeg","source_url":"https:\/\/www.auditionsolidarite.org\/wp-content\/uploads\/2026\/01\/logo-fondation-C.Barbier-de-la-Serre-Vect_bd-300x295.jpg"},"thumbnail":{"file":"logo-fondation-C.Barbier-de-la-Serre-Vect_bd-150x150.jpg","width":150,"height":150,"filesize":16438,"mime_type":"image\/jpeg","source_url":"https:\/\/www.auditionsolidarite.org\/wp-content\/uploads\/2026\/01\/logo-fondation-C.Barbier-de-la-Serre-Vect_bd-150x150.jpg"},"custom_header_image":{"file":"logo-fondation-C.Barbier-de-la-Serre-Vect_bd-600x200.jpg","width":600,"height":200,"filesize":24288,"mime_type":"image\/jpeg","source_url":"https:\/\/www.auditionsolidarite.org\/wp-content\/uploads\/2026\/01\/logo-fondation-C.Barbier-de-la-Serre-Vect_bd-600x200.jpg"},"featured_image":{"file":"logo-fondation-C.Barbier-de-la-Serre-Vect_bd-600x280.jpg","width":600,"height":280,"filesize":29299,"mime_type":"image\/jpeg","source_url":"https:\/\/www.auditionsolidarite.org\/wp-content\/uploads\/2026\/01\/logo-fondation-C.Barbier-de-la-Serre-Vect_bd-600x280.jpg"},"slider_image":{"file":"logo-fondation-C.Barbier-de-la-Serre-Vect_bd-600x290.jpg","width":600,"height":290,"filesize":30215,"mime_type":"image\/jpeg","source_url":"https:\/\/www.auditionsolidarite.org\/wp-content\/uploads\/2026\/01\/logo-fondation-C.Barbier-de-la-Serre-Vect_bd-600x290.jpg"},"category_posts_wide_thumb":{"file":"logo-fondation-C.Barbier-de-la-Serre-Vect_bd-420x140.jpg","width":420,"height":140,"filesize":19323,"mime_type":"image\/jpeg","source_url":"https:\/\/www.auditionsolidarite.org\/wp-content\/uploads\/2026\/01\/logo-fondation-C.Barbier-de-la-Serre-Vect_bd-420x140.jpg"},"category_posts_small_thumb":{"file":"logo-fondation-C.Barbier-de-la-Serre-Vect_bd-90x90.jpg","width":90,"height":90,"filesize":14127,"mime_type":"image\/jpeg","source_url":"https:\/\/www.auditionsolidarite.org\/wp-content\/uploads\/2026\/01\/logo-fondation-C.Barbier-de-la-Serre-Vect_bd-90x90.jpg"},"widget_post_thumb":{"file":"logo-fondation-C.Barbier-de-la-Serre-Vect_bd-75x75.jpg","width":75,"height":75,"filesize":13545,"mime_type":"image\/jpeg","source_url":"https:\/\/www.auditionsolidarite.org\/wp-content\/uploads\/2026\/01\/logo-fondation-C.Barbier-de-la-Serre-Vect_bd-75x75.jpg"},"tzwb-thumbnail":{"file":"logo-fondation-C.Barbier-de-la-Serre-Vect_bd-75x75.jpg","width":75,"height":75,"filesize":13545,"mime_type":"image\/jpeg","source_url":"https:\/\/www.auditionsolidarite.org\/wp-content\/uploads\/2026\/01\/logo-fondation-C.Barbier-de-la-Serre-Vect_bd-75x75.jpg"},"themezee-related-posts":{"file":"logo-fondation-C.Barbier-de-la-Serre-Vect_bd-420x210.jpg","width":420,"height":210,"filesize":22590,"mime_type":"image\/jpeg","source_url":"https:\/\/www.auditionsolidarite.org\/wp-content\/uploads\/2026\/01\/logo-fondation-C.Barbier-de-la-Serre-Vect_bd-420x210.jpg"},"full":{"file":"logo-fondation-C.Barbier-de-la-Serre-Vect_bd.jpg","width":600,"height":589,"mime_type":"image\/jpeg","source_url":"https:\/\/www.auditionsolidarite.org\/wp-content\/uploads\/2026\/01\/logo-fondation-C.Barbier-de-la-Serre-Vect_bd.jpg"}},"image_meta":{"aperture":"0","credit":"","camera":"","caption":"","created_timestamp":"0","copyright":"","focal_length":"0","iso":"0","shutter_speed":"0","title":"","orientation":"1","keywords":[]}},"post":60,"source_url":"https:\/\/www.auditionsolidarite.org\/wp-content\/uploads\/2026\/01\/logo-fondation-C.Barbier-de-la-Serre-Vect_bd.jpg","_links":{"self":[{"href":"https:\/\/www.auditionsolidarite.org\/en\/wp-json\/wp\/v2\/media\/10744"}],"collection":[{"href":"https:\/\/www.auditionsolidarite.org\/en\/wp-json\/wp\/v2\/media"}],"about":[{"href":"https:\/\/www.auditionsolidarite.org\/en\/wp-json\/wp\/v2\/types\/attachment"}],"author":[{"embeddable":true,"href":"https:\/\/www.auditionsolidarite.org\/en\/wp-json\/wp\/v2\/users\/2"}]}}